{"id":498,"date":"2023-10-31T19:59:45","date_gmt":"2023-10-31T22:59:45","guid":{"rendered":"https:\/\/aftadvocacia.adv.br\/wordpressfoto\/?page_id=498"},"modified":"2026-03-24T20:43:09","modified_gmt":"2026-03-24T23:43:09","slug":"sobre","status":"publish","type":"page","link":"https:\/\/aftadvocacia.adv.br\/wordpressfoto\/sobre\/","title":{"rendered":"Sobre"},"content":{"rendered":"\t\t<div data-elementor-type=\"wp-page\" data-elementor-id=\"498\" class=\"elementor elementor-498\" data-elementor-post-type=\"page\">\n\t\t\t\t<div class=\"elementor-element elementor-element-b981dfb e-con-full e-flex e-con e-parent\" data-id=\"b981dfb\" data-element_type=\"container\">\n\t\t<div class=\"elementor-element elementor-element-5be45fd elementor-hidden-tablet elementor-hidden-mobile e-con-full e-flex e-con e-child\" data-id=\"5be45fd\" data-element_type=\"container\" data-settings=\"{&quot;background_background&quot;:&quot;classic&quot;}\">\n\t\t\t\t<\/div>\n\t\t<div class=\"elementor-element elementor-element-1e9e79f e-con-full e-flex e-con e-child\" data-id=\"1e9e79f\" data-element_type=\"container\" data-settings=\"{&quot;background_background&quot;:&quot;classic&quot;}\">\n\t\t\t\t<div class=\"elementor-element elementor-element-cb500c5 elementor-widget-tablet__width-inherit elementor-widget elementor-widget-heading\" data-id=\"cb500c5\" data-element_type=\"widget\" data-widget_type=\"heading.default\">\n\t\t\t\t<div class=\"elementor-widget-container\">\n\t\t\t\t\t<h1 class=\"elementor-heading-title elementor-size-default\">Abreu, Freitas &amp; Terra<\/h1>\t\t\t\t<\/div>\n\t\t\t\t<\/div>\n\t\t\t\t<\/div>\n\t\t\t\t<\/div>\n\t\t<div class=\"elementor-element elementor-element-ccc8f92 e-flex e-con-boxed e-con e-parent\" data-id=\"ccc8f92\" data-element_type=\"container\">\n\t\t\t\t\t<div class=\"e-con-inner\">\n\t\t<div class=\"elementor-element elementor-element-06ba750 e-con-full e-flex e-con e-child\" data-id=\"06ba750\" data-element_type=\"container\" data-settings=\"{&quot;background_background&quot;:&quot;classic&quot;}\">\n\t\t\t\t<div class=\"elementor-element elementor-element-96a7c0b elementor-widget elementor-widget-image\" data-id=\"96a7c0b\" data-element_type=\"widget\" data-widget_type=\"image.default\">\n\t\t\t\t<div class=\"elementor-widget-container\">\n\t\t\t\t\t\t\t\t\t\t\t\t\t\t\t<img fetchpriority=\"high\" decoding=\"async\" width=\"1920\" height=\"1280\" src=\"https:\/\/aftadvocacia.adv.br\/wordpressfoto\/wp-content\/uploads\/2023\/11\/advocacia-escritorio-sustentabilidade-juridico-afta.webp\" class=\"attachment-full size-full wp-image-674\" alt=\"\" srcset=\"https:\/\/aftadvocacia.adv.br\/wordpressfoto\/wp-content\/uploads\/2023\/11\/advocacia-escritorio-sustentabilidade-juridico-afta.webp 1920w, https:\/\/aftadvocacia.adv.br\/wordpressfoto\/wp-content\/uploads\/2023\/11\/advocacia-escritorio-sustentabilidade-juridico-afta-300x200.webp 300w, https:\/\/aftadvocacia.adv.br\/wordpressfoto\/wp-content\/uploads\/2023\/11\/advocacia-escritorio-sustentabilidade-juridico-afta-1024x683.webp 1024w, https:\/\/aftadvocacia.adv.br\/wordpressfoto\/wp-content\/uploads\/2023\/11\/advocacia-escritorio-sustentabilidade-juridico-afta-768x512.webp 768w, https:\/\/aftadvocacia.adv.br\/wordpressfoto\/wp-content\/uploads\/2023\/11\/advocacia-escritorio-sustentabilidade-juridico-afta-1536x1024.webp 1536w\" sizes=\"(max-width: 1920px) 100vw, 1920px\" \/>\t\t\t\t\t\t\t\t\t\t\t\t\t\t\t<\/div>\n\t\t\t\t<\/div>\n\t\t\t\t<div class=\"elementor-element elementor-element-079ca72 elementor-widget__width-initial elementor-absolute elementor-widget elementor-widget-image-box\" data-id=\"079ca72\" data-element_type=\"widget\" data-settings=\"{&quot;_position&quot;:&quot;absolute&quot;}\" data-widget_type=\"image-box.default\">\n\t\t\t\t<div class=\"elementor-widget-container\">\n\t\t\t\t\t<div class=\"elementor-image-box-wrapper\"><div class=\"elementor-image-box-content\"><h3 class=\"elementor-image-box-title\">+ 200<\/h3><p class=\"elementor-image-box-description\">Empresas\nAtendidas<\/p><\/div><\/div>\t\t\t\t<\/div>\n\t\t\t\t<\/div>\n\t\t\t\t<\/div>\n\t\t<div class=\"elementor-element elementor-element-b28fca4 e-con-full e-flex e-con e-child\" data-id=\"b28fca4\" data-element_type=\"container\">\n\t\t<div class=\"elementor-element elementor-element-a247422 e-con-full e-flex e-con e-child\" data-id=\"a247422\" data-element_type=\"container\">\n\t\t<div class=\"elementor-element elementor-element-d593318 e-con-full e-flex e-con e-child\" data-id=\"d593318\" data-element_type=\"container\">\n\t\t\t\t<div class=\"elementor-element elementor-element-1f11b4d elementor-widget elementor-widget-heading\" data-id=\"1f11b4d\" data-element_type=\"widget\" data-widget_type=\"heading.default\">\n\t\t\t\t<div class=\"elementor-widget-container\">\n\t\t\t\t\t<h5 class=\"elementor-heading-title elementor-size-default\">Sobre a AFT<\/h5>\t\t\t\t<\/div>\n\t\t\t\t<\/div>\n\t\t\t\t<div class=\"elementor-element elementor-element-baf89ce elementor-widget elementor-widget-heading\" data-id=\"baf89ce\" data-element_type=\"widget\" data-widget_type=\"heading.default\">\n\t\t\t\t<div class=\"elementor-widget-container\">\n\t\t\t\t\t<h2 class=\"elementor-heading-title elementor-size-default\">Guiando com Prop\u00f3sito<\/h2>\t\t\t\t<\/div>\n\t\t\t\t<\/div>\n\t\t\t\t<\/div>\n\t\t\t\t<\/div>\n\t\t\t\t<div class=\"elementor-element elementor-element-5a0613f elementor-widget elementor-widget-text-editor\" data-id=\"5a0613f\" data-element_type=\"widget\" data-widget_type=\"text-editor.default\">\n\t\t\t\t<div class=\"elementor-widget-container\">\n\t\t\t\t\t\t\t\t\t<p>Um espa\u00e7o onde a paix\u00e3o pelo Direito e a excel\u00eancia se unem para oferecer solu\u00e7\u00f5es jur\u00eddicas inovadoras. Na AFT, cada caso \u00e9 uma hist\u00f3ria \u00fanica, tratada com dedica\u00e7\u00e3o e compreens\u00e3o profunda.<\/p><p>Nossa equipe, especializada em diversas \u00e1reas do Direito, \u00e9 movida pelo compromisso de construir rela\u00e7\u00f5es de confian\u00e7a e agir com integridade. Mais do que advogados, somos parceiros estrat\u00e9gicos, guiando nossos clientes com seguran\u00e7a pelo mundo jur\u00eddico.<\/p><p>Na AFT, a excel\u00eancia \u00e9 um caminho cont\u00ednuo. Convido voc\u00ea a descobrir como podemos transformar seus desafios jur\u00eddicos em solu\u00e7\u00f5es efetivas e construir juntos um futuro mais pr\u00f3spero.<\/p>\t\t\t\t\t\t\t\t<\/div>\n\t\t\t\t<\/div>\n\t\t<div class=\"elementor-element elementor-element-4a04f55 e-con-full e-flex e-con e-child\" data-id=\"4a04f55\" data-element_type=\"container\">\n\t\t<div class=\"elementor-element elementor-element-b9e67d5 e-con-full e-flex e-con e-child\" data-id=\"b9e67d5\" data-element_type=\"container\">\n\t\t\t\t<div class=\"elementor-element elementor-element-095291f elementor-widget__width-initial elementor-widget elementor-widget-image\" data-id=\"095291f\" data-element_type=\"widget\" data-widget_type=\"image.default\">\n\t\t\t\t<div class=\"elementor-widget-container\">\n\t\t\t\t\t\t\t\t\t\t\t\t\t\t\t<img decoding=\"async\" width=\"100\" height=\"100\" src=\"https:\/\/aftadvocacia.adv.br\/wordpressfoto\/wp-content\/uploads\/2024\/02\/assinatura-rodrigo-aft.webp\" class=\"attachment-full size-full wp-image-2779\" alt=\"\" \/>\t\t\t\t\t\t\t\t\t\t\t\t\t\t\t<\/div>\n\t\t\t\t<\/div>\n\t\t\t\t<\/div>\n\t\t<div class=\"elementor-element elementor-element-e7722aa e-con-full e-flex e-con e-child\" data-id=\"e7722aa\" data-element_type=\"container\">\n\t\t\t\t<div class=\"elementor-element elementor-element-29212b8 elementor-position-left elementor-position-top elementor-vertical-align-top elementor-widget elementor-widget-image-box\" data-id=\"29212b8\" data-element_type=\"widget\" data-widget_type=\"image-box.default\">\n\t\t\t\t<div class=\"elementor-widget-container\">\n\t\t\t\t\t<div class=\"elementor-image-box-wrapper\"><figure class=\"elementor-image-box-img\"><img decoding=\"async\" src=\"https:\/\/aftadvocacia.adv.br\/wordpressfoto\/wp-content\/uploads\/elementor\/thumbs\/Rodrigo-qepsjknlqfznj4ah0sio40py0olfm7c7ievnnomay0.webp\" title=\"Rodrigo\" alt=\"Rodrigo\" loading=\"lazy\" \/><\/figure><div class=\"elementor-image-box-content\"><h4 class=\"elementor-image-box-title\">Rodrigo Terra de Souza<\/h4><p class=\"elementor-image-box-description\">CEO - AFT Advocacia<\/p><\/div><\/div>\t\t\t\t<\/div>\n\t\t\t\t<\/div>\n\t\t\t\t<\/div>\n\t\t\t\t<\/div>\n\t\t\t\t<\/div>\n\t\t\t\t\t<\/div>\n\t\t\t\t<\/div>\n\t\t<div class=\"elementor-element elementor-element-fb22129 e-flex e-con-boxed e-con e-parent\" data-id=\"fb22129\" data-element_type=\"container\" data-settings=\"{&quot;background_background&quot;:&quot;classic&quot;}\">\n\t\t\t\t\t<div class=\"e-con-inner\">\n\t\t<div class=\"elementor-element elementor-element-59e86c5 e-con-full e-flex e-con e-child\" data-id=\"59e86c5\" data-element_type=\"container\">\n\t\t\t\t<div class=\"elementor-element elementor-element-3810f53 elementor-widget elementor-widget-heading\" data-id=\"3810f53\" data-element_type=\"widget\" data-widget_type=\"heading.default\">\n\t\t\t\t<div class=\"elementor-widget-container\">\n\t\t\t\t\t<h5 class=\"elementor-heading-title elementor-size-default\">Diretrizes da nossa jornada<\/h5>\t\t\t\t<\/div>\n\t\t\t\t<\/div>\n\t\t\t\t<div class=\"elementor-element elementor-element-dcd5ef7 elementor-widget__width-initial elementor-widget-tablet__width-inherit elementor-widget elementor-widget-heading\" data-id=\"dcd5ef7\" data-element_type=\"widget\" data-widget_type=\"heading.default\">\n\t\t\t\t<div class=\"elementor-widget-container\">\n\t\t\t\t\t<h2 class=\"elementor-heading-title elementor-size-default\">O que nos move e define <br> no mundo jur\u00eddico<\/h2>\t\t\t\t<\/div>\n\t\t\t\t<\/div>\n\t\t\t\t<\/div>\n\t\t\t\t\t<\/div>\n\t\t\t\t<\/div>\n\t\t<div class=\"elementor-element elementor-element-44ecb39 e-flex e-con-boxed e-con e-parent\" data-id=\"44ecb39\" data-element_type=\"container\">\n\t\t\t\t\t<div class=\"e-con-inner\">\n\t\t<div class=\"elementor-element elementor-element-996422b e-flex e-con-boxed e-con e-child\" data-id=\"996422b\" data-element_type=\"container\">\n\t\t\t\t\t<div class=\"e-con-inner\">\n\t\t<div class=\"elementor-element elementor-element-ed8e0a8 e-flex e-con-boxed e-con e-child\" data-id=\"ed8e0a8\" data-element_type=\"container\">\n\t\t\t\t\t<div class=\"e-con-inner\">\n\t\t\t\t<div class=\"elementor-element elementor-element-fe2814a elementor-widget elementor-widget-heading\" data-id=\"fe2814a\" data-element_type=\"widget\" data-widget_type=\"heading.default\">\n\t\t\t\t<div class=\"elementor-widget-container\">\n\t\t\t\t\t<h5 class=\"elementor-heading-title elementor-size-default\">10 anos<\/h5>\t\t\t\t<\/div>\n\t\t\t\t<\/div>\n\t\t\t\t<div class=\"elementor-element elementor-element-41e448a elementor-widget__width-initial elementor-widget-tablet__width-inherit elementor-widget elementor-widget-heading\" data-id=\"41e448a\" data-element_type=\"widget\" data-widget_type=\"heading.default\">\n\t\t\t\t<div class=\"elementor-widget-container\">\n\t\t\t\t\t<h2 class=\"elementor-heading-title elementor-size-default\">Conhe\u00e7a a nossa hist\u00f3ria.<\/h2>\t\t\t\t<\/div>\n\t\t\t\t<\/div>\n\t\t\t\t\t<\/div>\n\t\t\t\t<\/div>\n\t\t\t\t\t<\/div>\n\t\t\t\t<\/div>\n\t\t\t\t\t<\/div>\n\t\t\t\t<\/div>\n\t\t<div class=\"elementor-element elementor-element-c87c57b e-flex e-con-boxed e-con e-parent\" data-id=\"c87c57b\" data-element_type=\"container\">\n\t\t\t\t\t<div class=\"e-con-inner\">\n\t\t\t\t<div class=\"elementor-element elementor-element-8cec27c elementor-widget elementor-widget-qi_addons_for_elementor_timeline\" data-id=\"8cec27c\" data-element_type=\"widget\" data-widget_type=\"qi_addons_for_elementor_timeline.default\">\n\t\t\t\t<div class=\"elementor-widget-container\">\n\t\t\t\t\t<div class=\"qodef-shortcode qodef-m qodef-qi-timeline qodef-timeline--horizontal qodef-layout--columns qodef-timeline-layout--horizontal-standard qodef-point--standard qodef-qi--has-appear\" data-options=\"{&quot;colNum&quot;:&quot;3&quot;,&quot;colNum1440&quot;:&quot;3&quot;,&quot;colNum1366&quot;:&quot;3&quot;,&quot;colNum1024&quot;:&quot;3&quot;,&quot;colNum768&quot;:&quot;2&quot;,&quot;colNum680&quot;:&quot;1&quot;,&quot;colNum480&quot;:&quot;1&quot;}\">\n\t<div class=\"qodef-nav-prev\">\n\t\t<svg class=\"qodef-swiper-arrow-left\" xmlns=\"http:\/\/www.w3.org\/2000\/svg\" x=\"0px\" y=\"0px\" viewBox=\"0 0 34.2 32.3\" xml:space=\"preserve\" style=\"stroke-width: 2;\"><line x1=\"0.5\" y1=\"16\" x2=\"33.5\" y2=\"16\"\/><line x1=\"0.3\" y1=\"16.5\" x2=\"16.2\" y2=\"0.7\"\/><line x1=\"0\" y1=\"15.4\" x2=\"16.2\" y2=\"31.6\"\/><\/svg>\t<\/div>\n\t<div class=\"qodef-nav-next\">\n\t\t<svg class=\"qodef-swiper-arrow-right\" xmlns=\"http:\/\/www.w3.org\/2000\/svg\" x=\"0px\" y=\"0px\" viewBox=\"0 0 34.2 32.3\" xml:space=\"preserve\" style=\"stroke-width: 2;\"><line x1=\"0\" y1=\"16\" x2=\"33\" y2=\"16\"\/><line x1=\"17.3\" y1=\"0.7\" x2=\"33.2\" y2=\"16.5\"\/><line x1=\"17.3\" y1=\"31.6\" x2=\"33.5\" y2=\"15.4\"\/><\/svg>\t<\/div>\n\t<div class=\"qodef-grid-inner\">\n\t<div class=\"qodef-e qodef-e-item qodef-grid-item elementor-repeater-item-837f451 qodef-reverse\">\n\t<div class=\"qodef-e-line-holder\">\n\t\t<span class=\"qodef-e-line\"><\/span>\n\t\t<div class=\"qodef-e-point-holder\">\n\t\t\t<div class=\"qodef-e-point\">\n\t\t\t\t\t\t\t<\/div>\n\t\t<\/div>\n\t<\/div>\n\t<div class=\"qodef-e-item-inner\">\n\t\t<div class=\"qodef-e-top-holder\">\n\t\t\t<div class=\"qodef-e-image\">\n\t<img decoding=\"async\" width=\"1200\" height=\"900\" src=\"https:\/\/aftadvocacia.adv.br\/wordpressfoto\/wp-content\/uploads\/2023\/11\/Adovado-juridico-aft-adocacia-direito-1001.webp\" class=\"attachment-full size-full\" alt=\"\" srcset=\"https:\/\/aftadvocacia.adv.br\/wordpressfoto\/wp-content\/uploads\/2023\/11\/Adovado-juridico-aft-adocacia-direito-1001.webp 1200w, https:\/\/aftadvocacia.adv.br\/wordpressfoto\/wp-content\/uploads\/2023\/11\/Adovado-juridico-aft-adocacia-direito-1001-300x225.webp 300w, https:\/\/aftadvocacia.adv.br\/wordpressfoto\/wp-content\/uploads\/2023\/11\/Adovado-juridico-aft-adocacia-direito-1001-1024x768.webp 1024w, https:\/\/aftadvocacia.adv.br\/wordpressfoto\/wp-content\/uploads\/2023\/11\/Adovado-juridico-aft-adocacia-direito-1001-768x576.webp 768w\" sizes=\"(max-width: 1200px) 100vw, 1200px\" \/><\/div>\n\t\t<\/div>\n\t\t<div class=\"qodef-e-content-holder\">\n\t\t\t\t<div class=\"qodef-e-date\">\n\t\t2013\t<\/div>\n\t\t\t\t\t<h4 class=\"qodef-e-title\">\n\t\tProjeto da Sede\t\t<\/h4>\n\t\t\t\t\t<p class=\"qodef-e-text\">\n\t\tCome\u00e7amos a planejar a sede do nosso escrit\u00f3rio, um projeto grandioso que marcaria o in\u00edcio de uma nova era para n\u00f3s.\t<\/p>\n\t\t\t<\/div>\n\t<\/div>\n<\/div>\n<div class=\"qodef-e qodef-e-item qodef-grid-item elementor-repeater-item-c512e57 qodef-obverse\">\n\t<div class=\"qodef-e-line-holder\">\n\t\t<span class=\"qodef-e-line\"><\/span>\n\t\t<div class=\"qodef-e-point-holder\">\n\t\t\t<div class=\"qodef-e-point\">\n\t\t\t\t\t\t\t<\/div>\n\t\t<\/div>\n\t<\/div>\n\t<div class=\"qodef-e-item-inner\">\n\t\t<div class=\"qodef-e-top-holder\">\n\t\t\t<div class=\"qodef-e-image\">\n\t<img loading=\"lazy\" decoding=\"async\" width=\"1200\" height=\"674\" src=\"https:\/\/aftadvocacia.adv.br\/wordpressfoto\/wp-content\/uploads\/2024\/04\/2015-Fachada.webp\" class=\"attachment-full size-full\" alt=\"\" srcset=\"https:\/\/aftadvocacia.adv.br\/wordpressfoto\/wp-content\/uploads\/2024\/04\/2015-Fachada.webp 1200w, https:\/\/aftadvocacia.adv.br\/wordpressfoto\/wp-content\/uploads\/2024\/04\/2015-Fachada-300x169.webp 300w, https:\/\/aftadvocacia.adv.br\/wordpressfoto\/wp-content\/uploads\/2024\/04\/2015-Fachada-1024x575.webp 1024w, https:\/\/aftadvocacia.adv.br\/wordpressfoto\/wp-content\/uploads\/2024\/04\/2015-Fachada-768x431.webp 768w\" sizes=\"(max-width: 1200px) 100vw, 1200px\" \/><\/div>\n\t\t<\/div>\n\t\t<div class=\"qodef-e-content-holder\">\n\t\t\t\t<div class=\"qodef-e-date\">\n\t\t2015\t<\/div>\n\t\t\t\t\t<h4 class=\"qodef-e-title\">\n\t\tInaugura\u00e7\u00e3o da Sede\t\t<\/h4>\n\t\t\t\t\t<p class=\"qodef-e-text\">\n\t\tFinalmente inauguramos a sede do escrit\u00f3rio, um espa\u00e7o que representa nossa vis\u00e3o e valores.\t<\/p>\n\t\t\t<\/div>\n\t<\/div>\n<\/div>\n<div class=\"qodef-e qodef-e-item qodef-grid-item elementor-repeater-item-94397b0 qodef-reverse\">\n\t<div class=\"qodef-e-line-holder\">\n\t\t<span class=\"qodef-e-line\"><\/span>\n\t\t<div class=\"qodef-e-point-holder\">\n\t\t\t<div class=\"qodef-e-point\">\n\t\t\t\t\t\t\t<\/div>\n\t\t<\/div>\n\t<\/div>\n\t<div class=\"qodef-e-item-inner\">\n\t\t<div class=\"qodef-e-top-holder\">\n\t\t\t<div class=\"qodef-e-image\">\n\t<img loading=\"lazy\" decoding=\"async\" width=\"1600\" height=\"1266\" src=\"https:\/\/aftadvocacia.adv.br\/wordpressfoto\/wp-content\/uploads\/2024\/02\/aft-advocacia-bento-goncalves.webp\" class=\"attachment-full size-full\" alt=\"\" srcset=\"https:\/\/aftadvocacia.adv.br\/wordpressfoto\/wp-content\/uploads\/2024\/02\/aft-advocacia-bento-goncalves.webp 1600w, https:\/\/aftadvocacia.adv.br\/wordpressfoto\/wp-content\/uploads\/2024\/02\/aft-advocacia-bento-goncalves-300x237.webp 300w, https:\/\/aftadvocacia.adv.br\/wordpressfoto\/wp-content\/uploads\/2024\/02\/aft-advocacia-bento-goncalves-1024x810.webp 1024w, https:\/\/aftadvocacia.adv.br\/wordpressfoto\/wp-content\/uploads\/2024\/02\/aft-advocacia-bento-goncalves-768x608.webp 768w, https:\/\/aftadvocacia.adv.br\/wordpressfoto\/wp-content\/uploads\/2024\/02\/aft-advocacia-bento-goncalves-1536x1215.webp 1536w\" sizes=\"(max-width: 1600px) 100vw, 1600px\" \/><\/div>\n\t\t<\/div>\n\t\t<div class=\"qodef-e-content-holder\">\n\t\t\t\t<div class=\"qodef-e-date\">\n\t\t2016\t<\/div>\n\t\t\t\t\t<h4 class=\"qodef-e-title\">\n\t\tTr\u00eas Anos Juntos\t\t<\/h4>\n\t\t\t\t\t<p class=\"qodef-e-text\">\n\t\tCelebramos tr\u00eas anos de sucesso e crescimento cont\u00ednuo, um marco importante em nossa jornada.\t<\/p>\n\t\t\t<\/div>\n\t<\/div>\n<\/div>\n<div class=\"qodef-e qodef-e-item qodef-grid-item elementor-repeater-item-10e932a qodef-obverse\">\n\t<div class=\"qodef-e-line-holder\">\n\t\t<span class=\"qodef-e-line\"><\/span>\n\t\t<div class=\"qodef-e-point-holder\">\n\t\t\t<div class=\"qodef-e-point\">\n\t\t\t\t\t\t\t<\/div>\n\t\t<\/div>\n\t<\/div>\n\t<div class=\"qodef-e-item-inner\">\n\t\t<div class=\"qodef-e-top-holder\">\n\t\t\t<div class=\"qodef-e-image\">\n\t<img loading=\"lazy\" decoding=\"async\" width=\"1200\" height=\"800\" src=\"https:\/\/aftadvocacia.adv.br\/wordpressfoto\/wp-content\/uploads\/2024\/04\/2016-Rodrigo-empossado-Vice-presidente-da-Subsec\u0327a\u0303o-da-OAB.webp\" class=\"attachment-full size-full\" alt=\"\" srcset=\"https:\/\/aftadvocacia.adv.br\/wordpressfoto\/wp-content\/uploads\/2024\/04\/2016-Rodrigo-empossado-Vice-presidente-da-Subsec\u0327a\u0303o-da-OAB.webp 1200w, https:\/\/aftadvocacia.adv.br\/wordpressfoto\/wp-content\/uploads\/2024\/04\/2016-Rodrigo-empossado-Vice-presidente-da-Subsec\u0327a\u0303o-da-OAB-300x200.webp 300w, https:\/\/aftadvocacia.adv.br\/wordpressfoto\/wp-content\/uploads\/2024\/04\/2016-Rodrigo-empossado-Vice-presidente-da-Subsec\u0327a\u0303o-da-OAB-1024x683.webp 1024w, https:\/\/aftadvocacia.adv.br\/wordpressfoto\/wp-content\/uploads\/2024\/04\/2016-Rodrigo-empossado-Vice-presidente-da-Subsec\u0327a\u0303o-da-OAB-768x512.webp 768w\" sizes=\"(max-width: 1200px) 100vw, 1200px\" \/><\/div>\n\t\t<\/div>\n\t\t<div class=\"qodef-e-content-holder\">\n\t\t\t\t<div class=\"qodef-e-date\">\n\t\t2016\t<\/div>\n\t\t\t\t\t<h4 class=\"qodef-e-title\">\n\t\tRodrigo Vice-Presidente\t\t<\/h4>\n\t\t\t\t\t<p class=\"qodef-e-text\">\n\t\tRodrigo Terra, um de nossos advogados, foi empossado como vice-presidente da subse\u00e7\u00e3o da OAB, um reconhecimento de sua compet\u00eancia e comprometimento.\t<\/p>\n\t\t\t<\/div>\n\t<\/div>\n<\/div>\n<div class=\"qodef-e qodef-e-item qodef-grid-item elementor-repeater-item-3e1894f qodef-reverse\">\n\t<div class=\"qodef-e-line-holder\">\n\t\t<span class=\"qodef-e-line\"><\/span>\n\t\t<div class=\"qodef-e-point-holder\">\n\t\t\t<div class=\"qodef-e-point\">\n\t\t\t\t\t\t\t<\/div>\n\t\t<\/div>\n\t<\/div>\n\t<div class=\"qodef-e-item-inner\">\n\t\t<div class=\"qodef-e-top-holder\">\n\t\t\t<div class=\"qodef-e-image\">\n\t<img loading=\"lazy\" decoding=\"async\" width=\"1200\" height=\"675\" src=\"https:\/\/aftadvocacia.adv.br\/wordpressfoto\/wp-content\/uploads\/2024\/04\/2017-Luna-Antiga-mascote-do-escrito\u0301rio.webp\" class=\"attachment-full size-full\" alt=\"\" srcset=\"https:\/\/aftadvocacia.adv.br\/wordpressfoto\/wp-content\/uploads\/2024\/04\/2017-Luna-Antiga-mascote-do-escrito\u0301rio.webp 1200w, https:\/\/aftadvocacia.adv.br\/wordpressfoto\/wp-content\/uploads\/2024\/04\/2017-Luna-Antiga-mascote-do-escrito\u0301rio-300x169.webp 300w, https:\/\/aftadvocacia.adv.br\/wordpressfoto\/wp-content\/uploads\/2024\/04\/2017-Luna-Antiga-mascote-do-escrito\u0301rio-1024x576.webp 1024w, https:\/\/aftadvocacia.adv.br\/wordpressfoto\/wp-content\/uploads\/2024\/04\/2017-Luna-Antiga-mascote-do-escrito\u0301rio-768x432.webp 768w\" sizes=\"(max-width: 1200px) 100vw, 1200px\" \/><\/div>\n\t\t<\/div>\n\t\t<div class=\"qodef-e-content-holder\">\n\t\t\t\t<div class=\"qodef-e-date\">\n\t\t2017\t<\/div>\n\t\t\t\t\t<h4 class=\"qodef-e-title\">\n\t\tMascote Luna\t\t<\/h4>\n\t\t\t\t\t<p class=\"qodef-e-text\">\n\t\tLuna, uma gatinha charmosa e carism\u00e1tica, juntou-se \u00e0 nossa fam\u00edlia, trazendo alegria e uni\u00e3o para a equipe.\t<\/p>\n\t\t\t<\/div>\n\t<\/div>\n<\/div>\n<div class=\"qodef-e qodef-e-item qodef-grid-item elementor-repeater-item-a55e7bb qodef-obverse\">\n\t<div class=\"qodef-e-line-holder\">\n\t\t<span class=\"qodef-e-line\"><\/span>\n\t\t<div class=\"qodef-e-point-holder\">\n\t\t\t<div class=\"qodef-e-point\">\n\t\t\t\t\t\t\t<\/div>\n\t\t<\/div>\n\t<\/div>\n\t<div class=\"qodef-e-item-inner\">\n\t\t<div class=\"qodef-e-top-holder\">\n\t\t\t<div class=\"qodef-e-image\">\n\t<img loading=\"lazy\" decoding=\"async\" width=\"1200\" height=\"1200\" src=\"https:\/\/aftadvocacia.adv.br\/wordpressfoto\/wp-content\/uploads\/2024\/04\/2019-Rodrigo-empossado-Presidente-OAB-Bento-2.webp\" class=\"attachment-full size-full\" alt=\"\" srcset=\"https:\/\/aftadvocacia.adv.br\/wordpressfoto\/wp-content\/uploads\/2024\/04\/2019-Rodrigo-empossado-Presidente-OAB-Bento-2.webp 1200w, https:\/\/aftadvocacia.adv.br\/wordpressfoto\/wp-content\/uploads\/2024\/04\/2019-Rodrigo-empossado-Presidente-OAB-Bento-2-300x300.webp 300w, https:\/\/aftadvocacia.adv.br\/wordpressfoto\/wp-content\/uploads\/2024\/04\/2019-Rodrigo-empossado-Presidente-OAB-Bento-2-1024x1024.webp 1024w, https:\/\/aftadvocacia.adv.br\/wordpressfoto\/wp-content\/uploads\/2024\/04\/2019-Rodrigo-empossado-Presidente-OAB-Bento-2-150x150.webp 150w, https:\/\/aftadvocacia.adv.br\/wordpressfoto\/wp-content\/uploads\/2024\/04\/2019-Rodrigo-empossado-Presidente-OAB-Bento-2-768x768.webp 768w, https:\/\/aftadvocacia.adv.br\/wordpressfoto\/wp-content\/uploads\/2024\/04\/2019-Rodrigo-empossado-Presidente-OAB-Bento-2-650x650.webp 650w\" sizes=\"(max-width: 1200px) 100vw, 1200px\" \/><\/div>\n\t\t<\/div>\n\t\t<div class=\"qodef-e-content-holder\">\n\t\t\t\t<div class=\"qodef-e-date\">\n\t\t2019\t<\/div>\n\t\t\t\t\t<h4 class=\"qodef-e-title\">\n\t\tRodrigo Presidente OAB\t\t<\/h4>\n\t\t\t\t\t<p class=\"qodef-e-text\">\n\t\tRodrigo alcan\u00e7ou mais um feito not\u00e1vel ao ser empossado presidente da OAB de Bento Gon\u00e7alves, reafirmando sua lideran\u00e7a e influ\u00eancia na comunidade jur\u00eddica.\n\t<\/p>\n\t\t\t<\/div>\n\t<\/div>\n<\/div>\n<div class=\"qodef-e qodef-e-item qodef-grid-item elementor-repeater-item-ceb175b qodef-reverse\">\n\t<div class=\"qodef-e-line-holder\">\n\t\t<span class=\"qodef-e-line\"><\/span>\n\t\t<div class=\"qodef-e-point-holder\">\n\t\t\t<div class=\"qodef-e-point\">\n\t\t\t\t\t\t\t<\/div>\n\t\t<\/div>\n\t<\/div>\n\t<div class=\"qodef-e-item-inner\">\n\t\t<div class=\"qodef-e-top-holder\">\n\t\t\t<div class=\"qodef-e-image\">\n\t<img loading=\"lazy\" decoding=\"async\" width=\"1200\" height=\"1200\" src=\"https:\/\/aftadvocacia.adv.br\/wordpressfoto\/wp-content\/uploads\/2024\/04\/2022-Certificado-IGCP.webp\" class=\"attachment-full size-full\" alt=\"\" srcset=\"https:\/\/aftadvocacia.adv.br\/wordpressfoto\/wp-content\/uploads\/2024\/04\/2022-Certificado-IGCP.webp 1200w, https:\/\/aftadvocacia.adv.br\/wordpressfoto\/wp-content\/uploads\/2024\/04\/2022-Certificado-IGCP-300x300.webp 300w, https:\/\/aftadvocacia.adv.br\/wordpressfoto\/wp-content\/uploads\/2024\/04\/2022-Certificado-IGCP-1024x1024.webp 1024w, https:\/\/aftadvocacia.adv.br\/wordpressfoto\/wp-content\/uploads\/2024\/04\/2022-Certificado-IGCP-150x150.webp 150w, https:\/\/aftadvocacia.adv.br\/wordpressfoto\/wp-content\/uploads\/2024\/04\/2022-Certificado-IGCP-768x768.webp 768w, https:\/\/aftadvocacia.adv.br\/wordpressfoto\/wp-content\/uploads\/2024\/04\/2022-Certificado-IGCP-650x650.webp 650w\" sizes=\"(max-width: 1200px) 100vw, 1200px\" \/><\/div>\n\t\t<\/div>\n\t\t<div class=\"qodef-e-content-holder\">\n\t\t\t\t<div class=\"qodef-e-date\">\n\t\t2022\t<\/div>\n\t\t\t\t\t<h4 class=\"qodef-e-title\">\n\t\tCertifica\u00e7\u00e3o IGCP\t\t<\/h4>\n\t\t\t\t\t<p class=\"qodef-e-text\">\n\t\tObtivemos a certifica\u00e7\u00e3o IGCP, ampliando nossos conhecimentos e habilidades em pr\u00e1ticas de governan\u00e7a corporativa.\t<\/p>\n\t\t\t<\/div>\n\t<\/div>\n<\/div>\n<div class=\"qodef-e qodef-e-item qodef-grid-item elementor-repeater-item-6949dcb qodef-obverse\">\n\t<div class=\"qodef-e-line-holder\">\n\t\t<span class=\"qodef-e-line\"><\/span>\n\t\t<div class=\"qodef-e-point-holder\">\n\t\t\t<div class=\"qodef-e-point\">\n\t\t\t\t\t\t\t<\/div>\n\t\t<\/div>\n\t<\/div>\n\t<div class=\"qodef-e-item-inner\">\n\t\t<div class=\"qodef-e-top-holder\">\n\t\t\t<div class=\"qodef-e-image\">\n\t<img loading=\"lazy\" decoding=\"async\" width=\"1920\" height=\"1280\" src=\"https:\/\/aftadvocacia.adv.br\/wordpressfoto\/wp-content\/uploads\/2023\/11\/advocacia-escritorio-sustentabilidade-juridico-afta.webp\" class=\"attachment-full size-full\" alt=\"\" srcset=\"https:\/\/aftadvocacia.adv.br\/wordpressfoto\/wp-content\/uploads\/2023\/11\/advocacia-escritorio-sustentabilidade-juridico-afta.webp 1920w, https:\/\/aftadvocacia.adv.br\/wordpressfoto\/wp-content\/uploads\/2023\/11\/advocacia-escritorio-sustentabilidade-juridico-afta-300x200.webp 300w, https:\/\/aftadvocacia.adv.br\/wordpressfoto\/wp-content\/uploads\/2023\/11\/advocacia-escritorio-sustentabilidade-juridico-afta-1024x683.webp 1024w, https:\/\/aftadvocacia.adv.br\/wordpressfoto\/wp-content\/uploads\/2023\/11\/advocacia-escritorio-sustentabilidade-juridico-afta-768x512.webp 768w, https:\/\/aftadvocacia.adv.br\/wordpressfoto\/wp-content\/uploads\/2023\/11\/advocacia-escritorio-sustentabilidade-juridico-afta-1536x1024.webp 1536w\" sizes=\"(max-width: 1920px) 100vw, 1920px\" \/><\/div>\n\t\t<\/div>\n\t\t<div class=\"qodef-e-content-holder\">\n\t\t\t\t<div class=\"qodef-e-date\">\n\t\t2023\t<\/div>\n\t\t\t\t\t<h4 class=\"qodef-e-title\">\n\t\t10 anos de AFT\t\t<\/h4>\n\t\t\t\t\t<p class=\"qodef-e-text\">\n\t\tMarcamos uma d\u00e9cada de compromisso, inova\u00e7\u00e3o e excel\u00eancia no direito, uma jornada de crescimento e realiza\u00e7\u00f5es significativas.\n\t<\/p>\n\t\t\t<\/div>\n\t<\/div>\n<\/div>\n\t<\/div>\n<\/div>\n\t\t\t\t<\/div>\n\t\t\t\t<\/div>\n\t\t\t\t\t<\/div>\n\t\t\t\t<\/div>\n\t\t<div class=\"elementor-element elementor-element-78c2b6b e-flex e-con-boxed e-con e-parent\" data-id=\"78c2b6b\" data-element_type=\"container\" data-settings=\"{&quot;background_background&quot;:&quot;classic&quot;}\">\n\t\t\t\t\t<div class=\"e-con-inner\">\n\t\t<div class=\"elementor-element elementor-element-44a0e0f e-con-full e-flex e-con e-child\" data-id=\"44a0e0f\" data-element_type=\"container\">\n\t\t\t\t<div class=\"elementor-element elementor-element-cb961fe elementor-widget elementor-widget-heading\" data-id=\"cb961fe\" data-element_type=\"widget\" data-widget_type=\"heading.default\">\n\t\t\t\t<div class=\"elementor-widget-container\">\n\t\t\t\t\t<h5 class=\"elementor-heading-title elementor-size-default\">AFT Advocacia<\/h5>\t\t\t\t<\/div>\n\t\t\t\t<\/div>\n\t\t\t\t<div class=\"elementor-element elementor-element-9577ae3 elementor-widget__width-initial elementor-widget-tablet__width-inherit elementor-widget elementor-widget-heading\" data-id=\"9577ae3\" data-element_type=\"widget\" data-widget_type=\"heading.default\">\n\t\t\t\t<div class=\"elementor-widget-container\">\n\t\t\t\t\t<h2 class=\"elementor-heading-title elementor-size-default\">Mais 10 anos de excel\u00eancia em assessoria jur\u00eddica empresarial, transformando desafios em oportunidades legais.<\/h2>\t\t\t\t<\/div>\n\t\t\t\t<\/div>\n\t\t\t\t<div class=\"elementor-element elementor-element-a0ea09f elementor-widget elementor-widget-image\" data-id=\"a0ea09f\" data-element_type=\"widget\" data-widget_type=\"image.default\">\n\t\t\t\t<div class=\"elementor-widget-container\">\n\t\t\t\t\t\t\t\t\t\t\t\t\t\t\t<img loading=\"lazy\" decoding=\"async\" width=\"117\" height=\"99\" src=\"https:\/\/aftadvocacia.adv.br\/wordpressfoto\/wp-content\/uploads\/2023\/10\/icon-quote.png\" class=\"attachment-full size-full wp-image-146\" alt=\"\" \/>\t\t\t\t\t\t\t\t\t\t\t\t\t\t\t<\/div>\n\t\t\t\t<\/div>\n\t\t\t\t<\/div>\n\t\t\t\t\t<\/div>\n\t\t\t\t<\/div>\n\t\t<div class=\"elementor-element elementor-element-62fd93c e-flex e-con-boxed e-con e-parent\" data-id=\"62fd93c\" data-element_type=\"container\">\n\t\t\t\t\t<div class=\"e-con-inner\">\n\t\t<div class=\"elementor-element elementor-element-d4eb1f7 e-con-full e-flex e-con e-child\" data-id=\"d4eb1f7\" data-element_type=\"container\">\n\t\t<div class=\"elementor-element elementor-element-f6e2f1c e-flex e-con-boxed e-con e-child\" data-id=\"f6e2f1c\" data-element_type=\"container\">\n\t\t\t\t\t<div class=\"e-con-inner\">\n\t\t\t\t<div class=\"elementor-element elementor-element-5a489fd elementor-widget elementor-widget-heading\" data-id=\"5a489fd\" data-element_type=\"widget\" data-widget_type=\"heading.default\">\n\t\t\t\t<div class=\"elementor-widget-container\">\n\t\t\t\t\t<h5 class=\"elementor-heading-title elementor-size-default\">A base s\u00f3lida da AFT<\/h5>\t\t\t\t<\/div>\n\t\t\t\t<\/div>\n\t\t\t\t<div class=\"elementor-element elementor-element-6e5d15c elementor-widget__width-initial elementor-widget-tablet__width-inherit elementor-widget elementor-widget-heading\" data-id=\"6e5d15c\" data-element_type=\"widget\" data-widget_type=\"heading.default\">\n\t\t\t\t<div class=\"elementor-widget-container\">\n\t\t\t\t\t<h2 class=\"elementor-heading-title elementor-size-default\">Nosso Time<\/h2>\t\t\t\t<\/div>\n\t\t\t\t<\/div>\n\t\t\t\t\t<\/div>\n\t\t\t\t<\/div>\n\t\t\t\t<div class=\"elementor-element elementor-element-5274eac elementor-widget__width-initial elementor-widget elementor-widget-text-editor\" data-id=\"5274eac\" data-element_type=\"widget\" data-widget_type=\"text-editor.default\">\n\t\t\t\t<div class=\"elementor-widget-container\">\n\t\t\t\t\t\t\t\t\t<p>Com um compromisso inabal\u00e1vel com a excel\u00eancia, nos dedicamos a entender e atender cada cliente de forma \u00fanica. Acreditamos que cada caso merece nossa m\u00e1xima aten\u00e7\u00e3o e expertise. Por isso, investimos continuamente em capacita\u00e7\u00e3o e atualiza\u00e7\u00e3o, garantindo que nossa abordagem seja sempre inovadora e eficaz. Juntos, trabalhamos com paix\u00e3o, responsabilidade e o desejo genu\u00edno de fazer a diferen\u00e7a na vida de nossos clientes.<\/p>\t\t\t\t\t\t\t\t<\/div>\n\t\t\t\t<\/div>\n\t\t\t\t<\/div>\n\t\t\t\t\t<\/div>\n\t\t\t\t<\/div>\n\t\t<div class=\"elementor-element elementor-element-9e43632 e-grid e-con-full e-con e-parent\" data-id=\"9e43632\" data-element_type=\"container\">\n\t\t<div class=\"elementor-element elementor-element-a3ef89a e-con-full e-flex e-con e-child\" data-id=\"a3ef89a\" data-element_type=\"container\" data-settings=\"{&quot;background_background&quot;:&quot;classic&quot;}\">\n\t\t\t\t<div class=\"elementor-element elementor-element-b8a6ae5 elementor-widget elementor-widget-heading\" data-id=\"b8a6ae5\" data-element_type=\"widget\" data-widget_type=\"heading.default\">\n\t\t\t\t<div class=\"elementor-widget-container\">\n\t\t\t\t\t<h2 class=\"elementor-heading-title elementor-size-default\">In Memorian<\/h2>\t\t\t\t<\/div>\n\t\t\t\t<\/div>\n\t\t\t\t<div class=\"elementor-element elementor-element-a946821 elementor-widget-mobile__width-initial elementor-widget elementor-widget-image\" data-id=\"a946821\" data-element_type=\"widget\" data-widget_type=\"image.default\">\n\t\t\t\t<div class=\"elementor-widget-container\">\n\t\t\t\t\t\t\t\t\t\t\t\t\t\t\t<img loading=\"lazy\" decoding=\"async\" width=\"774\" height=\"774\" src=\"https:\/\/aftadvocacia.adv.br\/wordpressfoto\/wp-content\/uploads\/2025\/08\/advogados-jurido-afta-bento-gonc\u0327alves-time-10-1-1.webp\" class=\"attachment-full size-full wp-image-3774\" alt=\"\" srcset=\"https:\/\/aftadvocacia.adv.br\/wordpressfoto\/wp-content\/uploads\/2025\/08\/advogados-jurido-afta-bento-gonc\u0327alves-time-10-1-1.webp 774w, https:\/\/aftadvocacia.adv.br\/wordpressfoto\/wp-content\/uploads\/2025\/08\/advogados-jurido-afta-bento-gonc\u0327alves-time-10-1-1-300x300.webp 300w, https:\/\/aftadvocacia.adv.br\/wordpressfoto\/wp-content\/uploads\/2025\/08\/advogados-jurido-afta-bento-gonc\u0327alves-time-10-1-1-150x150.webp 150w, https:\/\/aftadvocacia.adv.br\/wordpressfoto\/wp-content\/uploads\/2025\/08\/advogados-jurido-afta-bento-gonc\u0327alves-time-10-1-1-768x768.webp 768w, https:\/\/aftadvocacia.adv.br\/wordpressfoto\/wp-content\/uploads\/2025\/08\/advogados-jurido-afta-bento-gonc\u0327alves-time-10-1-1-650x650.webp 650w\" sizes=\"(max-width: 774px) 100vw, 774px\" \/>\t\t\t\t\t\t\t\t\t\t\t\t\t\t\t<\/div>\n\t\t\t\t<\/div>\n\t\t\t\t<div class=\"elementor-element elementor-element-c900b38 elementor-widget__width-initial elementor-widget elementor-widget-heading\" data-id=\"c900b38\" data-element_type=\"widget\" data-widget_type=\"heading.default\">\n\t\t\t\t<div class=\"elementor-widget-container\">\n\t\t\t\t\t<h3 class=\"elementor-heading-title elementor-size-default\">R\u00f4mulo de Jesus Dieguez de Freitas<\/h3>\t\t\t\t<\/div>\n\t\t\t\t<\/div>\n\t\t\t\t<div class=\"elementor-element elementor-element-aa80cd9 elementor-widget__width-initial elementor-widget elementor-widget-heading\" data-id=\"aa80cd9\" data-element_type=\"widget\" data-widget_type=\"heading.default\">\n\t\t\t\t<div class=\"elementor-widget-container\">\n\t\t\t\t\t<h6 class=\"elementor-heading-title elementor-size-default\">OAB\/RS 71.011A OAB\/MG 81.921 OAB\/SC 33.294A OAB\/PA 16.072A<\/h6>\t\t\t\t<\/div>\n\t\t\t\t<\/div>\n\t\t\t\t<div class=\"elementor-element elementor-element-cefe81c elementor-widget elementor-widget-text-editor\" data-id=\"cefe81c\" data-element_type=\"widget\" data-widget_type=\"text-editor.default\">\n\t\t\t\t<div class=\"elementor-widget-container\">\n\t\t\t\t\t\t\t\t\t<p>Advogado e contador, com uma abrangente forma\u00e7\u00e3o em Administra\u00e7\u00e3o e vasta experi\u00eancia como auditor fiscal, especializado em Administra\u00e7\u00e3o Tribut\u00e1ria e consultoria para microcr\u00e9ditos.<\/p>\t\t\t\t\t\t\t\t<\/div>\n\t\t\t\t<\/div>\n\t\t\t\t<div class=\"elementor-element elementor-element-acc04ef elementor-align-center elementor-widget elementor-widget-button\" data-id=\"acc04ef\" data-element_type=\"widget\" data-widget_type=\"button.default\">\n\t\t\t\t<div class=\"elementor-widget-container\">\n\t\t\t\t\t\t\t\t\t<div class=\"elementor-button-wrapper\">\n\t\t\t\t\t<a class=\"elementor-button elementor-button-link elementor-size-sm\" href=\"https:\/\/aftadvocacia.adv.br\/wordpressfoto\/equipe\/#romulo\">\n\t\t\t\t\t\t<span class=\"elementor-button-content-wrapper\">\n\t\t\t\t\t\t\t\t\t<span class=\"elementor-button-text\">Saiba mais<\/span>\n\t\t\t\t\t<\/span>\n\t\t\t\t\t<\/a>\n\t\t\t\t<\/div>\n\t\t\t\t\t\t\t\t<\/div>\n\t\t\t\t<\/div>\n\t\t\t\t<\/div>\n\t\t<div class=\"elementor-element elementor-element-1c9298f e-con-full e-flex e-con e-child\" data-id=\"1c9298f\" data-element_type=\"container\" data-settings=\"{&quot;background_background&quot;:&quot;classic&quot;}\">\n\t\t\t\t<div class=\"elementor-element elementor-element-261e606 elementor-widget-mobile__width-initial elementor-widget elementor-widget-image\" data-id=\"261e606\" data-element_type=\"widget\" data-widget_type=\"image.default\">\n\t\t\t\t<div class=\"elementor-widget-container\">\n\t\t\t\t\t\t\t\t\t\t\t\t\t\t\t<img loading=\"lazy\" decoding=\"async\" width=\"774\" height=\"774\" src=\"https:\/\/aftadvocacia.adv.br\/wordpressfoto\/wp-content\/uploads\/2025\/08\/advogados-jurido-afta-bento-gonc\u0327alves-time-5-1-1.webp\" class=\"attachment-full size-full wp-image-3775\" alt=\"\" srcset=\"https:\/\/aftadvocacia.adv.br\/wordpressfoto\/wp-content\/uploads\/2025\/08\/advogados-jurido-afta-bento-gonc\u0327alves-time-5-1-1.webp 774w, https:\/\/aftadvocacia.adv.br\/wordpressfoto\/wp-content\/uploads\/2025\/08\/advogados-jurido-afta-bento-gonc\u0327alves-time-5-1-1-300x300.webp 300w, https:\/\/aftadvocacia.adv.br\/wordpressfoto\/wp-content\/uploads\/2025\/08\/advogados-jurido-afta-bento-gonc\u0327alves-time-5-1-1-150x150.webp 150w, https:\/\/aftadvocacia.adv.br\/wordpressfoto\/wp-content\/uploads\/2025\/08\/advogados-jurido-afta-bento-gonc\u0327alves-time-5-1-1-768x768.webp 768w, https:\/\/aftadvocacia.adv.br\/wordpressfoto\/wp-content\/uploads\/2025\/08\/advogados-jurido-afta-bento-gonc\u0327alves-time-5-1-1-650x650.webp 650w\" sizes=\"(max-width: 774px) 100vw, 774px\" \/>\t\t\t\t\t\t\t\t\t\t\t\t\t\t\t<\/div>\n\t\t\t\t<\/div>\n\t\t\t\t<div class=\"elementor-element elementor-element-bb53e30 elementor-widget__width-initial elementor-widget elementor-widget-heading\" data-id=\"bb53e30\" data-element_type=\"widget\" data-widget_type=\"heading.default\">\n\t\t\t\t<div class=\"elementor-widget-container\">\n\t\t\t\t\t<h3 class=\"elementor-heading-title elementor-size-default\">Fl\u00e1vio Abreu  de Souza<\/h3>\t\t\t\t<\/div>\n\t\t\t\t<\/div>\n\t\t\t\t<div class=\"elementor-element elementor-element-732d75d elementor-widget__width-initial elementor-widget elementor-widget-heading\" data-id=\"732d75d\" data-element_type=\"widget\" data-widget_type=\"heading.default\">\n\t\t\t\t<div class=\"elementor-widget-container\">\n\t\t\t\t\t<h6 class=\"elementor-heading-title elementor-size-default\">OAB\/RS: 65.162\n\n<\/h6>\t\t\t\t<\/div>\n\t\t\t\t<\/div>\n\t\t\t\t<div class=\"elementor-element elementor-element-126b54f elementor-widget elementor-widget-text-editor\" data-id=\"126b54f\" data-element_type=\"widget\" data-widget_type=\"text-editor.default\">\n\t\t\t\t<div class=\"elementor-widget-container\">\n\t\t\t\t\t\t\t\t\t<p>Advogado com vasta forma\u00e7\u00e3o multidisciplinar, especialista em Gest\u00e3o Vitivin\u00edcola e Metodologia do Ensino, combinando expertise jur\u00eddica com uma s\u00f3lida base em ci\u00eancias agr\u00e1rias e educa\u00e7\u00e3o.<\/p>\t\t\t\t\t\t\t\t<\/div>\n\t\t\t\t<\/div>\n\t\t\t\t<div class=\"elementor-element elementor-element-e2a09c2 elementor-align-center elementor-widget elementor-widget-button\" data-id=\"e2a09c2\" data-element_type=\"widget\" data-widget_type=\"button.default\">\n\t\t\t\t<div class=\"elementor-widget-container\">\n\t\t\t\t\t\t\t\t\t<div class=\"elementor-button-wrapper\">\n\t\t\t\t\t<a class=\"elementor-button elementor-button-link elementor-size-sm\" href=\"https:\/\/aftadvocacia.adv.br\/wordpressfoto\/equipe\/#flavio\">\n\t\t\t\t\t\t<span class=\"elementor-button-content-wrapper\">\n\t\t\t\t\t\t\t\t\t<span class=\"elementor-button-text\">Saiba mais<\/span>\n\t\t\t\t\t<\/span>\n\t\t\t\t\t<\/a>\n\t\t\t\t<\/div>\n\t\t\t\t\t\t\t\t<\/div>\n\t\t\t\t<\/div>\n\t\t\t\t<\/div>\n\t\t<div class=\"elementor-element elementor-element-6cf53cf e-flex e-con-boxed e-con e-child\" data-id=\"6cf53cf\" data-element_type=\"container\" data-settings=\"{&quot;background_background&quot;:&quot;classic&quot;}\">\n\t\t\t\t\t<div class=\"e-con-inner\">\n\t\t\t\t<div class=\"elementor-element elementor-element-d046fe9 elementor-widget-mobile__width-initial elementor-widget elementor-widget-image\" data-id=\"d046fe9\" data-element_type=\"widget\" data-widget_type=\"image.default\">\n\t\t\t\t<div class=\"elementor-widget-container\">\n\t\t\t\t\t\t\t\t\t\t\t\t\t\t\t<img loading=\"lazy\" decoding=\"async\" width=\"774\" height=\"774\" src=\"https:\/\/aftadvocacia.adv.br\/wordpressfoto\/wp-content\/uploads\/2025\/08\/advogados-jurido-afta-bento-gonc\u0327alves-time-7-1-1.webp\" class=\"attachment-full size-full wp-image-3777\" alt=\"\" srcset=\"https:\/\/aftadvocacia.adv.br\/wordpressfoto\/wp-content\/uploads\/2025\/08\/advogados-jurido-afta-bento-gonc\u0327alves-time-7-1-1.webp 774w, https:\/\/aftadvocacia.adv.br\/wordpressfoto\/wp-content\/uploads\/2025\/08\/advogados-jurido-afta-bento-gonc\u0327alves-time-7-1-1-300x300.webp 300w, https:\/\/aftadvocacia.adv.br\/wordpressfoto\/wp-content\/uploads\/2025\/08\/advogados-jurido-afta-bento-gonc\u0327alves-time-7-1-1-150x150.webp 150w, https:\/\/aftadvocacia.adv.br\/wordpressfoto\/wp-content\/uploads\/2025\/08\/advogados-jurido-afta-bento-gonc\u0327alves-time-7-1-1-768x768.webp 768w, https:\/\/aftadvocacia.adv.br\/wordpressfoto\/wp-content\/uploads\/2025\/08\/advogados-jurido-afta-bento-gonc\u0327alves-time-7-1-1-650x650.webp 650w\" sizes=\"(max-width: 774px) 100vw, 774px\" \/>\t\t\t\t\t\t\t\t\t\t\t\t\t\t\t<\/div>\n\t\t\t\t<\/div>\n\t\t\t\t<div class=\"elementor-element elementor-element-1b9a214 elementor-widget__width-initial elementor-widget elementor-widget-heading\" data-id=\"1b9a214\" data-element_type=\"widget\" data-widget_type=\"heading.default\">\n\t\t\t\t<div class=\"elementor-widget-container\">\n\t\t\t\t\t<h3 class=\"elementor-heading-title elementor-size-default\">Rodrigo Terra de Souza<\/h3>\t\t\t\t<\/div>\n\t\t\t\t<\/div>\n\t\t\t\t<div class=\"elementor-element elementor-element-2d48bbc elementor-widget__width-initial elementor-widget elementor-widget-heading\" data-id=\"2d48bbc\" data-element_type=\"widget\" data-widget_type=\"heading.default\">\n\t\t\t\t<div class=\"elementor-widget-container\">\n\t\t\t\t\t<h6 class=\"elementor-heading-title elementor-size-default\">OAB\/RS 68.399 \u2013 OAB\/SP 378.739 OAB\/MG 198.860 \u2013 OAB\/PA 29.841A OAB\/MA 21.118A<\/h6>\t\t\t\t<\/div>\n\t\t\t\t<\/div>\n\t\t\t\t<div class=\"elementor-element elementor-element-60d6cf6 elementor-widget elementor-widget-text-editor\" data-id=\"60d6cf6\" data-element_type=\"widget\" data-widget_type=\"text-editor.default\">\n\t\t\t\t<div class=\"elementor-widget-container\">\n\t\t\t\t\t\t\t\t\t<p>Doutor em Ci\u00eancias Jur\u00eddicas e Sociais, com especializa\u00e7\u00e3o em Direito Societ\u00e1rio Avan\u00e7ado e Gest\u00e3o Empreendedora, \u00e9 um profissional dedicado \u00e0 excel\u00eancia em governan\u00e7a e compliance.<\/p>\t\t\t\t\t\t\t\t<\/div>\n\t\t\t\t<\/div>\n\t\t\t\t<div class=\"elementor-element elementor-element-3a7e40c elementor-align-center elementor-widget elementor-widget-button\" data-id=\"3a7e40c\" data-element_type=\"widget\" data-widget_type=\"button.default\">\n\t\t\t\t<div class=\"elementor-widget-container\">\n\t\t\t\t\t\t\t\t\t<div class=\"elementor-button-wrapper\">\n\t\t\t\t\t<a class=\"elementor-button elementor-button-link elementor-size-sm\" href=\"https:\/\/aftadvocacia.adv.br\/wordpressfoto\/equipe\/#rodrigo\">\n\t\t\t\t\t\t<span class=\"elementor-button-content-wrapper\">\n\t\t\t\t\t\t\t\t\t<span class=\"elementor-button-text\">Saiba mais<\/span>\n\t\t\t\t\t<\/span>\n\t\t\t\t\t<\/a>\n\t\t\t\t<\/div>\n\t\t\t\t\t\t\t\t<\/div>\n\t\t\t\t<\/div>\n\t\t\t\t\t<\/div>\n\t\t\t\t<\/div>\n\t\t<div class=\"elementor-element elementor-element-4d44ead e-con-full e-flex e-con e-child\" data-id=\"4d44ead\" data-element_type=\"container\" data-settings=\"{&quot;background_background&quot;:&quot;classic&quot;}\">\n\t\t\t\t<div class=\"elementor-element elementor-element-6b28a65 elementor-widget-mobile__width-initial elementor-widget elementor-widget-image\" data-id=\"6b28a65\" data-element_type=\"widget\" data-widget_type=\"image.default\">\n\t\t\t\t<div class=\"elementor-widget-container\">\n\t\t\t\t\t\t\t\t\t\t\t\t\t\t\t<img loading=\"lazy\" decoding=\"async\" width=\"800\" height=\"799\" src=\"https:\/\/aftadvocacia.adv.br\/wordpressfoto\/wp-content\/uploads\/2024\/10\/abreu-freitas-e-terra-aft-advocacia-bento-goncalves-rio-grande-do-sul-advogadas-equipe-4-1.webp\" class=\"attachment-full size-full wp-image-3681\" alt=\"\" srcset=\"https:\/\/aftadvocacia.adv.br\/wordpressfoto\/wp-content\/uploads\/2024\/10\/abreu-freitas-e-terra-aft-advocacia-bento-goncalves-rio-grande-do-sul-advogadas-equipe-4-1.webp 800w, https:\/\/aftadvocacia.adv.br\/wordpressfoto\/wp-content\/uploads\/2024\/10\/abreu-freitas-e-terra-aft-advocacia-bento-goncalves-rio-grande-do-sul-advogadas-equipe-4-1-300x300.webp 300w, https:\/\/aftadvocacia.adv.br\/wordpressfoto\/wp-content\/uploads\/2024\/10\/abreu-freitas-e-terra-aft-advocacia-bento-goncalves-rio-grande-do-sul-advogadas-equipe-4-1-150x150.webp 150w, https:\/\/aftadvocacia.adv.br\/wordpressfoto\/wp-content\/uploads\/2024\/10\/abreu-freitas-e-terra-aft-advocacia-bento-goncalves-rio-grande-do-sul-advogadas-equipe-4-1-768x767.webp 768w, https:\/\/aftadvocacia.adv.br\/wordpressfoto\/wp-content\/uploads\/2024\/10\/abreu-freitas-e-terra-aft-advocacia-bento-goncalves-rio-grande-do-sul-advogadas-equipe-4-1-650x650.webp 650w\" sizes=\"(max-width: 800px) 100vw, 800px\" \/>\t\t\t\t\t\t\t\t\t\t\t\t\t\t\t<\/div>\n\t\t\t\t<\/div>\n\t\t\t\t<div class=\"elementor-element elementor-element-576ccee elementor-widget__width-initial elementor-widget elementor-widget-heading\" data-id=\"576ccee\" data-element_type=\"widget\" data-widget_type=\"heading.default\">\n\t\t\t\t<div class=\"elementor-widget-container\">\n\t\t\t\t\t<h3 class=\"elementor-heading-title elementor-size-default\">Andressa Ferronatto<\/h3>\t\t\t\t<\/div>\n\t\t\t\t<\/div>\n\t\t\t\t<div class=\"elementor-element elementor-element-30f3a01 elementor-widget__width-initial elementor-widget elementor-widget-heading\" data-id=\"30f3a01\" data-element_type=\"widget\" data-widget_type=\"heading.default\">\n\t\t\t\t<div class=\"elementor-widget-container\">\n\t\t\t\t\t<h6 class=\"elementor-heading-title elementor-size-default\">OAB\/RS 91.367<\/h6>\t\t\t\t<\/div>\n\t\t\t\t<\/div>\n\t\t\t\t<div class=\"elementor-element elementor-element-cd8c8ad elementor-widget elementor-widget-text-editor\" data-id=\"cd8c8ad\" data-element_type=\"widget\" data-widget_type=\"text-editor.default\">\n\t\t\t\t<div class=\"elementor-widget-container\">\n\t\t\t\t\t\t\t\t\t<p>Advogada especializada em Direito Notarial, Registral, Civil e Empresarial comprometida com a precis\u00e3o e a excel\u00eancia jur\u00eddica.<\/p>\t\t\t\t\t\t\t\t<\/div>\n\t\t\t\t<\/div>\n\t\t\t\t<div class=\"elementor-element elementor-element-ae95dc4 elementor-align-center elementor-widget elementor-widget-button\" data-id=\"ae95dc4\" data-element_type=\"widget\" data-widget_type=\"button.default\">\n\t\t\t\t<div class=\"elementor-widget-container\">\n\t\t\t\t\t\t\t\t\t<div class=\"elementor-button-wrapper\">\n\t\t\t\t\t<a class=\"elementor-button elementor-button-link elementor-size-sm\" href=\"https:\/\/aftadvocacia.adv.br\/wordpressfoto\/equipe\/#andressa\">\n\t\t\t\t\t\t<span class=\"elementor-button-content-wrapper\">\n\t\t\t\t\t\t\t\t\t<span class=\"elementor-button-text\">Saiba mais<\/span>\n\t\t\t\t\t<\/span>\n\t\t\t\t\t<\/a>\n\t\t\t\t<\/div>\n\t\t\t\t\t\t\t\t<\/div>\n\t\t\t\t<\/div>\n\t\t\t\t<\/div>\n\t\t<div class=\"elementor-element elementor-element-909e33d e-con-full e-flex e-con e-child\" data-id=\"909e33d\" data-element_type=\"container\" data-settings=\"{&quot;background_background&quot;:&quot;classic&quot;}\">\n\t\t\t\t<div class=\"elementor-element elementor-element-387395b elementor-widget-mobile__width-initial elementor-widget elementor-widget-image\" data-id=\"387395b\" data-element_type=\"widget\" data-widget_type=\"image.default\">\n\t\t\t\t<div class=\"elementor-widget-container\">\n\t\t\t\t\t\t\t\t\t\t\t\t\t\t\t<img loading=\"lazy\" decoding=\"async\" width=\"800\" height=\"799\" src=\"https:\/\/aftadvocacia.adv.br\/wordpressfoto\/wp-content\/uploads\/2024\/10\/abreu-freitas-e-terra-aft-advocacia-bento-goncalves-rio-grande-do-sul-advogadas-equipe-10-1.webp\" class=\"attachment-full size-full wp-image-3682\" alt=\"\" srcset=\"https:\/\/aftadvocacia.adv.br\/wordpressfoto\/wp-content\/uploads\/2024\/10\/abreu-freitas-e-terra-aft-advocacia-bento-goncalves-rio-grande-do-sul-advogadas-equipe-10-1.webp 800w, https:\/\/aftadvocacia.adv.br\/wordpressfoto\/wp-content\/uploads\/2024\/10\/abreu-freitas-e-terra-aft-advocacia-bento-goncalves-rio-grande-do-sul-advogadas-equipe-10-1-300x300.webp 300w, https:\/\/aftadvocacia.adv.br\/wordpressfoto\/wp-content\/uploads\/2024\/10\/abreu-freitas-e-terra-aft-advocacia-bento-goncalves-rio-grande-do-sul-advogadas-equipe-10-1-150x150.webp 150w, https:\/\/aftadvocacia.adv.br\/wordpressfoto\/wp-content\/uploads\/2024\/10\/abreu-freitas-e-terra-aft-advocacia-bento-goncalves-rio-grande-do-sul-advogadas-equipe-10-1-768x767.webp 768w, https:\/\/aftadvocacia.adv.br\/wordpressfoto\/wp-content\/uploads\/2024\/10\/abreu-freitas-e-terra-aft-advocacia-bento-goncalves-rio-grande-do-sul-advogadas-equipe-10-1-650x650.webp 650w\" sizes=\"(max-width: 800px) 100vw, 800px\" \/>\t\t\t\t\t\t\t\t\t\t\t\t\t\t\t<\/div>\n\t\t\t\t<\/div>\n\t\t\t\t<div class=\"elementor-element elementor-element-77d9ffb elementor-widget__width-initial elementor-widget elementor-widget-heading\" data-id=\"77d9ffb\" data-element_type=\"widget\" data-widget_type=\"heading.default\">\n\t\t\t\t<div class=\"elementor-widget-container\">\n\t\t\t\t\t<h3 class=\"elementor-heading-title elementor-size-default\">Kelli Santin Ramos<\/h3>\t\t\t\t<\/div>\n\t\t\t\t<\/div>\n\t\t\t\t<div class=\"elementor-element elementor-element-225c22d elementor-widget__width-initial elementor-widget elementor-widget-heading\" data-id=\"225c22d\" data-element_type=\"widget\" data-widget_type=\"heading.default\">\n\t\t\t\t<div class=\"elementor-widget-container\">\n\t\t\t\t\t<h6 class=\"elementor-heading-title elementor-size-default\">OAB\/RS 112.584<\/h6>\t\t\t\t<\/div>\n\t\t\t\t<\/div>\n\t\t\t\t<div class=\"elementor-element elementor-element-acd8695 elementor-widget elementor-widget-text-editor\" data-id=\"acd8695\" data-element_type=\"widget\" data-widget_type=\"text-editor.default\">\n\t\t\t\t<div class=\"elementor-widget-container\">\n\t\t\t\t\t\t\t\t\t<p>Advogada com especializa\u00e7\u00e3o em Direito Contratual, trazendo uma abordagem meticulosa e estrat\u00e9gica para a elabora\u00e7\u00e3o e gest\u00e3o de contratos empresariais.<\/p>\t\t\t\t\t\t\t\t<\/div>\n\t\t\t\t<\/div>\n\t\t\t\t<div class=\"elementor-element elementor-element-e16ddc7 elementor-align-center elementor-widget elementor-widget-button\" data-id=\"e16ddc7\" data-element_type=\"widget\" data-widget_type=\"button.default\">\n\t\t\t\t<div class=\"elementor-widget-container\">\n\t\t\t\t\t\t\t\t\t<div class=\"elementor-button-wrapper\">\n\t\t\t\t\t<a class=\"elementor-button elementor-button-link elementor-size-sm\" href=\"https:\/\/aftadvocacia.adv.br\/wordpressfoto\/equipe\/#kelli\">\n\t\t\t\t\t\t<span class=\"elementor-button-content-wrapper\">\n\t\t\t\t\t\t\t\t\t<span class=\"elementor-button-text\">Saiba mais<\/span>\n\t\t\t\t\t<\/span>\n\t\t\t\t\t<\/a>\n\t\t\t\t<\/div>\n\t\t\t\t\t\t\t\t<\/div>\n\t\t\t\t<\/div>\n\t\t\t\t<\/div>\n\t\t<div class=\"elementor-element elementor-element-d30b802 e-con-full e-flex e-con e-child\" data-id=\"d30b802\" data-element_type=\"container\" data-settings=\"{&quot;background_background&quot;:&quot;classic&quot;}\">\n\t\t\t\t<div class=\"elementor-element elementor-element-5409533 elementor-widget-mobile__width-initial elementor-widget elementor-widget-image\" data-id=\"5409533\" data-element_type=\"widget\" data-widget_type=\"image.default\">\n\t\t\t\t<div class=\"elementor-widget-container\">\n\t\t\t\t\t\t\t\t\t\t\t\t\t\t\t<img loading=\"lazy\" decoding=\"async\" width=\"800\" height=\"799\" src=\"https:\/\/aftadvocacia.adv.br\/wordpressfoto\/wp-content\/uploads\/2024\/10\/abreu-freitas-e-terra-aft-advocacia-bento-goncalves-rio-grande-do-sul-advogadas-equipe-26-1.webp\" class=\"attachment-full size-full wp-image-3684\" alt=\"\" srcset=\"https:\/\/aftadvocacia.adv.br\/wordpressfoto\/wp-content\/uploads\/2024\/10\/abreu-freitas-e-terra-aft-advocacia-bento-goncalves-rio-grande-do-sul-advogadas-equipe-26-1.webp 800w, https:\/\/aftadvocacia.adv.br\/wordpressfoto\/wp-content\/uploads\/2024\/10\/abreu-freitas-e-terra-aft-advocacia-bento-goncalves-rio-grande-do-sul-advogadas-equipe-26-1-300x300.webp 300w, https:\/\/aftadvocacia.adv.br\/wordpressfoto\/wp-content\/uploads\/2024\/10\/abreu-freitas-e-terra-aft-advocacia-bento-goncalves-rio-grande-do-sul-advogadas-equipe-26-1-150x150.webp 150w, https:\/\/aftadvocacia.adv.br\/wordpressfoto\/wp-content\/uploads\/2024\/10\/abreu-freitas-e-terra-aft-advocacia-bento-goncalves-rio-grande-do-sul-advogadas-equipe-26-1-768x767.webp 768w, https:\/\/aftadvocacia.adv.br\/wordpressfoto\/wp-content\/uploads\/2024\/10\/abreu-freitas-e-terra-aft-advocacia-bento-goncalves-rio-grande-do-sul-advogadas-equipe-26-1-650x650.webp 650w\" sizes=\"(max-width: 800px) 100vw, 800px\" \/>\t\t\t\t\t\t\t\t\t\t\t\t\t\t\t<\/div>\n\t\t\t\t<\/div>\n\t\t\t\t<div class=\"elementor-element elementor-element-15b9c32 elementor-widget__width-initial elementor-widget elementor-widget-heading\" data-id=\"15b9c32\" data-element_type=\"widget\" data-widget_type=\"heading.default\">\n\t\t\t\t<div class=\"elementor-widget-container\">\n\t\t\t\t\t<h3 class=\"elementor-heading-title elementor-size-default\">Daliane Kremer Sott<\/h3>\t\t\t\t<\/div>\n\t\t\t\t<\/div>\n\t\t\t\t<div class=\"elementor-element elementor-element-8767678 elementor-widget__width-initial elementor-widget elementor-widget-heading\" data-id=\"8767678\" data-element_type=\"widget\" data-widget_type=\"heading.default\">\n\t\t\t\t<div class=\"elementor-widget-container\">\n\t\t\t\t\t<h6 class=\"elementor-heading-title elementor-size-default\">OAB\/RS 127.938<\/h6>\t\t\t\t<\/div>\n\t\t\t\t<\/div>\n\t\t\t\t<div class=\"elementor-element elementor-element-a7be3c6 elementor-widget elementor-widget-text-editor\" data-id=\"a7be3c6\" data-element_type=\"widget\" data-widget_type=\"text-editor.default\">\n\t\t\t\t<div class=\"elementor-widget-container\">\n\t\t\t\t\t\t\t\t\t<p>Advogada especializada em Direito Civil, traz sua expertise em contratos, revis\u00e3o, elabora\u00e7\u00e3o e gest\u00e3o de neg\u00f3cios jur\u00eddicos, destacando-se pela efici\u00eancia e gest\u00e3o assertiva do tempo, antecipando problemas e oportunidades.<\/p>\t\t\t\t\t\t\t\t<\/div>\n\t\t\t\t<\/div>\n\t\t\t\t<div class=\"elementor-element elementor-element-e299f0a elementor-align-center elementor-widget elementor-widget-button\" data-id=\"e299f0a\" data-element_type=\"widget\" data-widget_type=\"button.default\">\n\t\t\t\t<div class=\"elementor-widget-container\">\n\t\t\t\t\t\t\t\t\t<div class=\"elementor-button-wrapper\">\n\t\t\t\t\t<a class=\"elementor-button elementor-button-link elementor-size-sm\" href=\"https:\/\/aftadvocacia.adv.br\/wordpressfoto\/equipe\/#daliane\">\n\t\t\t\t\t\t<span class=\"elementor-button-content-wrapper\">\n\t\t\t\t\t\t\t\t\t<span class=\"elementor-button-text\">Saiba mais<\/span>\n\t\t\t\t\t<\/span>\n\t\t\t\t\t<\/a>\n\t\t\t\t<\/div>\n\t\t\t\t\t\t\t\t<\/div>\n\t\t\t\t<\/div>\n\t\t\t\t<\/div>\n\t\t<div class=\"elementor-element elementor-element-8a9ddab e-con-full e-flex e-con e-child\" data-id=\"8a9ddab\" data-element_type=\"container\" data-settings=\"{&quot;background_background&quot;:&quot;classic&quot;}\">\n\t\t\t\t<div class=\"elementor-element elementor-element-e5ad970 elementor-widget-mobile__width-initial elementor-widget elementor-widget-image\" data-id=\"e5ad970\" data-element_type=\"widget\" data-widget_type=\"image.default\">\n\t\t\t\t<div class=\"elementor-widget-container\">\n\t\t\t\t\t\t\t\t\t\t\t\t\t\t\t<img loading=\"lazy\" decoding=\"async\" width=\"800\" height=\"799\" src=\"https:\/\/aftadvocacia.adv.br\/wordpressfoto\/wp-content\/uploads\/2024\/10\/abreu-freitas-e-terra-aft-advocacia-bento-goncalves-rio-grande-do-sul-advogadas-equipe-53-1.webp\" class=\"attachment-full size-full wp-image-3686\" alt=\"\" srcset=\"https:\/\/aftadvocacia.adv.br\/wordpressfoto\/wp-content\/uploads\/2024\/10\/abreu-freitas-e-terra-aft-advocacia-bento-goncalves-rio-grande-do-sul-advogadas-equipe-53-1.webp 800w, https:\/\/aftadvocacia.adv.br\/wordpressfoto\/wp-content\/uploads\/2024\/10\/abreu-freitas-e-terra-aft-advocacia-bento-goncalves-rio-grande-do-sul-advogadas-equipe-53-1-300x300.webp 300w, https:\/\/aftadvocacia.adv.br\/wordpressfoto\/wp-content\/uploads\/2024\/10\/abreu-freitas-e-terra-aft-advocacia-bento-goncalves-rio-grande-do-sul-advogadas-equipe-53-1-150x150.webp 150w, https:\/\/aftadvocacia.adv.br\/wordpressfoto\/wp-content\/uploads\/2024\/10\/abreu-freitas-e-terra-aft-advocacia-bento-goncalves-rio-grande-do-sul-advogadas-equipe-53-1-768x767.webp 768w, https:\/\/aftadvocacia.adv.br\/wordpressfoto\/wp-content\/uploads\/2024\/10\/abreu-freitas-e-terra-aft-advocacia-bento-goncalves-rio-grande-do-sul-advogadas-equipe-53-1-650x650.webp 650w\" sizes=\"(max-width: 800px) 100vw, 800px\" \/>\t\t\t\t\t\t\t\t\t\t\t\t\t\t\t<\/div>\n\t\t\t\t<\/div>\n\t\t\t\t<div class=\"elementor-element elementor-element-6058e1f elementor-widget__width-initial elementor-widget elementor-widget-heading\" data-id=\"6058e1f\" data-element_type=\"widget\" data-widget_type=\"heading.default\">\n\t\t\t\t<div class=\"elementor-widget-container\">\n\t\t\t\t\t<h3 class=\"elementor-heading-title elementor-size-default\">Diane Duda<\/h3>\t\t\t\t<\/div>\n\t\t\t\t<\/div>\n\t\t\t\t<div class=\"elementor-element elementor-element-82284e2 elementor-widget__width-initial elementor-widget elementor-widget-heading\" data-id=\"82284e2\" data-element_type=\"widget\" data-widget_type=\"heading.default\">\n\t\t\t\t<div class=\"elementor-widget-container\">\n\t\t\t\t\t<h6 class=\"elementor-heading-title elementor-size-default\">Gestora<\/h6>\t\t\t\t<\/div>\n\t\t\t\t<\/div>\n\t\t\t\t<div class=\"elementor-element elementor-element-63d7bc8 elementor-widget elementor-widget-text-editor\" data-id=\"63d7bc8\" data-element_type=\"widget\" data-widget_type=\"text-editor.default\">\n\t\t\t\t<div class=\"elementor-widget-container\">\n\t\t\t\t\t\t\t\t\t<p>Administradora de Empresas com \u00eanfase em Finan\u00e7as e Controladoria, \u00e9 a especialista que assegura uma administra\u00e7\u00e3o financeira estrat\u00e9gica e robusta, vital para o sucesso e a expans\u00e3o dos neg\u00f3cios.<\/p>\t\t\t\t\t\t\t\t<\/div>\n\t\t\t\t<\/div>\n\t\t\t\t<div class=\"elementor-element elementor-element-7b9bff1 elementor-align-center elementor-widget elementor-widget-button\" data-id=\"7b9bff1\" data-element_type=\"widget\" data-widget_type=\"button.default\">\n\t\t\t\t<div class=\"elementor-widget-container\">\n\t\t\t\t\t\t\t\t\t<div class=\"elementor-button-wrapper\">\n\t\t\t\t\t<a class=\"elementor-button elementor-button-link elementor-size-sm\" href=\"https:\/\/aftadvocacia.adv.br\/wordpressfoto\/equipe\/#diane\">\n\t\t\t\t\t\t<span class=\"elementor-button-content-wrapper\">\n\t\t\t\t\t\t\t\t\t<span class=\"elementor-button-text\">Saiba mais<\/span>\n\t\t\t\t\t<\/span>\n\t\t\t\t\t<\/a>\n\t\t\t\t<\/div>\n\t\t\t\t\t\t\t\t<\/div>\n\t\t\t\t<\/div>\n\t\t\t\t<\/div>\n\t\t<div class=\"elementor-element elementor-element-a2f204b e-con-full e-flex e-con e-child\" data-id=\"a2f204b\" data-element_type=\"container\" data-settings=\"{&quot;background_background&quot;:&quot;classic&quot;}\">\n\t\t\t\t<div class=\"elementor-element elementor-element-789bdb4 elementor-widget-mobile__width-initial elementor-widget elementor-widget-image\" data-id=\"789bdb4\" data-element_type=\"widget\" data-widget_type=\"image.default\">\n\t\t\t\t<div class=\"elementor-widget-container\">\n\t\t\t\t\t\t\t\t\t\t\t\t\t\t\t<img loading=\"lazy\" decoding=\"async\" width=\"799\" height=\"799\" src=\"https:\/\/aftadvocacia.adv.br\/wordpressfoto\/wp-content\/uploads\/2025\/08\/marcely-benedetti-aft-advocacia-bento-goncalves-1-1.webp\" class=\"attachment-full size-full wp-image-3769\" alt=\"\" srcset=\"https:\/\/aftadvocacia.adv.br\/wordpressfoto\/wp-content\/uploads\/2025\/08\/marcely-benedetti-aft-advocacia-bento-goncalves-1-1.webp 799w, https:\/\/aftadvocacia.adv.br\/wordpressfoto\/wp-content\/uploads\/2025\/08\/marcely-benedetti-aft-advocacia-bento-goncalves-1-1-300x300.webp 300w, https:\/\/aftadvocacia.adv.br\/wordpressfoto\/wp-content\/uploads\/2025\/08\/marcely-benedetti-aft-advocacia-bento-goncalves-1-1-150x150.webp 150w, https:\/\/aftadvocacia.adv.br\/wordpressfoto\/wp-content\/uploads\/2025\/08\/marcely-benedetti-aft-advocacia-bento-goncalves-1-1-768x768.webp 768w, https:\/\/aftadvocacia.adv.br\/wordpressfoto\/wp-content\/uploads\/2025\/08\/marcely-benedetti-aft-advocacia-bento-goncalves-1-1-650x650.webp 650w\" sizes=\"(max-width: 799px) 100vw, 799px\" \/>\t\t\t\t\t\t\t\t\t\t\t\t\t\t\t<\/div>\n\t\t\t\t<\/div>\n\t\t\t\t<div class=\"elementor-element elementor-element-68bcbb6 elementor-widget__width-initial elementor-widget elementor-widget-heading\" data-id=\"68bcbb6\" data-element_type=\"widget\" data-widget_type=\"heading.default\">\n\t\t\t\t<div class=\"elementor-widget-container\">\n\t\t\t\t\t<h3 class=\"elementor-heading-title elementor-size-default\">Marcely Benedetti<\/h3>\t\t\t\t<\/div>\n\t\t\t\t<\/div>\n\t\t\t\t<div class=\"elementor-element elementor-element-bb5b015 elementor-widget__width-initial elementor-widget elementor-widget-heading\" data-id=\"bb5b015\" data-element_type=\"widget\" data-widget_type=\"heading.default\">\n\t\t\t\t<div class=\"elementor-widget-container\">\n\t\t\t\t\t<h6 class=\"elementor-heading-title elementor-size-default\">Estagi\u00e1ria de Direito<\/h6>\t\t\t\t<\/div>\n\t\t\t\t<\/div>\n\t\t\t\t<div class=\"elementor-element elementor-element-a583df5 elementor-widget elementor-widget-text-editor\" data-id=\"a583df5\" data-element_type=\"widget\" data-widget_type=\"text-editor.default\">\n\t\t\t\t<div class=\"elementor-widget-container\">\n\t\t\t\t\t\t\t\t\t<p>Atualmente cursando gradua\u00e7\u00e3o em Direito, com seu conhecimento jur\u00eddico em forma\u00e7\u00e3o, oferece uma perspectiva nova e multidisciplinar, fundamental para o dinamismo e a inova\u00e7\u00e3o no ambiente jur\u00eddico.<\/p>\t\t\t\t\t\t\t\t<\/div>\n\t\t\t\t<\/div>\n\t\t\t\t<div class=\"elementor-element elementor-element-eaa2944 elementor-align-center elementor-widget elementor-widget-button\" data-id=\"eaa2944\" data-element_type=\"widget\" data-widget_type=\"button.default\">\n\t\t\t\t<div class=\"elementor-widget-container\">\n\t\t\t\t\t\t\t\t\t<div class=\"elementor-button-wrapper\">\n\t\t\t\t\t<a class=\"elementor-button elementor-button-link elementor-size-sm\" href=\"https:\/\/aftadvocacia.adv.br\/wordpressfoto\/equipe\/#marcely\">\n\t\t\t\t\t\t<span class=\"elementor-button-content-wrapper\">\n\t\t\t\t\t\t\t\t\t<span class=\"elementor-button-text\">Saiba mais<\/span>\n\t\t\t\t\t<\/span>\n\t\t\t\t\t<\/a>\n\t\t\t\t<\/div>\n\t\t\t\t\t\t\t\t<\/div>\n\t\t\t\t<\/div>\n\t\t\t\t<\/div>\n\t\t<div class=\"elementor-element elementor-element-2ee7f1b e-con-full e-flex e-con e-child\" data-id=\"2ee7f1b\" data-element_type=\"container\" data-settings=\"{&quot;background_background&quot;:&quot;classic&quot;}\">\n\t\t\t\t<div class=\"elementor-element elementor-element-b8c796f elementor-widget-mobile__width-initial elementor-widget elementor-widget-image\" data-id=\"b8c796f\" data-element_type=\"widget\" data-widget_type=\"image.default\">\n\t\t\t\t<div class=\"elementor-widget-container\">\n\t\t\t\t\t\t\t\t\t\t\t\t\t\t\t<img loading=\"lazy\" decoding=\"async\" width=\"580\" height=\"580\" src=\"https:\/\/aftadvocacia.adv.br\/wordpressfoto\/wp-content\/uploads\/2026\/03\/aft.webp\" class=\"attachment-full size-full wp-image-3917\" alt=\"\" srcset=\"https:\/\/aftadvocacia.adv.br\/wordpressfoto\/wp-content\/uploads\/2026\/03\/aft.webp 580w, https:\/\/aftadvocacia.adv.br\/wordpressfoto\/wp-content\/uploads\/2026\/03\/aft-300x300.webp 300w, https:\/\/aftadvocacia.adv.br\/wordpressfoto\/wp-content\/uploads\/2026\/03\/aft-150x150.webp 150w\" sizes=\"(max-width: 580px) 100vw, 580px\" \/>\t\t\t\t\t\t\t\t\t\t\t\t\t\t\t<\/div>\n\t\t\t\t<\/div>\n\t\t\t\t<div class=\"elementor-element elementor-element-162062a elementor-widget__width-initial elementor-widget elementor-widget-heading\" data-id=\"162062a\" data-element_type=\"widget\" data-widget_type=\"heading.default\">\n\t\t\t\t<div class=\"elementor-widget-container\">\n\t\t\t\t\t<h3 class=\"elementor-heading-title elementor-size-default\">Edivania Scopel Parisotto<\/h3>\t\t\t\t<\/div>\n\t\t\t\t<\/div>\n\t\t\t\t<div class=\"elementor-element elementor-element-e380dd0 elementor-widget__width-initial elementor-widget elementor-widget-heading\" data-id=\"e380dd0\" data-element_type=\"widget\" data-widget_type=\"heading.default\">\n\t\t\t\t<div class=\"elementor-widget-container\">\n\t\t\t\t\t<h6 class=\"elementor-heading-title elementor-size-default\">Estagi\u00e1ria de Direito<\/h6>\t\t\t\t<\/div>\n\t\t\t\t<\/div>\n\t\t\t\t<div class=\"elementor-element elementor-element-197c64d elementor-widget elementor-widget-text-editor\" data-id=\"197c64d\" data-element_type=\"widget\" data-widget_type=\"text-editor.default\">\n\t\t\t\t<div class=\"elementor-widget-container\">\n\t\t\t\t\t\t\t\t\t<p>Edivania iniciou gradua\u00e7\u00e3o em Direito em 2025, atua como estagi\u00e1ria na Abreu Freitas &amp; Terra, apoiando rotinas jur\u00eddicas e administrativas, destacando-se por comprometimento, organiza\u00e7\u00e3o e aprendizado cont\u00ednuo com dedica\u00e7\u00e3o constante.<\/p>\t\t\t\t\t\t\t\t<\/div>\n\t\t\t\t<\/div>\n\t\t\t\t<div class=\"elementor-element elementor-element-45dd946 elementor-align-center elementor-widget elementor-widget-button\" data-id=\"45dd946\" data-element_type=\"widget\" data-widget_type=\"button.default\">\n\t\t\t\t<div class=\"elementor-widget-container\">\n\t\t\t\t\t\t\t\t\t<div class=\"elementor-button-wrapper\">\n\t\t\t\t\t<a class=\"elementor-button elementor-button-link elementor-size-sm\" href=\"https:\/\/aftadvocacia.adv.br\/wordpressfoto\/equipe\/#edi\">\n\t\t\t\t\t\t<span class=\"elementor-button-content-wrapper\">\n\t\t\t\t\t\t\t\t\t<span class=\"elementor-button-text\">Saiba mais<\/span>\n\t\t\t\t\t<\/span>\n\t\t\t\t\t<\/a>\n\t\t\t\t<\/div>\n\t\t\t\t\t\t\t\t<\/div>\n\t\t\t\t<\/div>\n\t\t\t\t<\/div>\n\t\t\t\t<\/div>\n\t\t\t\t<\/div>\n\t\t","protected":false},"excerpt":{"rendered":"<p>Abreu, Freitas &amp; Terra + 200 Empresas Atendidas Sobre a AFT Guiando com Prop\u00f3sito Um espa\u00e7o onde a paix\u00e3o pelo Direito e a excel\u00eancia se unem para oferecer solu\u00e7\u00f5es jur\u00eddicas inovadoras. Na AFT, cada caso \u00e9 uma hist\u00f3ria \u00fanica, tratada com dedica\u00e7\u00e3o e compreens\u00e3o profunda. Nossa equipe, especializada em diversas \u00e1reas do Direito, \u00e9 movida [&hellip;]<\/p>\n","protected":false},"author":1,"featured_media":0,"parent":0,"menu_order":0,"comment_status":"closed","ping_status":"closed","template":"elementor_header_footer","meta":{"footnotes":""},"class_list":["post-498","page","type-page","status-publish","hentry"],"yoast_head":"<!-- This site is optimized with the Yoast SEO plugin v25.6 - https:\/\/yoast.com\/wordpress\/plugins\/seo\/ -->\n<title>AFT Advocacia: Excel\u00eancia em Advocacia e Consultoria Jur\u00eddica<\/title>\n<meta name=\"robots\" content=\"index, follow, max-snippet:-1, max-image-preview:large, max-video-preview:-1\" \/>\n<link rel=\"canonical\" href=\"https:\/\/aftadvocacia.adv.br\/wordpressfoto\/sobre\/\" \/>\n<meta property=\"og:locale\" content=\"pt_BR\" \/>\n<meta property=\"og:type\" content=\"article\" \/>\n<meta property=\"og:title\" content=\"AFT Advocacia: Excel\u00eancia em Advocacia e Consultoria Jur\u00eddica\" \/>\n<meta property=\"og:description\" content=\"Abreu, Freitas &amp; Terra + 200 Empresas Atendidas Sobre a AFT Guiando com Prop\u00f3sito Um espa\u00e7o onde a paix\u00e3o pelo Direito e a excel\u00eancia se unem para oferecer solu\u00e7\u00f5es jur\u00eddicas inovadoras. Na AFT, cada caso \u00e9 uma hist\u00f3ria \u00fanica, tratada com dedica\u00e7\u00e3o e compreens\u00e3o profunda. Nossa equipe, especializada em diversas \u00e1reas do Direito, \u00e9 movida [&hellip;]\" \/>\n<meta property=\"og:url\" content=\"https:\/\/aftadvocacia.adv.br\/wordpressfoto\/sobre\/\" \/>\n<meta property=\"og:site_name\" content=\"AFT Advocacia: Excel\u00eancia em Advocacia e Consultoria Jur\u00eddica\" \/>\n<meta property=\"article:modified_time\" content=\"2026-03-24T23:43:09+00:00\" \/>\n<meta property=\"og:image\" content=\"https:\/\/aftadvocacia.adv.br\/wordpressfoto\/wp-content\/uploads\/2023\/11\/advocacia-escritorio-sustentabilidade-juridico-afta.webp\" \/>\n<meta name=\"twitter:card\" content=\"summary_large_image\" \/>\n<meta name=\"twitter:label1\" content=\"Est. tempo de leitura\" \/>\n\t<meta name=\"twitter:data1\" content=\"8 minutos\" \/>\n<script type=\"application\/ld+json\" class=\"yoast-schema-graph\">{\"@context\":\"https:\/\/schema.org\",\"@graph\":[{\"@type\":\"WebPage\",\"@id\":\"https:\/\/aftadvocacia.adv.br\/wordpressfoto\/sobre\/\",\"url\":\"https:\/\/aftadvocacia.adv.br\/wordpressfoto\/sobre\/\",\"name\":\"AFT Advocacia: Excel\u00eancia em Advocacia e Consultoria Jur\u00eddica\",\"isPartOf\":{\"@id\":\"https:\/\/aftadvocacia.adv.br\/wordpressfoto\/#website\"},\"primaryImageOfPage\":{\"@id\":\"https:\/\/aftadvocacia.adv.br\/wordpressfoto\/sobre\/#primaryimage\"},\"image\":{\"@id\":\"https:\/\/aftadvocacia.adv.br\/wordpressfoto\/sobre\/#primaryimage\"},\"thumbnailUrl\":\"https:\/\/aftadvocacia.adv.br\/wordpressfoto\/wp-content\/uploads\/2023\/11\/advocacia-escritorio-sustentabilidade-juridico-afta.webp\",\"datePublished\":\"2023-10-31T22:59:45+00:00\",\"dateModified\":\"2026-03-24T23:43:09+00:00\",\"breadcrumb\":{\"@id\":\"https:\/\/aftadvocacia.adv.br\/wordpressfoto\/sobre\/#breadcrumb\"},\"inLanguage\":\"pt-BR\",\"potentialAction\":[{\"@type\":\"ReadAction\",\"target\":[\"https:\/\/aftadvocacia.adv.br\/wordpressfoto\/sobre\/\"]}]},{\"@type\":\"ImageObject\",\"inLanguage\":\"pt-BR\",\"@id\":\"https:\/\/aftadvocacia.adv.br\/wordpressfoto\/sobre\/#primaryimage\",\"url\":\"https:\/\/aftadvocacia.adv.br\/wordpressfoto\/wp-content\/uploads\/2023\/11\/advocacia-escritorio-sustentabilidade-juridico-afta.webp\",\"contentUrl\":\"https:\/\/aftadvocacia.adv.br\/wordpressfoto\/wp-content\/uploads\/2023\/11\/advocacia-escritorio-sustentabilidade-juridico-afta.webp\",\"width\":1920,\"height\":1280},{\"@type\":\"BreadcrumbList\",\"@id\":\"https:\/\/aftadvocacia.adv.br\/wordpressfoto\/sobre\/#breadcrumb\",\"itemListElement\":[{\"@type\":\"ListItem\",\"position\":1,\"name\":\"In\u00edcio\",\"item\":\"https:\/\/aftadvocacia.adv.br\/wordpressfoto\/\"},{\"@type\":\"ListItem\",\"position\":2,\"name\":\"Sobre\"}]},{\"@type\":\"WebSite\",\"@id\":\"https:\/\/aftadvocacia.adv.br\/wordpressfoto\/#website\",\"url\":\"https:\/\/aftadvocacia.adv.br\/wordpressfoto\/\",\"name\":\"AFT Advogados: Excel\u00eancia em Advocacia e Consultoria Jur\u00eddica\",\"description\":\"Com mais de 20 anos de experi\u00eancia, a AFTA Advocacia se destaca pela dedica\u00e7\u00e3o, responsabilidade e compromisso em oferecer solu\u00e7\u00f5es jur\u00eddicas personalizadas. Especializados em Direito Tribut\u00e1rio, Empresarial e diversas outras \u00e1reas, nossa miss\u00e3o \u00e9 satisfazer e superar as expectativas de nossos clientes, atuando com \u00e9tica e compet\u00eancia t\u00e9cnico-jur\u00eddica.\",\"publisher\":{\"@id\":\"https:\/\/aftadvocacia.adv.br\/wordpressfoto\/#organization\"},\"potentialAction\":[{\"@type\":\"SearchAction\",\"target\":{\"@type\":\"EntryPoint\",\"urlTemplate\":\"https:\/\/aftadvocacia.adv.br\/wordpressfoto\/?s={search_term_string}\"},\"query-input\":{\"@type\":\"PropertyValueSpecification\",\"valueRequired\":true,\"valueName\":\"search_term_string\"}}],\"inLanguage\":\"pt-BR\"},{\"@type\":\"Organization\",\"@id\":\"https:\/\/aftadvocacia.adv.br\/wordpressfoto\/#organization\",\"name\":\"AFT Advogados: Excel\u00eancia em Advocacia e Consultoria Jur\u00eddica\",\"url\":\"https:\/\/aftadvocacia.adv.br\/wordpressfoto\/\",\"logo\":{\"@type\":\"ImageObject\",\"inLanguage\":\"pt-BR\",\"@id\":\"https:\/\/aftadvocacia.adv.br\/wordpressfoto\/#\/schema\/logo\/image\/\",\"url\":\"https:\/\/aftadvocacia.adv.br\/wordpressfoto\/wp-content\/uploads\/2024\/01\/Logotipo-com-OAB-aft-advogados-bento-direito.png\",\"contentUrl\":\"https:\/\/aftadvocacia.adv.br\/wordpressfoto\/wp-content\/uploads\/2024\/01\/Logotipo-com-OAB-aft-advogados-bento-direito.png\",\"width\":350,\"height\":184,\"caption\":\"AFT Advogados: Excel\u00eancia em Advocacia e Consultoria Jur\u00eddica\"},\"image\":{\"@id\":\"https:\/\/aftadvocacia.adv.br\/wordpressfoto\/#\/schema\/logo\/image\/\"}}]}<\/script>\n<!-- \/ Yoast SEO plugin. -->","yoast_head_json":{"title":"AFT Advocacia: Excel\u00eancia em Advocacia e Consultoria Jur\u00eddica","robots":{"index":"index","follow":"follow","max-snippet":"max-snippet:-1","max-image-preview":"max-image-preview:large","max-video-preview":"max-video-preview:-1"},"canonical":"https:\/\/aftadvocacia.adv.br\/wordpressfoto\/sobre\/","og_locale":"pt_BR","og_type":"article","og_title":"AFT Advocacia: Excel\u00eancia em Advocacia e Consultoria Jur\u00eddica","og_description":"Abreu, Freitas &amp; Terra + 200 Empresas Atendidas Sobre a AFT Guiando com Prop\u00f3sito Um espa\u00e7o onde a paix\u00e3o pelo Direito e a excel\u00eancia se unem para oferecer solu\u00e7\u00f5es jur\u00eddicas inovadoras. Na AFT, cada caso \u00e9 uma hist\u00f3ria \u00fanica, tratada com dedica\u00e7\u00e3o e compreens\u00e3o profunda. Nossa equipe, especializada em diversas \u00e1reas do Direito, \u00e9 movida [&hellip;]","og_url":"https:\/\/aftadvocacia.adv.br\/wordpressfoto\/sobre\/","og_site_name":"AFT Advocacia: Excel\u00eancia em Advocacia e Consultoria Jur\u00eddica","article_modified_time":"2026-03-24T23:43:09+00:00","og_image":[{"url":"https:\/\/aftadvocacia.adv.br\/wordpressfoto\/wp-content\/uploads\/2023\/11\/advocacia-escritorio-sustentabilidade-juridico-afta.webp","type":"","width":"","height":""}],"twitter_card":"summary_large_image","twitter_misc":{"Est. tempo de leitura":"8 minutos"},"schema":{"@context":"https:\/\/schema.org","@graph":[{"@type":"WebPage","@id":"https:\/\/aftadvocacia.adv.br\/wordpressfoto\/sobre\/","url":"https:\/\/aftadvocacia.adv.br\/wordpressfoto\/sobre\/","name":"AFT Advocacia: Excel\u00eancia em Advocacia e Consultoria Jur\u00eddica","isPartOf":{"@id":"https:\/\/aftadvocacia.adv.br\/wordpressfoto\/#website"},"primaryImageOfPage":{"@id":"https:\/\/aftadvocacia.adv.br\/wordpressfoto\/sobre\/#primaryimage"},"image":{"@id":"https:\/\/aftadvocacia.adv.br\/wordpressfoto\/sobre\/#primaryimage"},"thumbnailUrl":"https:\/\/aftadvocacia.adv.br\/wordpressfoto\/wp-content\/uploads\/2023\/11\/advocacia-escritorio-sustentabilidade-juridico-afta.webp","datePublished":"2023-10-31T22:59:45+00:00","dateModified":"2026-03-24T23:43:09+00:00","breadcrumb":{"@id":"https:\/\/aftadvocacia.adv.br\/wordpressfoto\/sobre\/#breadcrumb"},"inLanguage":"pt-BR","potentialAction":[{"@type":"ReadAction","target":["https:\/\/aftadvocacia.adv.br\/wordpressfoto\/sobre\/"]}]},{"@type":"ImageObject","inLanguage":"pt-BR","@id":"https:\/\/aftadvocacia.adv.br\/wordpressfoto\/sobre\/#primaryimage","url":"https:\/\/aftadvocacia.adv.br\/wordpressfoto\/wp-content\/uploads\/2023\/11\/advocacia-escritorio-sustentabilidade-juridico-afta.webp","contentUrl":"https:\/\/aftadvocacia.adv.br\/wordpressfoto\/wp-content\/uploads\/2023\/11\/advocacia-escritorio-sustentabilidade-juridico-afta.webp","width":1920,"height":1280},{"@type":"BreadcrumbList","@id":"https:\/\/aftadvocacia.adv.br\/wordpressfoto\/sobre\/#breadcrumb","itemListElement":[{"@type":"ListItem","position":1,"name":"In\u00edcio","item":"https:\/\/aftadvocacia.adv.br\/wordpressfoto\/"},{"@type":"ListItem","position":2,"name":"Sobre"}]},{"@type":"WebSite","@id":"https:\/\/aftadvocacia.adv.br\/wordpressfoto\/#website","url":"https:\/\/aftadvocacia.adv.br\/wordpressfoto\/","name":"AFT Advogados: Excel\u00eancia em Advocacia e Consultoria Jur\u00eddica","description":"Com mais de 20 anos de experi\u00eancia, a AFTA Advocacia se destaca pela dedica\u00e7\u00e3o, responsabilidade e compromisso em oferecer solu\u00e7\u00f5es jur\u00eddicas personalizadas. Especializados em Direito Tribut\u00e1rio, Empresarial e diversas outras \u00e1reas, nossa miss\u00e3o \u00e9 satisfazer e superar as expectativas de nossos clientes, atuando com \u00e9tica e compet\u00eancia t\u00e9cnico-jur\u00eddica.","publisher":{"@id":"https:\/\/aftadvocacia.adv.br\/wordpressfoto\/#organization"},"potentialAction":[{"@type":"SearchAction","target":{"@type":"EntryPoint","urlTemplate":"https:\/\/aftadvocacia.adv.br\/wordpressfoto\/?s={search_term_string}"},"query-input":{"@type":"PropertyValueSpecification","valueRequired":true,"valueName":"search_term_string"}}],"inLanguage":"pt-BR"},{"@type":"Organization","@id":"https:\/\/aftadvocacia.adv.br\/wordpressfoto\/#organization","name":"AFT Advogados: Excel\u00eancia em Advocacia e Consultoria Jur\u00eddica","url":"https:\/\/aftadvocacia.adv.br\/wordpressfoto\/","logo":{"@type":"ImageObject","inLanguage":"pt-BR","@id":"https:\/\/aftadvocacia.adv.br\/wordpressfoto\/#\/schema\/logo\/image\/","url":"https:\/\/aftadvocacia.adv.br\/wordpressfoto\/wp-content\/uploads\/2024\/01\/Logotipo-com-OAB-aft-advogados-bento-direito.png","contentUrl":"https:\/\/aftadvocacia.adv.br\/wordpressfoto\/wp-content\/uploads\/2024\/01\/Logotipo-com-OAB-aft-advogados-bento-direito.png","width":350,"height":184,"caption":"AFT Advogados: Excel\u00eancia em Advocacia e Consultoria Jur\u00eddica"},"image":{"@id":"https:\/\/aftadvocacia.adv.br\/wordpressfoto\/#\/schema\/logo\/image\/"}}]}},"_links":{"self":[{"href":"https:\/\/aftadvocacia.adv.br\/wordpressfoto\/wp-json\/wp\/v2\/pages\/498","targetHints":{"allow":["GET"]}}],"collection":[{"href":"https:\/\/aftadvocacia.adv.br\/wordpressfoto\/wp-json\/wp\/v2\/pages"}],"about":[{"href":"https:\/\/aftadvocacia.adv.br\/wordpressfoto\/wp-json\/wp\/v2\/types\/page"}],"author":[{"embeddable":true,"href":"https:\/\/aftadvocacia.adv.br\/wordpressfoto\/wp-json\/wp\/v2\/users\/1"}],"replies":[{"embeddable":true,"href":"https:\/\/aftadvocacia.adv.br\/wordpressfoto\/wp-json\/wp\/v2\/comments?post=498"}],"version-history":[{"count":39,"href":"https:\/\/aftadvocacia.adv.br\/wordpressfoto\/wp-json\/wp\/v2\/pages\/498\/revisions"}],"predecessor-version":[{"id":3920,"href":"https:\/\/aftadvocacia.adv.br\/wordpressfoto\/wp-json\/wp\/v2\/pages\/498\/revisions\/3920"}],"wp:attachment":[{"href":"https:\/\/aftadvocacia.adv.br\/wordpressfoto\/wp-json\/wp\/v2\/media?parent=498"}],"curies":[{"name":"wp","href":"https:\/\/api.w.org\/{rel}","templated":true}]}}