{"id":3798,"date":"2025-08-11T13:17:52","date_gmt":"2025-08-11T16:17:52","guid":{"rendered":"https:\/\/aftadvocacia.adv.br\/wordpressfoto\/?page_id=3798"},"modified":"2025-08-12T09:34:40","modified_gmt":"2025-08-12T12:34:40","slug":"memorial","status":"publish","type":"page","link":"https:\/\/aftadvocacia.adv.br\/wordpressfoto\/memorial\/","title":{"rendered":"Memorial"},"content":{"rendered":"\t\t<div data-elementor-type=\"wp-page\" data-elementor-id=\"3798\" class=\"elementor elementor-3798\" data-elementor-post-type=\"page\">\n\t\t\t\t<div class=\"elementor-element elementor-element-055ecf3 e-con-full elementor-hidden-tablet elementor-hidden-mobile e-flex e-con e-parent\" data-id=\"055ecf3\" data-element_type=\"container\">\n\t\t<div class=\"elementor-element elementor-element-c8c9554 e-flex e-con-boxed e-con e-child\" data-id=\"c8c9554\" data-element_type=\"container\" data-settings=\"{&quot;background_background&quot;:&quot;classic&quot;,&quot;shape_divider_bottom&quot;:&quot;opacity-fan&quot;}\">\n\t\t\t\t\t<div class=\"e-con-inner\">\n\t\t\t\t<div class=\"elementor-shape elementor-shape-bottom\" aria-hidden=\"true\" data-negative=\"false\">\n\t\t\t<svg xmlns=\"http:\/\/www.w3.org\/2000\/svg\" viewBox=\"0 0 283.5 19.6\" preserveAspectRatio=\"none\">\n\t<path class=\"elementor-shape-fill\" style=\"opacity:0.33\" d=\"M0 0L0 18.8 141.8 4.1 283.5 18.8 283.5 0z\"\/>\n\t<path class=\"elementor-shape-fill\" style=\"opacity:0.33\" d=\"M0 0L0 12.6 141.8 4 283.5 12.6 283.5 0z\"\/>\n\t<path class=\"elementor-shape-fill\" style=\"opacity:0.33\" d=\"M0 0L0 6.4 141.8 4 283.5 6.4 283.5 0z\"\/>\n\t<path class=\"elementor-shape-fill\" d=\"M0 0L0 1.2 141.8 4 283.5 1.2 283.5 0z\"\/>\n<\/svg>\t\t<\/div>\n\t\t<div class=\"elementor-element elementor-element-000585d e-con-full e-flex e-con e-child\" data-id=\"000585d\" data-element_type=\"container\" data-settings=\"{&quot;background_background&quot;:&quot;classic&quot;}\">\n\t\t\t\t<div class=\"elementor-element elementor-element-7945f4b elementor-widget elementor-widget-heading\" data-id=\"7945f4b\" data-element_type=\"widget\" data-widget_type=\"heading.default\">\n\t\t\t\t<div class=\"elementor-widget-container\">\n\t\t\t\t\t<h2 class=\"elementor-heading-title elementor-size-default\">Hors concours:<\/h2>\t\t\t\t<\/div>\n\t\t\t\t<\/div>\n\t\t\t\t<div class=\"elementor-element elementor-element-bc86018 elementor-widget elementor-widget-heading\" data-id=\"bc86018\" data-element_type=\"widget\" data-widget_type=\"heading.default\">\n\t\t\t\t<div class=\"elementor-widget-container\">\n\t\t\t\t\t<h2 class=\"elementor-heading-title elementor-size-default\">Um legado de sabedoria e amor<\/h2>\t\t\t\t<\/div>\n\t\t\t\t<\/div>\n\t\t\t\t<div class=\"elementor-element elementor-element-ac43a0d elementor-widget elementor-widget-heading\" data-id=\"ac43a0d\" data-element_type=\"widget\" data-widget_type=\"heading.default\">\n\t\t\t\t<div class=\"elementor-widget-container\">\n\t\t\t\t\t<h2 class=\"elementor-heading-title elementor-size-default\">R\u00f4mulo de Jesus Dieguez de Freitas<\/h2>\t\t\t\t<\/div>\n\t\t\t\t<\/div>\n\t\t\t\t<div class=\"elementor-element elementor-element-0622222 elementor-widget elementor-widget-heading\" data-id=\"0622222\" data-element_type=\"widget\" data-widget_type=\"heading.default\">\n\t\t\t\t<div class=\"elementor-widget-container\">\n\t\t\t\t\t<h2 class=\"elementor-heading-title elementor-size-default\">Em mem\u00f3ria<\/h2>\t\t\t\t<\/div>\n\t\t\t\t<\/div>\n\t\t\t\t<\/div>\n\t\t\t\t\t<\/div>\n\t\t\t\t<\/div>\n\t\t\t\t<\/div>\n\t\t<div class=\"elementor-element elementor-element-dfecfb6 e-con-full elementor-hidden-desktop e-flex e-con e-parent\" data-id=\"dfecfb6\" data-element_type=\"container\">\n\t\t<div class=\"elementor-element elementor-element-8448a73 e-flex e-con-boxed e-con e-child\" data-id=\"8448a73\" data-element_type=\"container\" data-settings=\"{&quot;background_background&quot;:&quot;classic&quot;,&quot;shape_divider_bottom&quot;:&quot;opacity-fan&quot;}\">\n\t\t\t\t\t<div class=\"e-con-inner\">\n\t\t\t\t<div class=\"elementor-shape elementor-shape-bottom\" aria-hidden=\"true\" data-negative=\"false\">\n\t\t\t<svg xmlns=\"http:\/\/www.w3.org\/2000\/svg\" viewBox=\"0 0 283.5 19.6\" preserveAspectRatio=\"none\">\n\t<path class=\"elementor-shape-fill\" style=\"opacity:0.33\" d=\"M0 0L0 18.8 141.8 4.1 283.5 18.8 283.5 0z\"\/>\n\t<path class=\"elementor-shape-fill\" style=\"opacity:0.33\" d=\"M0 0L0 12.6 141.8 4 283.5 12.6 283.5 0z\"\/>\n\t<path class=\"elementor-shape-fill\" style=\"opacity:0.33\" d=\"M0 0L0 6.4 141.8 4 283.5 6.4 283.5 0z\"\/>\n\t<path class=\"elementor-shape-fill\" d=\"M0 0L0 1.2 141.8 4 283.5 1.2 283.5 0z\"\/>\n<\/svg>\t\t<\/div>\n\t\t<div class=\"elementor-element elementor-element-e1a7ab7 e-con-full e-flex e-con e-child\" data-id=\"e1a7ab7\" data-element_type=\"container\" data-settings=\"{&quot;background_background&quot;:&quot;classic&quot;}\">\n\t\t\t\t<div class=\"elementor-element elementor-element-1827baf elementor-widget elementor-widget-heading\" data-id=\"1827baf\" data-element_type=\"widget\" data-widget_type=\"heading.default\">\n\t\t\t\t<div class=\"elementor-widget-container\">\n\t\t\t\t\t<h2 class=\"elementor-heading-title elementor-size-default\">Hors concours:<\/h2>\t\t\t\t<\/div>\n\t\t\t\t<\/div>\n\t\t\t\t<div class=\"elementor-element elementor-element-96da16d elementor-widget elementor-widget-heading\" data-id=\"96da16d\" data-element_type=\"widget\" data-widget_type=\"heading.default\">\n\t\t\t\t<div class=\"elementor-widget-container\">\n\t\t\t\t\t<h2 class=\"elementor-heading-title elementor-size-default\">Um legado de sabedoria e amor<\/h2>\t\t\t\t<\/div>\n\t\t\t\t<\/div>\n\t\t\t\t<div class=\"elementor-element elementor-element-61af49d elementor-widget elementor-widget-heading\" data-id=\"61af49d\" data-element_type=\"widget\" data-widget_type=\"heading.default\">\n\t\t\t\t<div class=\"elementor-widget-container\">\n\t\t\t\t\t<h2 class=\"elementor-heading-title elementor-size-default\">R\u00f4mulo de Jesus Dieguez de Freitas<\/h2>\t\t\t\t<\/div>\n\t\t\t\t<\/div>\n\t\t\t\t<div class=\"elementor-element elementor-element-fd023c1 elementor-widget elementor-widget-heading\" data-id=\"fd023c1\" data-element_type=\"widget\" data-widget_type=\"heading.default\">\n\t\t\t\t<div class=\"elementor-widget-container\">\n\t\t\t\t\t<h2 class=\"elementor-heading-title elementor-size-default\">Em mem\u00f3ria<\/h2>\t\t\t\t<\/div>\n\t\t\t\t<\/div>\n\t\t\t\t<\/div>\n\t\t\t\t\t<\/div>\n\t\t\t\t<\/div>\n\t\t\t\t<\/div>\n\t\t<div class=\"elementor-element elementor-element-bd7efcc e-flex e-con-boxed e-con e-parent\" data-id=\"bd7efcc\" data-element_type=\"container\" data-settings=\"{&quot;background_background&quot;:&quot;classic&quot;}\">\n\t\t\t\t\t<div class=\"e-con-inner\">\n\t\t<div class=\"elementor-element elementor-element-13bce6f e-con-full e-transform e-flex elementor-invisible e-con e-child\" data-id=\"13bce6f\" data-element_type=\"container\" data-settings=\"{&quot;background_background&quot;:&quot;classic&quot;,&quot;animation&quot;:&quot;rotateInUpLeft&quot;,&quot;_transform_rotateZ_effect&quot;:{&quot;unit&quot;:&quot;px&quot;,&quot;size&quot;:-9,&quot;sizes&quot;:[]},&quot;_transform_rotateZ_effect_tablet&quot;:{&quot;unit&quot;:&quot;deg&quot;,&quot;size&quot;:&quot;&quot;,&quot;sizes&quot;:[]},&quot;_transform_rotateZ_effect_mobile&quot;:{&quot;unit&quot;:&quot;deg&quot;,&quot;size&quot;:&quot;&quot;,&quot;sizes&quot;:[]}}\">\n\t\t\t\t<div class=\"elementor-element elementor-element-2ae2969 e-transform elementor-view-default elementor-invisible elementor-widget elementor-widget-icon\" data-id=\"2ae2969\" data-element_type=\"widget\" data-settings=\"{&quot;_animation&quot;:&quot;rotateInDownLeft&quot;,&quot;_transform_rotateZ_effect&quot;:{&quot;unit&quot;:&quot;px&quot;,&quot;size&quot;:86,&quot;sizes&quot;:[]},&quot;_transform_rotateZ_effect_tablet&quot;:{&quot;unit&quot;:&quot;deg&quot;,&quot;size&quot;:&quot;&quot;,&quot;sizes&quot;:[]},&quot;_transform_rotateZ_effect_mobile&quot;:{&quot;unit&quot;:&quot;deg&quot;,&quot;size&quot;:&quot;&quot;,&quot;sizes&quot;:[]}}\" data-widget_type=\"icon.default\">\n\t\t\t\t<div class=\"elementor-widget-container\">\n\t\t\t\t\t\t\t<div class=\"elementor-icon-wrapper\">\n\t\t\t<div class=\"elementor-icon\">\n\t\t\t<i aria-hidden=\"true\" class=\"icon icon-clip\"><\/i>\t\t\t<\/div>\n\t\t<\/div>\n\t\t\t\t\t\t<\/div>\n\t\t\t\t<\/div>\n\t\t<div class=\"elementor-element elementor-element-ab9a503 e-con-full e-flex e-con e-child\" data-id=\"ab9a503\" data-element_type=\"container\" data-settings=\"{&quot;background_background&quot;:&quot;slideshow&quot;,&quot;background_slideshow_gallery&quot;:[{&quot;id&quot;:3825,&quot;url&quot;:&quot;https:\\\/\\\/aftadvocacia.adv.br\\\/wordpressfoto\\\/wp-content\\\/uploads\\\/2025\\\/08\\\/aft-romulo-memorial-1.webp&quot;},{&quot;id&quot;:3826,&quot;url&quot;:&quot;https:\\\/\\\/aftadvocacia.adv.br\\\/wordpressfoto\\\/wp-content\\\/uploads\\\/2025\\\/08\\\/aft-romulo-memorial-2.webp&quot;},{&quot;id&quot;:3827,&quot;url&quot;:&quot;https:\\\/\\\/aftadvocacia.adv.br\\\/wordpressfoto\\\/wp-content\\\/uploads\\\/2025\\\/08\\\/aft-romulo-memorial-3.webp&quot;}],&quot;background_slideshow_slide_duration&quot;:2000,&quot;background_slideshow_loop&quot;:&quot;yes&quot;,&quot;background_slideshow_slide_transition&quot;:&quot;fade&quot;,&quot;background_slideshow_transition_duration&quot;:500}\">\n\t\t\t\t<\/div>\n\t\t\t\t<div class=\"elementor-element elementor-element-92abfe9 elementor-widget elementor-widget-heading\" data-id=\"92abfe9\" data-element_type=\"widget\" data-widget_type=\"heading.default\">\n\t\t\t\t<div class=\"elementor-widget-container\">\n\t\t\t\t\t<h2 class=\"elementor-heading-title elementor-size-default\">R\u00f4mulo <\/h2>\t\t\t\t<\/div>\n\t\t\t\t<\/div>\n\t\t\t\t<div class=\"elementor-element elementor-element-77fe1e3 elementor-icon-list--layout-inline elementor-align-center elementor-list-item-link-full_width elementor-widget elementor-widget-icon-list\" data-id=\"77fe1e3\" data-element_type=\"widget\" data-widget_type=\"icon-list.default\">\n\t\t\t\t<div class=\"elementor-widget-container\">\n\t\t\t\t\t\t\t<ul class=\"elementor-icon-list-items elementor-inline-items\">\n\t\t\t\t\t\t\t<li class=\"elementor-icon-list-item elementor-inline-item\">\n\t\t\t\t\t\t\t\t\t\t\t<span class=\"elementor-icon-list-icon\">\n\t\t\t\t\t\t\t<svg aria-hidden=\"true\" class=\"e-font-icon-svg e-fas-star\" viewBox=\"0 0 576 512\" xmlns=\"http:\/\/www.w3.org\/2000\/svg\"><path d=\"M259.3 17.8L194 150.2 47.9 171.5c-26.2 3.8-36.7 36.1-17.7 54.6l105.7 103-25 145.5c-4.5 26.3 23.2 46 46.4 33.7L288 439.6l130.7 68.7c23.2 12.2 50.9-7.4 46.4-33.7l-25-145.5 105.7-103c19-18.5 8.5-50.8-17.7-54.6L382 150.2 316.7 17.8c-11.7-23.6-45.6-23.9-57.4 0z\"><\/path><\/svg>\t\t\t\t\t\t<\/span>\n\t\t\t\t\t\t\t\t\t\t<span class=\"elementor-icon-list-text\">1952<\/span>\n\t\t\t\t\t\t\t\t\t<\/li>\n\t\t\t\t\t\t\t\t<li class=\"elementor-icon-list-item elementor-inline-item\">\n\t\t\t\t\t\t\t\t\t\t\t<span class=\"elementor-icon-list-icon\">\n\t\t\t\t\t\t\t<svg aria-hidden=\"true\" class=\"e-font-icon-svg e-fas-cross\" viewBox=\"0 0 384 512\" xmlns=\"http:\/\/www.w3.org\/2000\/svg\"><path d=\"M352 128h-96V32c0-17.67-14.33-32-32-32h-64c-17.67 0-32 14.33-32 32v96H32c-17.67 0-32 14.33-32 32v64c0 17.67 14.33 32 32 32h96v224c0 17.67 14.33 32 32 32h64c17.67 0 32-14.33 32-32V256h96c17.67 0 32-14.33 32-32v-64c0-17.67-14.33-32-32-32z\"><\/path><\/svg>\t\t\t\t\t\t<\/span>\n\t\t\t\t\t\t\t\t\t\t<span class=\"elementor-icon-list-text\">2025<\/span>\n\t\t\t\t\t\t\t\t\t<\/li>\n\t\t\t\t\t\t<\/ul>\n\t\t\t\t\t\t<\/div>\n\t\t\t\t<\/div>\n\t\t\t\t<\/div>\n\t\t<div class=\"elementor-element elementor-element-1b77fd6 e-con-full e-flex e-con e-child\" data-id=\"1b77fd6\" data-element_type=\"container\">\n\t\t\t\t<div class=\"elementor-element elementor-element-c1e3895 animated-slow elementor-invisible elementor-widget elementor-widget-heading\" data-id=\"c1e3895\" data-element_type=\"widget\" data-settings=\"{&quot;_animation&quot;:&quot;fadeInUp&quot;}\" data-widget_type=\"heading.default\">\n\t\t\t\t<div class=\"elementor-widget-container\">\n\t\t\t\t\t<h2 class=\"elementor-heading-title elementor-size-default\">R\u00f4mulo de Jesus Dieguez de Freitas<\/h2>\t\t\t\t<\/div>\n\t\t\t\t<\/div>\n\t\t\t\t<div class=\"elementor-element elementor-element-bfc464a elementor-widget elementor-widget-text-editor\" data-id=\"bfc464a\" data-element_type=\"widget\" data-widget_type=\"text-editor.default\">\n\t\t\t\t<div class=\"elementor-widget-container\">\n\t\t\t\t\t\t\t\t\t<p><em><span style=\"font-weight: 400;\">&#8220;Nascido na cidade de Pelotas, no ano de 1952, R\u00f4mulo de Jesus Dieguez de Freitas foi um ser humano extraordin\u00e1rio, no sentido mais puro da palavra. Fora do comum. &#8220;Hors concours&#8221;, como ele dizia sobre tantas outras coisas. R\u00f4mulo era um amante das palavras \u2013 seja nos livros ou nas pe\u00e7as que redigia com tanta primazia. Quando jovem, fazia \u201cbico\u201d de datil\u00f3grafo de trabalhos de faculdade, atividade que deu origem a um hobby e a um prazer \u00fanico: uma cole\u00e7\u00e3o de m\u00e1quinas antigas que exibia com orgulho comovente. Mas ele, que por vezes parecia subestimar as tantas coisas que fez (muitas, a cada dia ainda descobertas), se gabava mesmo era de seus filhos. Seu maior orgulho era as rela\u00e7\u00f5es que tinha no presente. Depois de cri\u00e1-los com tanta presen\u00e7a e sabedoria, passou a viajar com sua companheira \u2013 o amor da sua vida, como dizia at\u00e9 o fim \u2013 por todo o mundo. Seguiu e multiplicou o seu entusiasmo com a vida e com as hist\u00f3rias das coisas, lugares e pessoas. Foi influenciador digital, advogado, fiscal do Estado e professor \u2013 amante de seus of\u00edcios. Virava, com facilidade, fam\u00edlia de seus colegas de trabalho e alunos. Era preocupado com o mundo. Foi pioneiro ao propor, na d\u00e9cada de 1990, a ideia de um imposto ecol\u00f3gico. Grande leitor de filosofia e antigo professor de ioga, dizia que \u00e9 preciso aceitar o que a vida oferece. Fez isso no exemplo: at\u00e9 o fim, com tanta dor, espalhava sorrisos e olhos cheios de gratid\u00e3o para todos que cruzavam seu caminho, sua vista. Ouvia as pessoas. As tantas pessoas que foram atravessadas pelos seus conselhos, carinho e bondade agora lidam com esse ensinamento propagado por ele: aceitam sua partida e honram, com suas pr\u00f3prias vidas e em suas pr\u00f3prias a\u00e7\u00f5es, tudo o que ele fez, grandiosidade t\u00e3o dif\u00edcil de sistematizar com as palavras. Ele vive na mem\u00f3ria e no amor.&#8221;<\/span><\/em><\/p>\t\t\t\t\t\t\t\t<\/div>\n\t\t\t\t<\/div>\n\t\t\t\t<div class=\"elementor-element elementor-element-7bfe043 elementor-widget elementor-widget-heading\" data-id=\"7bfe043\" data-element_type=\"widget\" data-widget_type=\"heading.default\">\n\t\t\t\t<div class=\"elementor-widget-container\">\n\t\t\t\t\t<h2 class=\"elementor-heading-title elementor-size-default\">\u2022 Redigido pela filha J\u00falia Beatriz Oliveira de Freitas<\/h2>\t\t\t\t<\/div>\n\t\t\t\t<\/div>\n\t\t\t\t<\/div>\n\t\t\t\t\t<\/div>\n\t\t\t\t<\/div>\n\t\t<div class=\"elementor-element elementor-element-e0e224d e-flex e-con-boxed e-con e-parent\" data-id=\"e0e224d\" data-element_type=\"container\" data-settings=\"{&quot;background_background&quot;:&quot;classic&quot;}\">\n\t\t\t\t\t<div class=\"e-con-inner\">\n\t\t<div class=\"elementor-element elementor-element-a8e4554 e-con-full e-flex e-con e-child\" data-id=\"a8e4554\" data-element_type=\"container\">\n\t\t\t\t<div class=\"elementor-element elementor-element-fcb5233 elementor-widget__width-initial elementor-widget-mobile__width-initial elementor-invisible elementor-widget elementor-widget-heading\" data-id=\"fcb5233\" data-element_type=\"widget\" data-settings=\"{&quot;_animation&quot;:&quot;fadeInUp&quot;,&quot;_animation_delay&quot;:80}\" data-widget_type=\"heading.default\">\n\t\t\t\t<div class=\"elementor-widget-container\">\n\t\t\t\t\t<h2 class=\"elementor-heading-title elementor-size-default\">\"Para n\u00f3s da AFT Advocacia, R\u00f4mulo n\u00e3o foi apenas um colega \u2014 foi um mestre, um amigo e uma inspira\u00e7\u00e3o constante. Seu exemplo de \u00e9tica, generosidade e entusiasmo continuar\u00e1 iluminando nosso caminho e orientando cada passo que dermos.\"<\/h2>\t\t\t\t<\/div>\n\t\t\t\t<\/div>\n\t\t\t\t<\/div>\n\t\t\t\t\t<\/div>\n\t\t\t\t<\/div>\n\t\t<div class=\"elementor-element elementor-element-96ec54a e-con-full e-flex e-con e-parent\" data-id=\"96ec54a\" data-element_type=\"container\">\n\t\t\t\t<div class=\"elementor-element elementor-element-d752199 elementor-widget elementor-widget-heading\" data-id=\"d752199\" data-element_type=\"widget\" data-widget_type=\"heading.default\">\n\t\t\t\t<div class=\"elementor-widget-container\">\n\t\t\t\t\t<h2 class=\"elementor-heading-title elementor-size-default\">Gratid\u00e3o<\/h2>\t\t\t\t<\/div>\n\t\t\t\t<\/div>\n\t\t\t\t<div class=\"elementor-element elementor-element-0ad6cda elementor-widget__width-initial elementor-widget elementor-widget-heading\" data-id=\"0ad6cda\" data-element_type=\"widget\" data-widget_type=\"heading.default\">\n\t\t\t\t<div class=\"elementor-widget-container\">\n\t\t\t\t\t<h2 class=\"elementor-heading-title elementor-size-default\">Sua hist\u00f3ria permanece viva em cada cora\u00e7\u00e3o que o conheceu...<\/h2>\t\t\t\t<\/div>\n\t\t\t\t<\/div>\n\t\t\t\t<div class=\"elementor-element elementor-element-47b93ad elementor-hidden-tablet elementor-hidden-mobile elementor-widget elementor-widget-image-gallery\" data-id=\"47b93ad\" data-element_type=\"widget\" data-widget_type=\"image-gallery.default\">\n\t\t\t\t<div class=\"elementor-widget-container\">\n\t\t\t\t\t\t\t<div class=\"elementor-image-gallery\">\n\t\t\t<div id='gallery-1' class='gallery galleryid-3798 gallery-columns-4 gallery-size-full'><figure class='gallery-item'>\n\t\t\t<div class='gallery-icon portrait'>\n\t\t\t\t<a data-elementor-open-lightbox=\"yes\" data-elementor-lightbox-slideshow=\"47b93ad\" data-e-action-hash=\"#elementor-action%3Aaction%3Dlightbox%26settings%3DeyJpZCI6Mzg0MywidXJsIjoiaHR0cHM6XC9cL2FmdGFkdm9jYWNpYS5hZHYuYnJcL3dvcmRwcmVzc2ZvdG9cL3dwLWNvbnRlbnRcL3VwbG9hZHNcLzIwMjVcLzA4XC9yb211bG8tYWJyZXUtZnJlaXRhcy10ZXJyYS0xLndlYnAiLCJzbGlkZXNob3ciOiI0N2I5M2FkIn0%3D\" href='https:\/\/aftadvocacia.adv.br\/wordpressfoto\/wp-content\/uploads\/2025\/08\/romulo-abreu-freitas-terra-1.webp'><img fetchpriority=\"high\" decoding=\"async\" width=\"800\" height=\"1200\" src=\"https:\/\/aftadvocacia.adv.br\/wordpressfoto\/wp-content\/uploads\/2025\/08\/romulo-abreu-freitas-terra-1.webp\" class=\"attachment-full size-full\" alt=\"\" srcset=\"https:\/\/aftadvocacia.adv.br\/wordpressfoto\/wp-content\/uploads\/2025\/08\/romulo-abreu-freitas-terra-1.webp 800w, https:\/\/aftadvocacia.adv.br\/wordpressfoto\/wp-content\/uploads\/2025\/08\/romulo-abreu-freitas-terra-1-200x300.webp 200w, https:\/\/aftadvocacia.adv.br\/wordpressfoto\/wp-content\/uploads\/2025\/08\/romulo-abreu-freitas-terra-1-683x1024.webp 683w, https:\/\/aftadvocacia.adv.br\/wordpressfoto\/wp-content\/uploads\/2025\/08\/romulo-abreu-freitas-terra-1-768x1152.webp 768w\" sizes=\"(max-width: 800px) 100vw, 800px\" \/><\/a>\n\t\t\t<\/div><\/figure><figure class='gallery-item'>\n\t\t\t<div class='gallery-icon portrait'>\n\t\t\t\t<a data-elementor-open-lightbox=\"yes\" data-elementor-lightbox-slideshow=\"47b93ad\" data-e-action-hash=\"#elementor-action%3Aaction%3Dlightbox%26settings%3DeyJpZCI6Mzc5NCwidXJsIjoiaHR0cHM6XC9cL2FmdGFkdm9jYWNpYS5hZHYuYnJcL3dvcmRwcmVzc2ZvdG9cL3dwLWNvbnRlbnRcL3VwbG9hZHNcLzIwMjVcLzA4XC9yb211bG8tYWZ0LWFkdm9jYWNpYS1iZW50by1nb25jYWx2ZXMtMS53ZWJwIiwic2xpZGVzaG93IjoiNDdiOTNhZCJ9\" href='https:\/\/aftadvocacia.adv.br\/wordpressfoto\/wp-content\/uploads\/2025\/08\/romulo-aft-advocacia-bento-goncalves-1.webp'><img decoding=\"async\" width=\"800\" height=\"1200\" src=\"https:\/\/aftadvocacia.adv.br\/wordpressfoto\/wp-content\/uploads\/2025\/08\/romulo-aft-advocacia-bento-goncalves-1.webp\" class=\"attachment-full size-full\" alt=\"\" srcset=\"https:\/\/aftadvocacia.adv.br\/wordpressfoto\/wp-content\/uploads\/2025\/08\/romulo-aft-advocacia-bento-goncalves-1.webp 800w, https:\/\/aftadvocacia.adv.br\/wordpressfoto\/wp-content\/uploads\/2025\/08\/romulo-aft-advocacia-bento-goncalves-1-200x300.webp 200w, https:\/\/aftadvocacia.adv.br\/wordpressfoto\/wp-content\/uploads\/2025\/08\/romulo-aft-advocacia-bento-goncalves-1-683x1024.webp 683w, https:\/\/aftadvocacia.adv.br\/wordpressfoto\/wp-content\/uploads\/2025\/08\/romulo-aft-advocacia-bento-goncalves-1-768x1152.webp 768w\" sizes=\"(max-width: 800px) 100vw, 800px\" \/><\/a>\n\t\t\t<\/div><\/figure><figure class='gallery-item'>\n\t\t\t<div class='gallery-icon portrait'>\n\t\t\t\t<a data-elementor-open-lightbox=\"yes\" data-elementor-lightbox-slideshow=\"47b93ad\" data-e-action-hash=\"#elementor-action%3Aaction%3Dlightbox%26settings%3DeyJpZCI6MzgyNSwidXJsIjoiaHR0cHM6XC9cL2FmdGFkdm9jYWNpYS5hZHYuYnJcL3dvcmRwcmVzc2ZvdG9cL3dwLWNvbnRlbnRcL3VwbG9hZHNcLzIwMjVcLzA4XC9hZnQtcm9tdWxvLW1lbW9yaWFsLTEud2VicCIsInNsaWRlc2hvdyI6IjQ3YjkzYWQifQ%3D%3D\" href='https:\/\/aftadvocacia.adv.br\/wordpressfoto\/wp-content\/uploads\/2025\/08\/aft-romulo-memorial-1.webp'><img decoding=\"async\" width=\"800\" height=\"1200\" src=\"https:\/\/aftadvocacia.adv.br\/wordpressfoto\/wp-content\/uploads\/2025\/08\/aft-romulo-memorial-1.webp\" class=\"attachment-full size-full\" alt=\"\" srcset=\"https:\/\/aftadvocacia.adv.br\/wordpressfoto\/wp-content\/uploads\/2025\/08\/aft-romulo-memorial-1.webp 800w, https:\/\/aftadvocacia.adv.br\/wordpressfoto\/wp-content\/uploads\/2025\/08\/aft-romulo-memorial-1-200x300.webp 200w, https:\/\/aftadvocacia.adv.br\/wordpressfoto\/wp-content\/uploads\/2025\/08\/aft-romulo-memorial-1-683x1024.webp 683w, https:\/\/aftadvocacia.adv.br\/wordpressfoto\/wp-content\/uploads\/2025\/08\/aft-romulo-memorial-1-768x1152.webp 768w\" sizes=\"(max-width: 800px) 100vw, 800px\" \/><\/a>\n\t\t\t<\/div><\/figure><figure class='gallery-item'>\n\t\t\t<div class='gallery-icon portrait'>\n\t\t\t\t<a data-elementor-open-lightbox=\"yes\" data-elementor-lightbox-slideshow=\"47b93ad\" data-e-action-hash=\"#elementor-action%3Aaction%3Dlightbox%26settings%3DeyJpZCI6Mzg0MSwidXJsIjoiaHR0cHM6XC9cL2FmdGFkdm9jYWNpYS5hZHYuYnJcL3dvcmRwcmVzc2ZvdG9cL3dwLWNvbnRlbnRcL3VwbG9hZHNcLzIwMjVcLzA4XC9yb211bG8tYWZ0LW1lbW9yaWFsLWhpc3RvcmlhLTEud2VicCIsInNsaWRlc2hvdyI6IjQ3YjkzYWQifQ%3D%3D\" href='https:\/\/aftadvocacia.adv.br\/wordpressfoto\/wp-content\/uploads\/2025\/08\/romulo-aft-memorial-historia-1.webp'><img loading=\"lazy\" decoding=\"async\" width=\"800\" height=\"1200\" src=\"https:\/\/aftadvocacia.adv.br\/wordpressfoto\/wp-content\/uploads\/2025\/08\/romulo-aft-memorial-historia-1.webp\" class=\"attachment-full size-full\" alt=\"\" srcset=\"https:\/\/aftadvocacia.adv.br\/wordpressfoto\/wp-content\/uploads\/2025\/08\/romulo-aft-memorial-historia-1.webp 800w, https:\/\/aftadvocacia.adv.br\/wordpressfoto\/wp-content\/uploads\/2025\/08\/romulo-aft-memorial-historia-1-200x300.webp 200w, https:\/\/aftadvocacia.adv.br\/wordpressfoto\/wp-content\/uploads\/2025\/08\/romulo-aft-memorial-historia-1-683x1024.webp 683w, https:\/\/aftadvocacia.adv.br\/wordpressfoto\/wp-content\/uploads\/2025\/08\/romulo-aft-memorial-historia-1-768x1152.webp 768w\" sizes=\"(max-width: 800px) 100vw, 800px\" \/><\/a>\n\t\t\t<\/div><\/figure><figure class='gallery-item'>\n\t\t\t<div class='gallery-icon landscape'>\n\t\t\t\t<a data-elementor-open-lightbox=\"yes\" data-elementor-lightbox-slideshow=\"47b93ad\" data-e-action-hash=\"#elementor-action%3Aaction%3Dlightbox%26settings%3DeyJpZCI6Mzg0MiwidXJsIjoiaHR0cHM6XC9cL2FmdGFkdm9jYWNpYS5hZHYuYnJcL3dvcmRwcmVzc2ZvdG9cL3dwLWNvbnRlbnRcL3VwbG9hZHNcLzIwMjVcLzA4XC9hZnQtMS53ZWJwIiwic2xpZGVzaG93IjoiNDdiOTNhZCJ9\" href='https:\/\/aftadvocacia.adv.br\/wordpressfoto\/wp-content\/uploads\/2025\/08\/aft-1.webp'><img loading=\"lazy\" decoding=\"async\" width=\"1200\" height=\"800\" src=\"https:\/\/aftadvocacia.adv.br\/wordpressfoto\/wp-content\/uploads\/2025\/08\/aft-1.webp\" class=\"attachment-full size-full\" alt=\"\" srcset=\"https:\/\/aftadvocacia.adv.br\/wordpressfoto\/wp-content\/uploads\/2025\/08\/aft-1.webp 1200w, https:\/\/aftadvocacia.adv.br\/wordpressfoto\/wp-content\/uploads\/2025\/08\/aft-1-300x200.webp 300w, https:\/\/aftadvocacia.adv.br\/wordpressfoto\/wp-content\/uploads\/2025\/08\/aft-1-1024x683.webp 1024w, https:\/\/aftadvocacia.adv.br\/wordpressfoto\/wp-content\/uploads\/2025\/08\/aft-1-768x512.webp 768w\" sizes=\"(max-width: 1200px) 100vw, 1200px\" \/><\/a>\n\t\t\t<\/div><\/figure><figure class='gallery-item'>\n\t\t\t<div class='gallery-icon landscape'>\n\t\t\t\t<a data-elementor-open-lightbox=\"yes\" data-elementor-lightbox-slideshow=\"47b93ad\" data-e-action-hash=\"#elementor-action%3Aaction%3Dlightbox%26settings%3DeyJpZCI6Mzg0MCwidXJsIjoiaHR0cHM6XC9cL2FmdGFkdm9jYWNpYS5hZHYuYnJcL3dvcmRwcmVzc2ZvdG9cL3dwLWNvbnRlbnRcL3VwbG9hZHNcLzIwMjVcLzA4XC9hYnJldS1mcmVpdGFzLWUtdGVycmEtMS53ZWJwIiwic2xpZGVzaG93IjoiNDdiOTNhZCJ9\" href='https:\/\/aftadvocacia.adv.br\/wordpressfoto\/wp-content\/uploads\/2025\/08\/abreu-freitas-e-terra-1.webp'><img loading=\"lazy\" decoding=\"async\" width=\"1920\" height=\"1280\" src=\"https:\/\/aftadvocacia.adv.br\/wordpressfoto\/wp-content\/uploads\/2025\/08\/abreu-freitas-e-terra-1.webp\" class=\"attachment-full size-full\" alt=\"\" srcset=\"https:\/\/aftadvocacia.adv.br\/wordpressfoto\/wp-content\/uploads\/2025\/08\/abreu-freitas-e-terra-1.webp 1920w, https:\/\/aftadvocacia.adv.br\/wordpressfoto\/wp-content\/uploads\/2025\/08\/abreu-freitas-e-terra-1-300x200.webp 300w, https:\/\/aftadvocacia.adv.br\/wordpressfoto\/wp-content\/uploads\/2025\/08\/abreu-freitas-e-terra-1-1024x683.webp 1024w, https:\/\/aftadvocacia.adv.br\/wordpressfoto\/wp-content\/uploads\/2025\/08\/abreu-freitas-e-terra-1-768x512.webp 768w, https:\/\/aftadvocacia.adv.br\/wordpressfoto\/wp-content\/uploads\/2025\/08\/abreu-freitas-e-terra-1-1536x1024.webp 1536w\" sizes=\"(max-width: 1920px) 100vw, 1920px\" \/><\/a>\n\t\t\t<\/div><\/figure><figure class='gallery-item'>\n\t\t\t<div class='gallery-icon landscape'>\n\t\t\t\t<a data-elementor-open-lightbox=\"yes\" data-elementor-lightbox-slideshow=\"47b93ad\" data-e-action-hash=\"#elementor-action%3Aaction%3Dlightbox%26settings%3DeyJpZCI6NjkwLCJ1cmwiOiJodHRwczpcL1wvYWZ0YWR2b2NhY2lhLmFkdi5iclwvd29yZHByZXNzZm90b1wvd3AtY29udGVudFwvdXBsb2Fkc1wvMjAyM1wvMTFcL0Fkb3ZhZG8tanVyaWRpY28tYWZ0LWFkb2NhY2lhLWRpcmVpdG8tMTAwOC53ZWJwIiwic2xpZGVzaG93IjoiNDdiOTNhZCJ9\" href='https:\/\/aftadvocacia.adv.br\/wordpressfoto\/wp-content\/uploads\/2023\/11\/Adovado-juridico-aft-adocacia-direito-1008.webp'><img loading=\"lazy\" decoding=\"async\" width=\"1200\" height=\"800\" src=\"https:\/\/aftadvocacia.adv.br\/wordpressfoto\/wp-content\/uploads\/2023\/11\/Adovado-juridico-aft-adocacia-direito-1008.webp\" class=\"attachment-full size-full\" alt=\"\" srcset=\"https:\/\/aftadvocacia.adv.br\/wordpressfoto\/wp-content\/uploads\/2023\/11\/Adovado-juridico-aft-adocacia-direito-1008.webp 1200w, https:\/\/aftadvocacia.adv.br\/wordpressfoto\/wp-content\/uploads\/2023\/11\/Adovado-juridico-aft-adocacia-direito-1008-300x200.webp 300w, https:\/\/aftadvocacia.adv.br\/wordpressfoto\/wp-content\/uploads\/2023\/11\/Adovado-juridico-aft-adocacia-direito-1008-1024x683.webp 1024w, https:\/\/aftadvocacia.adv.br\/wordpressfoto\/wp-content\/uploads\/2023\/11\/Adovado-juridico-aft-adocacia-direito-1008-768x512.webp 768w\" sizes=\"(max-width: 1200px) 100vw, 1200px\" \/><\/a>\n\t\t\t<\/div><\/figure><figure class='gallery-item'>\n\t\t\t<div class='gallery-icon landscape'>\n\t\t\t\t<a data-elementor-open-lightbox=\"yes\" data-elementor-lightbox-slideshow=\"47b93ad\" data-e-action-hash=\"#elementor-action%3Aaction%3Dlightbox%26settings%3DeyJpZCI6Mzg5OCwidXJsIjoiaHR0cHM6XC9cL2FmdGFkdm9jYWNpYS5hZHYuYnJcL3dvcmRwcmVzc2ZvdG9cL3dwLWNvbnRlbnRcL3VwbG9hZHNcLzIwMjVcLzA4XC9hZnQtYWR2b2NhY2lhLWJlbnRvLWdvbmNhbHZlcy0xLndlYnAiLCJzbGlkZXNob3ciOiI0N2I5M2FkIn0%3D\" href='https:\/\/aftadvocacia.adv.br\/wordpressfoto\/wp-content\/uploads\/2025\/08\/aft-advocacia-bento-goncalves-1.webp'><img loading=\"lazy\" decoding=\"async\" width=\"1600\" height=\"1063\" src=\"https:\/\/aftadvocacia.adv.br\/wordpressfoto\/wp-content\/uploads\/2025\/08\/aft-advocacia-bento-goncalves-1.webp\" class=\"attachment-full size-full\" alt=\"\" srcset=\"https:\/\/aftadvocacia.adv.br\/wordpressfoto\/wp-content\/uploads\/2025\/08\/aft-advocacia-bento-goncalves-1.webp 1600w, https:\/\/aftadvocacia.adv.br\/wordpressfoto\/wp-content\/uploads\/2025\/08\/aft-advocacia-bento-goncalves-1-300x199.webp 300w, https:\/\/aftadvocacia.adv.br\/wordpressfoto\/wp-content\/uploads\/2025\/08\/aft-advocacia-bento-goncalves-1-1024x680.webp 1024w, https:\/\/aftadvocacia.adv.br\/wordpressfoto\/wp-content\/uploads\/2025\/08\/aft-advocacia-bento-goncalves-1-768x510.webp 768w, https:\/\/aftadvocacia.adv.br\/wordpressfoto\/wp-content\/uploads\/2025\/08\/aft-advocacia-bento-goncalves-1-1536x1020.webp 1536w\" sizes=\"(max-width: 1600px) 100vw, 1600px\" \/><\/a>\n\t\t\t<\/div><\/figure>\n\t\t<\/div>\n\t\t<\/div>\n\t\t\t\t\t\t<\/div>\n\t\t\t\t<\/div>\n\t\t\t\t<div class=\"elementor-element elementor-element-6f73d1f elementor-hidden-desktop elementor-widget elementor-widget-image-gallery\" data-id=\"6f73d1f\" data-element_type=\"widget\" data-widget_type=\"image-gallery.default\">\n\t\t\t\t<div class=\"elementor-widget-container\">\n\t\t\t\t\t\t\t<div class=\"elementor-image-gallery\">\n\t\t\t<div id='gallery-2' class='gallery galleryid-3798 gallery-columns-2 gallery-size-2048x2048'><figure class='gallery-item'>\n\t\t\t<div class='gallery-icon portrait'>\n\t\t\t\t<a data-elementor-open-lightbox=\"yes\" data-elementor-lightbox-slideshow=\"6f73d1f\" data-e-action-hash=\"#elementor-action%3Aaction%3Dlightbox%26settings%3DeyJpZCI6Mzc5NCwidXJsIjoiaHR0cHM6XC9cL2FmdGFkdm9jYWNpYS5hZHYuYnJcL3dvcmRwcmVzc2ZvdG9cL3dwLWNvbnRlbnRcL3VwbG9hZHNcLzIwMjVcLzA4XC9yb211bG8tYWZ0LWFkdm9jYWNpYS1iZW50by1nb25jYWx2ZXMtMS53ZWJwIiwic2xpZGVzaG93IjoiNmY3M2QxZiJ9\" href='https:\/\/aftadvocacia.adv.br\/wordpressfoto\/wp-content\/uploads\/2025\/08\/romulo-aft-advocacia-bento-goncalves-1.webp'><img loading=\"lazy\" decoding=\"async\" width=\"800\" height=\"1200\" src=\"https:\/\/aftadvocacia.adv.br\/wordpressfoto\/wp-content\/uploads\/2025\/08\/romulo-aft-advocacia-bento-goncalves-1.webp\" class=\"attachment-2048x2048 size-2048x2048\" alt=\"\" srcset=\"https:\/\/aftadvocacia.adv.br\/wordpressfoto\/wp-content\/uploads\/2025\/08\/romulo-aft-advocacia-bento-goncalves-1.webp 800w, https:\/\/aftadvocacia.adv.br\/wordpressfoto\/wp-content\/uploads\/2025\/08\/romulo-aft-advocacia-bento-goncalves-1-200x300.webp 200w, https:\/\/aftadvocacia.adv.br\/wordpressfoto\/wp-content\/uploads\/2025\/08\/romulo-aft-advocacia-bento-goncalves-1-683x1024.webp 683w, https:\/\/aftadvocacia.adv.br\/wordpressfoto\/wp-content\/uploads\/2025\/08\/romulo-aft-advocacia-bento-goncalves-1-768x1152.webp 768w\" sizes=\"(max-width: 800px) 100vw, 800px\" \/><\/a>\n\t\t\t<\/div><\/figure><figure class='gallery-item'>\n\t\t\t<div class='gallery-icon portrait'>\n\t\t\t\t<a data-elementor-open-lightbox=\"yes\" data-elementor-lightbox-slideshow=\"6f73d1f\" data-e-action-hash=\"#elementor-action%3Aaction%3Dlightbox%26settings%3DeyJpZCI6Mzg0MSwidXJsIjoiaHR0cHM6XC9cL2FmdGFkdm9jYWNpYS5hZHYuYnJcL3dvcmRwcmVzc2ZvdG9cL3dwLWNvbnRlbnRcL3VwbG9hZHNcLzIwMjVcLzA4XC9yb211bG8tYWZ0LW1lbW9yaWFsLWhpc3RvcmlhLTEud2VicCIsInNsaWRlc2hvdyI6IjZmNzNkMWYifQ%3D%3D\" href='https:\/\/aftadvocacia.adv.br\/wordpressfoto\/wp-content\/uploads\/2025\/08\/romulo-aft-memorial-historia-1.webp'><img loading=\"lazy\" decoding=\"async\" width=\"800\" height=\"1200\" src=\"https:\/\/aftadvocacia.adv.br\/wordpressfoto\/wp-content\/uploads\/2025\/08\/romulo-aft-memorial-historia-1.webp\" class=\"attachment-2048x2048 size-2048x2048\" alt=\"\" srcset=\"https:\/\/aftadvocacia.adv.br\/wordpressfoto\/wp-content\/uploads\/2025\/08\/romulo-aft-memorial-historia-1.webp 800w, https:\/\/aftadvocacia.adv.br\/wordpressfoto\/wp-content\/uploads\/2025\/08\/romulo-aft-memorial-historia-1-200x300.webp 200w, https:\/\/aftadvocacia.adv.br\/wordpressfoto\/wp-content\/uploads\/2025\/08\/romulo-aft-memorial-historia-1-683x1024.webp 683w, https:\/\/aftadvocacia.adv.br\/wordpressfoto\/wp-content\/uploads\/2025\/08\/romulo-aft-memorial-historia-1-768x1152.webp 768w\" sizes=\"(max-width: 800px) 100vw, 800px\" \/><\/a>\n\t\t\t<\/div><\/figure><figure class='gallery-item'>\n\t\t\t<div class='gallery-icon landscape'>\n\t\t\t\t<a data-elementor-open-lightbox=\"yes\" data-elementor-lightbox-slideshow=\"6f73d1f\" data-e-action-hash=\"#elementor-action%3Aaction%3Dlightbox%26settings%3DeyJpZCI6NjkwLCJ1cmwiOiJodHRwczpcL1wvYWZ0YWR2b2NhY2lhLmFkdi5iclwvd29yZHByZXNzZm90b1wvd3AtY29udGVudFwvdXBsb2Fkc1wvMjAyM1wvMTFcL0Fkb3ZhZG8tanVyaWRpY28tYWZ0LWFkb2NhY2lhLWRpcmVpdG8tMTAwOC53ZWJwIiwic2xpZGVzaG93IjoiNmY3M2QxZiJ9\" href='https:\/\/aftadvocacia.adv.br\/wordpressfoto\/wp-content\/uploads\/2023\/11\/Adovado-juridico-aft-adocacia-direito-1008.webp'><img loading=\"lazy\" decoding=\"async\" width=\"1200\" height=\"800\" src=\"https:\/\/aftadvocacia.adv.br\/wordpressfoto\/wp-content\/uploads\/2023\/11\/Adovado-juridico-aft-adocacia-direito-1008.webp\" class=\"attachment-2048x2048 size-2048x2048\" alt=\"\" srcset=\"https:\/\/aftadvocacia.adv.br\/wordpressfoto\/wp-content\/uploads\/2023\/11\/Adovado-juridico-aft-adocacia-direito-1008.webp 1200w, https:\/\/aftadvocacia.adv.br\/wordpressfoto\/wp-content\/uploads\/2023\/11\/Adovado-juridico-aft-adocacia-direito-1008-300x200.webp 300w, https:\/\/aftadvocacia.adv.br\/wordpressfoto\/wp-content\/uploads\/2023\/11\/Adovado-juridico-aft-adocacia-direito-1008-1024x683.webp 1024w, https:\/\/aftadvocacia.adv.br\/wordpressfoto\/wp-content\/uploads\/2023\/11\/Adovado-juridico-aft-adocacia-direito-1008-768x512.webp 768w\" sizes=\"(max-width: 1200px) 100vw, 1200px\" \/><\/a>\n\t\t\t<\/div><\/figure><figure class='gallery-item'>\n\t\t\t<div class='gallery-icon landscape'>\n\t\t\t\t<a data-elementor-open-lightbox=\"yes\" data-elementor-lightbox-slideshow=\"6f73d1f\" data-e-action-hash=\"#elementor-action%3Aaction%3Dlightbox%26settings%3DeyJpZCI6Mzg0MCwidXJsIjoiaHR0cHM6XC9cL2FmdGFkdm9jYWNpYS5hZHYuYnJcL3dvcmRwcmVzc2ZvdG9cL3dwLWNvbnRlbnRcL3VwbG9hZHNcLzIwMjVcLzA4XC9hYnJldS1mcmVpdGFzLWUtdGVycmEtMS53ZWJwIiwic2xpZGVzaG93IjoiNmY3M2QxZiJ9\" href='https:\/\/aftadvocacia.adv.br\/wordpressfoto\/wp-content\/uploads\/2025\/08\/abreu-freitas-e-terra-1.webp'><img loading=\"lazy\" decoding=\"async\" width=\"1920\" height=\"1280\" src=\"https:\/\/aftadvocacia.adv.br\/wordpressfoto\/wp-content\/uploads\/2025\/08\/abreu-freitas-e-terra-1.webp\" class=\"attachment-2048x2048 size-2048x2048\" alt=\"\" srcset=\"https:\/\/aftadvocacia.adv.br\/wordpressfoto\/wp-content\/uploads\/2025\/08\/abreu-freitas-e-terra-1.webp 1920w, https:\/\/aftadvocacia.adv.br\/wordpressfoto\/wp-content\/uploads\/2025\/08\/abreu-freitas-e-terra-1-300x200.webp 300w, https:\/\/aftadvocacia.adv.br\/wordpressfoto\/wp-content\/uploads\/2025\/08\/abreu-freitas-e-terra-1-1024x683.webp 1024w, https:\/\/aftadvocacia.adv.br\/wordpressfoto\/wp-content\/uploads\/2025\/08\/abreu-freitas-e-terra-1-768x512.webp 768w, https:\/\/aftadvocacia.adv.br\/wordpressfoto\/wp-content\/uploads\/2025\/08\/abreu-freitas-e-terra-1-1536x1024.webp 1536w\" sizes=\"(max-width: 1920px) 100vw, 1920px\" \/><\/a>\n\t\t\t<\/div><\/figure><figure class='gallery-item'>\n\t\t\t<div class='gallery-icon portrait'>\n\t\t\t\t<a data-elementor-open-lightbox=\"yes\" data-elementor-lightbox-slideshow=\"6f73d1f\" data-e-action-hash=\"#elementor-action%3Aaction%3Dlightbox%26settings%3DeyJpZCI6Mzg0MywidXJsIjoiaHR0cHM6XC9cL2FmdGFkdm9jYWNpYS5hZHYuYnJcL3dvcmRwcmVzc2ZvdG9cL3dwLWNvbnRlbnRcL3VwbG9hZHNcLzIwMjVcLzA4XC9yb211bG8tYWJyZXUtZnJlaXRhcy10ZXJyYS0xLndlYnAiLCJzbGlkZXNob3ciOiI2ZjczZDFmIn0%3D\" href='https:\/\/aftadvocacia.adv.br\/wordpressfoto\/wp-content\/uploads\/2025\/08\/romulo-abreu-freitas-terra-1.webp'><img loading=\"lazy\" decoding=\"async\" width=\"800\" height=\"1200\" src=\"https:\/\/aftadvocacia.adv.br\/wordpressfoto\/wp-content\/uploads\/2025\/08\/romulo-abreu-freitas-terra-1.webp\" class=\"attachment-2048x2048 size-2048x2048\" alt=\"\" srcset=\"https:\/\/aftadvocacia.adv.br\/wordpressfoto\/wp-content\/uploads\/2025\/08\/romulo-abreu-freitas-terra-1.webp 800w, https:\/\/aftadvocacia.adv.br\/wordpressfoto\/wp-content\/uploads\/2025\/08\/romulo-abreu-freitas-terra-1-200x300.webp 200w, https:\/\/aftadvocacia.adv.br\/wordpressfoto\/wp-content\/uploads\/2025\/08\/romulo-abreu-freitas-terra-1-683x1024.webp 683w, https:\/\/aftadvocacia.adv.br\/wordpressfoto\/wp-content\/uploads\/2025\/08\/romulo-abreu-freitas-terra-1-768x1152.webp 768w\" sizes=\"(max-width: 800px) 100vw, 800px\" \/><\/a>\n\t\t\t<\/div><\/figure><figure class='gallery-item'>\n\t\t\t<div class='gallery-icon landscape'>\n\t\t\t\t<a data-elementor-open-lightbox=\"yes\" data-elementor-lightbox-slideshow=\"6f73d1f\" data-e-action-hash=\"#elementor-action%3Aaction%3Dlightbox%26settings%3DeyJpZCI6Mzg0MiwidXJsIjoiaHR0cHM6XC9cL2FmdGFkdm9jYWNpYS5hZHYuYnJcL3dvcmRwcmVzc2ZvdG9cL3dwLWNvbnRlbnRcL3VwbG9hZHNcLzIwMjVcLzA4XC9hZnQtMS53ZWJwIiwic2xpZGVzaG93IjoiNmY3M2QxZiJ9\" href='https:\/\/aftadvocacia.adv.br\/wordpressfoto\/wp-content\/uploads\/2025\/08\/aft-1.webp'><img loading=\"lazy\" decoding=\"async\" width=\"1200\" height=\"800\" src=\"https:\/\/aftadvocacia.adv.br\/wordpressfoto\/wp-content\/uploads\/2025\/08\/aft-1.webp\" class=\"attachment-2048x2048 size-2048x2048\" alt=\"\" srcset=\"https:\/\/aftadvocacia.adv.br\/wordpressfoto\/wp-content\/uploads\/2025\/08\/aft-1.webp 1200w, https:\/\/aftadvocacia.adv.br\/wordpressfoto\/wp-content\/uploads\/2025\/08\/aft-1-300x200.webp 300w, https:\/\/aftadvocacia.adv.br\/wordpressfoto\/wp-content\/uploads\/2025\/08\/aft-1-1024x683.webp 1024w, https:\/\/aftadvocacia.adv.br\/wordpressfoto\/wp-content\/uploads\/2025\/08\/aft-1-768x512.webp 768w\" sizes=\"(max-width: 1200px) 100vw, 1200px\" \/><\/a>\n\t\t\t<\/div><\/figure><figure class='gallery-item'>\n\t\t\t<div class='gallery-icon portrait'>\n\t\t\t\t<a data-elementor-open-lightbox=\"yes\" data-elementor-lightbox-slideshow=\"6f73d1f\" data-e-action-hash=\"#elementor-action%3Aaction%3Dlightbox%26settings%3DeyJpZCI6MzQ4NywidXJsIjoiaHR0cHM6XC9cL2FmdGFkdm9jYWNpYS5hZHYuYnJcL3dvcmRwcmVzc2ZvdG9cL3dwLWNvbnRlbnRcL3VwbG9hZHNcLzIwMjRcLzA0XC8yMDE2LUNvbWVtb3JhY1x1MDMyN2FcdTAzMDNvLWRvcy0zLWFub3MtZGUtQUZULndlYnAiLCJzbGlkZXNob3ciOiI2ZjczZDFmIn0%3D\" href='https:\/\/aftadvocacia.adv.br\/wordpressfoto\/wp-content\/uploads\/2024\/04\/2016-Comemorac\u0327a\u0303o-dos-3-anos-de-AFT.webp'><img loading=\"lazy\" decoding=\"async\" width=\"674\" height=\"675\" src=\"https:\/\/aftadvocacia.adv.br\/wordpressfoto\/wp-content\/uploads\/2024\/04\/2016-Comemorac\u0327a\u0303o-dos-3-anos-de-AFT.webp\" class=\"attachment-2048x2048 size-2048x2048\" alt=\"\" srcset=\"https:\/\/aftadvocacia.adv.br\/wordpressfoto\/wp-content\/uploads\/2024\/04\/2016-Comemorac\u0327a\u0303o-dos-3-anos-de-AFT.webp 674w, https:\/\/aftadvocacia.adv.br\/wordpressfoto\/wp-content\/uploads\/2024\/04\/2016-Comemorac\u0327a\u0303o-dos-3-anos-de-AFT-300x300.webp 300w, https:\/\/aftadvocacia.adv.br\/wordpressfoto\/wp-content\/uploads\/2024\/04\/2016-Comemorac\u0327a\u0303o-dos-3-anos-de-AFT-150x150.webp 150w, https:\/\/aftadvocacia.adv.br\/wordpressfoto\/wp-content\/uploads\/2024\/04\/2016-Comemorac\u0327a\u0303o-dos-3-anos-de-AFT-650x650.webp 650w\" sizes=\"(max-width: 674px) 100vw, 674px\" \/><\/a>\n\t\t\t<\/div><\/figure><figure class='gallery-item'>\n\t\t\t<div class='gallery-icon portrait'>\n\t\t\t\t<a data-elementor-open-lightbox=\"yes\" data-elementor-lightbox-slideshow=\"6f73d1f\" data-e-action-hash=\"#elementor-action%3Aaction%3Dlightbox%26settings%3DeyJpZCI6MzgyNSwidXJsIjoiaHR0cHM6XC9cL2FmdGFkdm9jYWNpYS5hZHYuYnJcL3dvcmRwcmVzc2ZvdG9cL3dwLWNvbnRlbnRcL3VwbG9hZHNcLzIwMjVcLzA4XC9hZnQtcm9tdWxvLW1lbW9yaWFsLTEud2VicCIsInNsaWRlc2hvdyI6IjZmNzNkMWYifQ%3D%3D\" href='https:\/\/aftadvocacia.adv.br\/wordpressfoto\/wp-content\/uploads\/2025\/08\/aft-romulo-memorial-1.webp'><img loading=\"lazy\" decoding=\"async\" width=\"800\" height=\"1200\" src=\"https:\/\/aftadvocacia.adv.br\/wordpressfoto\/wp-content\/uploads\/2025\/08\/aft-romulo-memorial-1.webp\" class=\"attachment-2048x2048 size-2048x2048\" alt=\"\" srcset=\"https:\/\/aftadvocacia.adv.br\/wordpressfoto\/wp-content\/uploads\/2025\/08\/aft-romulo-memorial-1.webp 800w, https:\/\/aftadvocacia.adv.br\/wordpressfoto\/wp-content\/uploads\/2025\/08\/aft-romulo-memorial-1-200x300.webp 200w, https:\/\/aftadvocacia.adv.br\/wordpressfoto\/wp-content\/uploads\/2025\/08\/aft-romulo-memorial-1-683x1024.webp 683w, https:\/\/aftadvocacia.adv.br\/wordpressfoto\/wp-content\/uploads\/2025\/08\/aft-romulo-memorial-1-768x1152.webp 768w\" sizes=\"(max-width: 800px) 100vw, 800px\" \/><\/a>\n\t\t\t<\/div><\/figure>\n\t\t<\/div>\n\t\t<\/div>\n\t\t\t\t\t\t<\/div>\n\t\t\t\t<\/div>\n\t\t\t\t<div class=\"elementor-element elementor-element-a7b2b72 elementor-widget elementor-widget-gallery\" data-id=\"a7b2b72\" data-element_type=\"widget\" data-settings=\"{&quot;aspect_ratio&quot;:&quot;1:1&quot;,&quot;lazyload&quot;:&quot;yes&quot;,&quot;gallery_layout&quot;:&quot;grid&quot;,&quot;columns&quot;:4,&quot;columns_tablet&quot;:2,&quot;columns_mobile&quot;:1,&quot;gap&quot;:{&quot;unit&quot;:&quot;px&quot;,&quot;size&quot;:10,&quot;sizes&quot;:[]},&quot;gap_tablet&quot;:{&quot;unit&quot;:&quot;px&quot;,&quot;size&quot;:10,&quot;sizes&quot;:[]},&quot;gap_mobile&quot;:{&quot;unit&quot;:&quot;px&quot;,&quot;size&quot;:10,&quot;sizes&quot;:[]},&quot;link_to&quot;:&quot;file&quot;,&quot;content_hover_animation&quot;:&quot;fade-in&quot;}\" data-widget_type=\"gallery.default\">\n\t\t\t\t<div class=\"elementor-widget-container\">\n\t\t\t\t\t\t\t<div class=\"elementor-gallery__container\">\n\t\t\t\t\t\t\t<a class=\"e-gallery-item elementor-gallery-item elementor-animated-content\" href=\"https:\/\/aftadvocacia.adv.br\/wordpressfoto\/wp-content\/uploads\/2025\/08\/aft-1.webp\" data-elementor-open-lightbox=\"yes\" data-elementor-lightbox-slideshow=\"a7b2b72\" data-e-action-hash=\"#elementor-action%3Aaction%3Dlightbox%26settings%3DeyJpZCI6Mzg0MiwidXJsIjoiaHR0cHM6XC9cL2FmdGFkdm9jYWNpYS5hZHYuYnJcL3dvcmRwcmVzc2ZvdG9cL3dwLWNvbnRlbnRcL3VwbG9hZHNcLzIwMjVcLzA4XC9hZnQtMS53ZWJwIiwic2xpZGVzaG93IjoiYTdiMmI3MiJ9\">\n\t\t\t\t\t<div class=\"e-gallery-image elementor-gallery-item__image\" data-thumbnail=\"https:\/\/aftadvocacia.adv.br\/wordpressfoto\/wp-content\/uploads\/2025\/08\/aft-1.webp\" data-width=\"1200\" data-height=\"800\" aria-label=\"\" role=\"img\" ><\/div>\n\t\t\t\t\t\t\t\t\t\t\t\t\t\t<\/a>\n\t\t\t\t\t\t\t<a class=\"e-gallery-item elementor-gallery-item elementor-animated-content\" href=\"https:\/\/aftadvocacia.adv.br\/wordpressfoto\/wp-content\/uploads\/2025\/08\/romulo-aft-memorial-historia-1.webp\" data-elementor-open-lightbox=\"yes\" data-elementor-lightbox-slideshow=\"a7b2b72\" data-e-action-hash=\"#elementor-action%3Aaction%3Dlightbox%26settings%3DeyJpZCI6Mzg0MSwidXJsIjoiaHR0cHM6XC9cL2FmdGFkdm9jYWNpYS5hZHYuYnJcL3dvcmRwcmVzc2ZvdG9cL3dwLWNvbnRlbnRcL3VwbG9hZHNcLzIwMjVcLzA4XC9yb211bG8tYWZ0LW1lbW9yaWFsLWhpc3RvcmlhLTEud2VicCIsInNsaWRlc2hvdyI6ImE3YjJiNzIifQ%3D%3D\">\n\t\t\t\t\t<div class=\"e-gallery-image elementor-gallery-item__image\" data-thumbnail=\"https:\/\/aftadvocacia.adv.br\/wordpressfoto\/wp-content\/uploads\/2025\/08\/romulo-aft-memorial-historia-1.webp\" data-width=\"800\" data-height=\"1200\" aria-label=\"\" role=\"img\" ><\/div>\n\t\t\t\t\t\t\t\t\t\t\t\t\t\t<\/a>\n\t\t\t\t\t\t\t<a class=\"e-gallery-item elementor-gallery-item elementor-animated-content\" href=\"https:\/\/aftadvocacia.adv.br\/wordpressfoto\/wp-content\/uploads\/2025\/08\/abreu-freitas-e-terra-1.webp\" data-elementor-open-lightbox=\"yes\" data-elementor-lightbox-slideshow=\"a7b2b72\" data-e-action-hash=\"#elementor-action%3Aaction%3Dlightbox%26settings%3DeyJpZCI6Mzg0MCwidXJsIjoiaHR0cHM6XC9cL2FmdGFkdm9jYWNpYS5hZHYuYnJcL3dvcmRwcmVzc2ZvdG9cL3dwLWNvbnRlbnRcL3VwbG9hZHNcLzIwMjVcLzA4XC9hYnJldS1mcmVpdGFzLWUtdGVycmEtMS53ZWJwIiwic2xpZGVzaG93IjoiYTdiMmI3MiJ9\">\n\t\t\t\t\t<div class=\"e-gallery-image elementor-gallery-item__image\" data-thumbnail=\"https:\/\/aftadvocacia.adv.br\/wordpressfoto\/wp-content\/uploads\/2025\/08\/abreu-freitas-e-terra-1.webp\" data-width=\"1920\" data-height=\"1280\" aria-label=\"\" role=\"img\" ><\/div>\n\t\t\t\t\t\t\t\t\t\t\t\t\t\t<\/a>\n\t\t\t\t\t\t\t<a class=\"e-gallery-item elementor-gallery-item elementor-animated-content\" href=\"https:\/\/aftadvocacia.adv.br\/wordpressfoto\/wp-content\/uploads\/2025\/08\/aft-romulo-memorial-1.webp\" data-elementor-open-lightbox=\"yes\" data-elementor-lightbox-slideshow=\"a7b2b72\" data-e-action-hash=\"#elementor-action%3Aaction%3Dlightbox%26settings%3DeyJpZCI6MzgyNSwidXJsIjoiaHR0cHM6XC9cL2FmdGFkdm9jYWNpYS5hZHYuYnJcL3dvcmRwcmVzc2ZvdG9cL3dwLWNvbnRlbnRcL3VwbG9hZHNcLzIwMjVcLzA4XC9hZnQtcm9tdWxvLW1lbW9yaWFsLTEud2VicCIsInNsaWRlc2hvdyI6ImE3YjJiNzIifQ%3D%3D\">\n\t\t\t\t\t<div class=\"e-gallery-image elementor-gallery-item__image\" data-thumbnail=\"https:\/\/aftadvocacia.adv.br\/wordpressfoto\/wp-content\/uploads\/2025\/08\/aft-romulo-memorial-1.webp\" data-width=\"800\" data-height=\"1200\" aria-label=\"\" role=\"img\" ><\/div>\n\t\t\t\t\t\t\t\t\t\t\t\t\t\t<\/a>\n\t\t\t\t\t\t\t<a class=\"e-gallery-item elementor-gallery-item elementor-animated-content\" href=\"https:\/\/aftadvocacia.adv.br\/wordpressfoto\/wp-content\/uploads\/2024\/04\/2016-Comemorac\u0327a\u0303o-dos-3-anos-de-AFT.webp\" data-elementor-open-lightbox=\"yes\" data-elementor-lightbox-slideshow=\"a7b2b72\" data-e-action-hash=\"#elementor-action%3Aaction%3Dlightbox%26settings%3DeyJpZCI6MzQ4NywidXJsIjoiaHR0cHM6XC9cL2FmdGFkdm9jYWNpYS5hZHYuYnJcL3dvcmRwcmVzc2ZvdG9cL3dwLWNvbnRlbnRcL3VwbG9hZHNcLzIwMjRcLzA0XC8yMDE2LUNvbWVtb3JhY1x1MDMyN2FcdTAzMDNvLWRvcy0zLWFub3MtZGUtQUZULndlYnAiLCJzbGlkZXNob3ciOiJhN2IyYjcyIn0%3D\">\n\t\t\t\t\t<div class=\"e-gallery-image elementor-gallery-item__image\" data-thumbnail=\"https:\/\/aftadvocacia.adv.br\/wordpressfoto\/wp-content\/uploads\/2024\/04\/2016-Comemorac\u0327a\u0303o-dos-3-anos-de-AFT.webp\" data-width=\"674\" data-height=\"675\" aria-label=\"\" role=\"img\" ><\/div>\n\t\t\t\t\t\t\t\t\t\t\t\t\t\t<\/a>\n\t\t\t\t\t\t\t<a class=\"e-gallery-item elementor-gallery-item elementor-animated-content\" href=\"https:\/\/aftadvocacia.adv.br\/wordpressfoto\/wp-content\/uploads\/2023\/11\/Adovado-juridico-aft-adocacia-direito-1008.webp\" data-elementor-open-lightbox=\"yes\" data-elementor-lightbox-slideshow=\"a7b2b72\" data-e-action-hash=\"#elementor-action%3Aaction%3Dlightbox%26settings%3DeyJpZCI6NjkwLCJ1cmwiOiJodHRwczpcL1wvYWZ0YWR2b2NhY2lhLmFkdi5iclwvd29yZHByZXNzZm90b1wvd3AtY29udGVudFwvdXBsb2Fkc1wvMjAyM1wvMTFcL0Fkb3ZhZG8tanVyaWRpY28tYWZ0LWFkb2NhY2lhLWRpcmVpdG8tMTAwOC53ZWJwIiwic2xpZGVzaG93IjoiYTdiMmI3MiJ9\">\n\t\t\t\t\t<div class=\"e-gallery-image elementor-gallery-item__image\" data-thumbnail=\"https:\/\/aftadvocacia.adv.br\/wordpressfoto\/wp-content\/uploads\/2023\/11\/Adovado-juridico-aft-adocacia-direito-1008.webp\" data-width=\"1200\" data-height=\"800\" aria-label=\"\" role=\"img\" ><\/div>\n\t\t\t\t\t\t\t\t\t\t\t\t\t\t<\/a>\n\t\t\t\t\t\t\t<a class=\"e-gallery-item elementor-gallery-item elementor-animated-content\" href=\"https:\/\/aftadvocacia.adv.br\/wordpressfoto\/wp-content\/uploads\/2025\/08\/romulo-aft-advocacia-bento-goncalves-1.webp\" data-elementor-open-lightbox=\"yes\" data-elementor-lightbox-slideshow=\"a7b2b72\" data-e-action-hash=\"#elementor-action%3Aaction%3Dlightbox%26settings%3DeyJpZCI6Mzc5NCwidXJsIjoiaHR0cHM6XC9cL2FmdGFkdm9jYWNpYS5hZHYuYnJcL3dvcmRwcmVzc2ZvdG9cL3dwLWNvbnRlbnRcL3VwbG9hZHNcLzIwMjVcLzA4XC9yb211bG8tYWZ0LWFkdm9jYWNpYS1iZW50by1nb25jYWx2ZXMtMS53ZWJwIiwic2xpZGVzaG93IjoiYTdiMmI3MiJ9\">\n\t\t\t\t\t<div class=\"e-gallery-image elementor-gallery-item__image\" data-thumbnail=\"https:\/\/aftadvocacia.adv.br\/wordpressfoto\/wp-content\/uploads\/2025\/08\/romulo-aft-advocacia-bento-goncalves-1.webp\" data-width=\"800\" data-height=\"1200\" aria-label=\"\" role=\"img\" ><\/div>\n\t\t\t\t\t\t\t\t\t\t\t\t\t\t<\/a>\n\t\t\t\t\t\t\t<a class=\"e-gallery-item elementor-gallery-item elementor-animated-content\" href=\"https:\/\/aftadvocacia.adv.br\/wordpressfoto\/wp-content\/uploads\/2025\/08\/romulo-abreu-freitas-terra-1.webp\" data-elementor-open-lightbox=\"yes\" data-elementor-lightbox-slideshow=\"a7b2b72\" data-e-action-hash=\"#elementor-action%3Aaction%3Dlightbox%26settings%3DeyJpZCI6Mzg0MywidXJsIjoiaHR0cHM6XC9cL2FmdGFkdm9jYWNpYS5hZHYuYnJcL3dvcmRwcmVzc2ZvdG9cL3dwLWNvbnRlbnRcL3VwbG9hZHNcLzIwMjVcLzA4XC9yb211bG8tYWJyZXUtZnJlaXRhcy10ZXJyYS0xLndlYnAiLCJzbGlkZXNob3ciOiJhN2IyYjcyIn0%3D\">\n\t\t\t\t\t<div class=\"e-gallery-image elementor-gallery-item__image\" data-thumbnail=\"https:\/\/aftadvocacia.adv.br\/wordpressfoto\/wp-content\/uploads\/2025\/08\/romulo-abreu-freitas-terra-1.webp\" data-width=\"800\" data-height=\"1200\" aria-label=\"\" role=\"img\" ><\/div>\n\t\t\t\t\t\t\t\t\t\t\t\t\t\t<\/a>\n\t\t\t\t\t<\/div>\n\t\t\t\t\t<\/div>\n\t\t\t\t<\/div>\n\t\t\t\t<\/div>\n\t\t\t\t<\/div>\n\t\t","protected":false},"excerpt":{"rendered":"<p>Hors concours: Um legado de sabedoria e amor R\u00f4mulo de Jesus Dieguez de Freitas Em mem\u00f3ria Hors concours: Um legado de sabedoria e amor R\u00f4mulo de Jesus Dieguez de Freitas Em mem\u00f3ria R\u00f4mulo 1952 2025 R\u00f4mulo de Jesus Dieguez de Freitas &#8220;Nascido na cidade de Pelotas, no ano de 1952, R\u00f4mulo de Jesus Dieguez de [&hellip;]<\/p>\n","protected":false},"author":1,"featured_media":0,"parent":0,"menu_order":0,"comment_status":"closed","ping_status":"closed","template":"elementor_header_footer","meta":{"footnotes":""},"class_list":["post-3798","page","type-page","status-publish","hentry"],"yoast_head":"<!-- This site is optimized with the Yoast SEO plugin v25.6 - https:\/\/yoast.com\/wordpress\/plugins\/seo\/ -->\n<title>AFT Advocacia: Excel\u00eancia em Advocacia e Consultoria Jur\u00eddica<\/title>\n<meta name=\"robots\" content=\"index, follow, max-snippet:-1, max-image-preview:large, max-video-preview:-1\" \/>\n<link rel=\"canonical\" href=\"https:\/\/aftadvocacia.adv.br\/wordpressfoto\/memorial\/\" \/>\n<meta property=\"og:locale\" content=\"pt_BR\" \/>\n<meta property=\"og:type\" content=\"article\" \/>\n<meta property=\"og:title\" content=\"AFT Advocacia: Excel\u00eancia em Advocacia e Consultoria Jur\u00eddica\" \/>\n<meta property=\"og:description\" content=\"Hors concours: Um legado de sabedoria e amor R\u00f4mulo de Jesus Dieguez de Freitas Em mem\u00f3ria Hors concours: Um legado de sabedoria e amor R\u00f4mulo de Jesus Dieguez de Freitas Em mem\u00f3ria R\u00f4mulo 1952 2025 R\u00f4mulo de Jesus Dieguez de Freitas &#8220;Nascido na cidade de Pelotas, no ano de 1952, R\u00f4mulo de Jesus Dieguez de [&hellip;]\" \/>\n<meta property=\"og:url\" content=\"https:\/\/aftadvocacia.adv.br\/wordpressfoto\/memorial\/\" \/>\n<meta property=\"og:site_name\" content=\"AFT Advocacia: Excel\u00eancia em Advocacia e Consultoria Jur\u00eddica\" \/>\n<meta property=\"article:modified_time\" content=\"2025-08-12T12:34:40+00:00\" \/>\n<meta property=\"og:image\" content=\"https:\/\/aftadvocacia.adv.br\/wordpressfoto\/wp-content\/uploads\/2025\/08\/romulo-abreu-freitas-terra-1.webp\" \/>\n<meta name=\"twitter:card\" content=\"summary_large_image\" \/>\n<meta name=\"twitter:label1\" content=\"Est. tempo de leitura\" \/>\n\t<meta name=\"twitter:data1\" content=\"6 minutos\" \/>\n<script type=\"application\/ld+json\" class=\"yoast-schema-graph\">{\"@context\":\"https:\/\/schema.org\",\"@graph\":[{\"@type\":\"WebPage\",\"@id\":\"https:\/\/aftadvocacia.adv.br\/wordpressfoto\/memorial\/\",\"url\":\"https:\/\/aftadvocacia.adv.br\/wordpressfoto\/memorial\/\",\"name\":\"AFT Advocacia: Excel\u00eancia em Advocacia e Consultoria Jur\u00eddica\",\"isPartOf\":{\"@id\":\"https:\/\/aftadvocacia.adv.br\/wordpressfoto\/#website\"},\"primaryImageOfPage\":{\"@id\":\"https:\/\/aftadvocacia.adv.br\/wordpressfoto\/memorial\/#primaryimage\"},\"image\":{\"@id\":\"https:\/\/aftadvocacia.adv.br\/wordpressfoto\/memorial\/#primaryimage\"},\"thumbnailUrl\":\"https:\/\/aftadvocacia.adv.br\/wordpressfoto\/wp-content\/uploads\/2025\/08\/romulo-abreu-freitas-terra-1.webp\",\"datePublished\":\"2025-08-11T16:17:52+00:00\",\"dateModified\":\"2025-08-12T12:34:40+00:00\",\"breadcrumb\":{\"@id\":\"https:\/\/aftadvocacia.adv.br\/wordpressfoto\/memorial\/#breadcrumb\"},\"inLanguage\":\"pt-BR\",\"potentialAction\":[{\"@type\":\"ReadAction\",\"target\":[\"https:\/\/aftadvocacia.adv.br\/wordpressfoto\/memorial\/\"]}]},{\"@type\":\"ImageObject\",\"inLanguage\":\"pt-BR\",\"@id\":\"https:\/\/aftadvocacia.adv.br\/wordpressfoto\/memorial\/#primaryimage\",\"url\":\"https:\/\/aftadvocacia.adv.br\/wordpressfoto\/wp-content\/uploads\/2025\/08\/romulo-abreu-freitas-terra-1.webp\",\"contentUrl\":\"https:\/\/aftadvocacia.adv.br\/wordpressfoto\/wp-content\/uploads\/2025\/08\/romulo-abreu-freitas-terra-1.webp\"},{\"@type\":\"BreadcrumbList\",\"@id\":\"https:\/\/aftadvocacia.adv.br\/wordpressfoto\/memorial\/#breadcrumb\",\"itemListElement\":[{\"@type\":\"ListItem\",\"position\":1,\"name\":\"In\u00edcio\",\"item\":\"https:\/\/aftadvocacia.adv.br\/wordpressfoto\/\"},{\"@type\":\"ListItem\",\"position\":2,\"name\":\"Memorial\"}]},{\"@type\":\"WebSite\",\"@id\":\"https:\/\/aftadvocacia.adv.br\/wordpressfoto\/#website\",\"url\":\"https:\/\/aftadvocacia.adv.br\/wordpressfoto\/\",\"name\":\"AFT Advogados: Excel\u00eancia em Advocacia e Consultoria Jur\u00eddica\",\"description\":\"Com mais de 20 anos de experi\u00eancia, a AFTA Advocacia se destaca pela dedica\u00e7\u00e3o, responsabilidade e compromisso em oferecer solu\u00e7\u00f5es jur\u00eddicas personalizadas. Especializados em Direito Tribut\u00e1rio, Empresarial e diversas outras \u00e1reas, nossa miss\u00e3o \u00e9 satisfazer e superar as expectativas de nossos clientes, atuando com \u00e9tica e compet\u00eancia t\u00e9cnico-jur\u00eddica.\",\"publisher\":{\"@id\":\"https:\/\/aftadvocacia.adv.br\/wordpressfoto\/#organization\"},\"potentialAction\":[{\"@type\":\"SearchAction\",\"target\":{\"@type\":\"EntryPoint\",\"urlTemplate\":\"https:\/\/aftadvocacia.adv.br\/wordpressfoto\/?s={search_term_string}\"},\"query-input\":{\"@type\":\"PropertyValueSpecification\",\"valueRequired\":true,\"valueName\":\"search_term_string\"}}],\"inLanguage\":\"pt-BR\"},{\"@type\":\"Organization\",\"@id\":\"https:\/\/aftadvocacia.adv.br\/wordpressfoto\/#organization\",\"name\":\"AFT Advogados: Excel\u00eancia em Advocacia e Consultoria Jur\u00eddica\",\"url\":\"https:\/\/aftadvocacia.adv.br\/wordpressfoto\/\",\"logo\":{\"@type\":\"ImageObject\",\"inLanguage\":\"pt-BR\",\"@id\":\"https:\/\/aftadvocacia.adv.br\/wordpressfoto\/#\/schema\/logo\/image\/\",\"url\":\"https:\/\/aftadvocacia.adv.br\/wordpressfoto\/wp-content\/uploads\/2024\/01\/Logotipo-com-OAB-aft-advogados-bento-direito.png\",\"contentUrl\":\"https:\/\/aftadvocacia.adv.br\/wordpressfoto\/wp-content\/uploads\/2024\/01\/Logotipo-com-OAB-aft-advogados-bento-direito.png\",\"width\":350,\"height\":184,\"caption\":\"AFT Advogados: Excel\u00eancia em Advocacia e Consultoria Jur\u00eddica\"},\"image\":{\"@id\":\"https:\/\/aftadvocacia.adv.br\/wordpressfoto\/#\/schema\/logo\/image\/\"}}]}<\/script>\n<!-- \/ Yoast SEO plugin. -->","yoast_head_json":{"title":"AFT Advocacia: Excel\u00eancia em Advocacia e Consultoria Jur\u00eddica","robots":{"index":"index","follow":"follow","max-snippet":"max-snippet:-1","max-image-preview":"max-image-preview:large","max-video-preview":"max-video-preview:-1"},"canonical":"https:\/\/aftadvocacia.adv.br\/wordpressfoto\/memorial\/","og_locale":"pt_BR","og_type":"article","og_title":"AFT Advocacia: Excel\u00eancia em Advocacia e Consultoria Jur\u00eddica","og_description":"Hors concours: Um legado de sabedoria e amor R\u00f4mulo de Jesus Dieguez de Freitas Em mem\u00f3ria Hors concours: Um legado de sabedoria e amor R\u00f4mulo de Jesus Dieguez de Freitas Em mem\u00f3ria R\u00f4mulo 1952 2025 R\u00f4mulo de Jesus Dieguez de Freitas &#8220;Nascido na cidade de Pelotas, no ano de 1952, R\u00f4mulo de Jesus Dieguez de [&hellip;]","og_url":"https:\/\/aftadvocacia.adv.br\/wordpressfoto\/memorial\/","og_site_name":"AFT Advocacia: Excel\u00eancia em Advocacia e Consultoria Jur\u00eddica","article_modified_time":"2025-08-12T12:34:40+00:00","og_image":[{"url":"https:\/\/aftadvocacia.adv.br\/wordpressfoto\/wp-content\/uploads\/2025\/08\/romulo-abreu-freitas-terra-1.webp","type":"","width":"","height":""}],"twitter_card":"summary_large_image","twitter_misc":{"Est. tempo de leitura":"6 minutos"},"schema":{"@context":"https:\/\/schema.org","@graph":[{"@type":"WebPage","@id":"https:\/\/aftadvocacia.adv.br\/wordpressfoto\/memorial\/","url":"https:\/\/aftadvocacia.adv.br\/wordpressfoto\/memorial\/","name":"AFT Advocacia: Excel\u00eancia em Advocacia e Consultoria Jur\u00eddica","isPartOf":{"@id":"https:\/\/aftadvocacia.adv.br\/wordpressfoto\/#website"},"primaryImageOfPage":{"@id":"https:\/\/aftadvocacia.adv.br\/wordpressfoto\/memorial\/#primaryimage"},"image":{"@id":"https:\/\/aftadvocacia.adv.br\/wordpressfoto\/memorial\/#primaryimage"},"thumbnailUrl":"https:\/\/aftadvocacia.adv.br\/wordpressfoto\/wp-content\/uploads\/2025\/08\/romulo-abreu-freitas-terra-1.webp","datePublished":"2025-08-11T16:17:52+00:00","dateModified":"2025-08-12T12:34:40+00:00","breadcrumb":{"@id":"https:\/\/aftadvocacia.adv.br\/wordpressfoto\/memorial\/#breadcrumb"},"inLanguage":"pt-BR","potentialAction":[{"@type":"ReadAction","target":["https:\/\/aftadvocacia.adv.br\/wordpressfoto\/memorial\/"]}]},{"@type":"ImageObject","inLanguage":"pt-BR","@id":"https:\/\/aftadvocacia.adv.br\/wordpressfoto\/memorial\/#primaryimage","url":"https:\/\/aftadvocacia.adv.br\/wordpressfoto\/wp-content\/uploads\/2025\/08\/romulo-abreu-freitas-terra-1.webp","contentUrl":"https:\/\/aftadvocacia.adv.br\/wordpressfoto\/wp-content\/uploads\/2025\/08\/romulo-abreu-freitas-terra-1.webp"},{"@type":"BreadcrumbList","@id":"https:\/\/aftadvocacia.adv.br\/wordpressfoto\/memorial\/#breadcrumb","itemListElement":[{"@type":"ListItem","position":1,"name":"In\u00edcio","item":"https:\/\/aftadvocacia.adv.br\/wordpressfoto\/"},{"@type":"ListItem","position":2,"name":"Memorial"}]},{"@type":"WebSite","@id":"https:\/\/aftadvocacia.adv.br\/wordpressfoto\/#website","url":"https:\/\/aftadvocacia.adv.br\/wordpressfoto\/","name":"AFT Advogados: Excel\u00eancia em Advocacia e Consultoria Jur\u00eddica","description":"Com mais de 20 anos de experi\u00eancia, a AFTA Advocacia se destaca pela dedica\u00e7\u00e3o, responsabilidade e compromisso em oferecer solu\u00e7\u00f5es jur\u00eddicas personalizadas. Especializados em Direito Tribut\u00e1rio, Empresarial e diversas outras \u00e1reas, nossa miss\u00e3o \u00e9 satisfazer e superar as expectativas de nossos clientes, atuando com \u00e9tica e compet\u00eancia t\u00e9cnico-jur\u00eddica.","publisher":{"@id":"https:\/\/aftadvocacia.adv.br\/wordpressfoto\/#organization"},"potentialAction":[{"@type":"SearchAction","target":{"@type":"EntryPoint","urlTemplate":"https:\/\/aftadvocacia.adv.br\/wordpressfoto\/?s={search_term_string}"},"query-input":{"@type":"PropertyValueSpecification","valueRequired":true,"valueName":"search_term_string"}}],"inLanguage":"pt-BR"},{"@type":"Organization","@id":"https:\/\/aftadvocacia.adv.br\/wordpressfoto\/#organization","name":"AFT Advogados: Excel\u00eancia em Advocacia e Consultoria Jur\u00eddica","url":"https:\/\/aftadvocacia.adv.br\/wordpressfoto\/","logo":{"@type":"ImageObject","inLanguage":"pt-BR","@id":"https:\/\/aftadvocacia.adv.br\/wordpressfoto\/#\/schema\/logo\/image\/","url":"https:\/\/aftadvocacia.adv.br\/wordpressfoto\/wp-content\/uploads\/2024\/01\/Logotipo-com-OAB-aft-advogados-bento-direito.png","contentUrl":"https:\/\/aftadvocacia.adv.br\/wordpressfoto\/wp-content\/uploads\/2024\/01\/Logotipo-com-OAB-aft-advogados-bento-direito.png","width":350,"height":184,"caption":"AFT Advogados: Excel\u00eancia em Advocacia e Consultoria Jur\u00eddica"},"image":{"@id":"https:\/\/aftadvocacia.adv.br\/wordpressfoto\/#\/schema\/logo\/image\/"}}]}},"_links":{"self":[{"href":"https:\/\/aftadvocacia.adv.br\/wordpressfoto\/wp-json\/wp\/v2\/pages\/3798","targetHints":{"allow":["GET"]}}],"collection":[{"href":"https:\/\/aftadvocacia.adv.br\/wordpressfoto\/wp-json\/wp\/v2\/pages"}],"about":[{"href":"https:\/\/aftadvocacia.adv.br\/wordpressfoto\/wp-json\/wp\/v2\/types\/page"}],"author":[{"embeddable":true,"href":"https:\/\/aftadvocacia.adv.br\/wordpressfoto\/wp-json\/wp\/v2\/users\/1"}],"replies":[{"embeddable":true,"href":"https:\/\/aftadvocacia.adv.br\/wordpressfoto\/wp-json\/wp\/v2\/comments?post=3798"}],"version-history":[{"count":58,"href":"https:\/\/aftadvocacia.adv.br\/wordpressfoto\/wp-json\/wp\/v2\/pages\/3798\/revisions"}],"predecessor-version":[{"id":3901,"href":"https:\/\/aftadvocacia.adv.br\/wordpressfoto\/wp-json\/wp\/v2\/pages\/3798\/revisions\/3901"}],"wp:attachment":[{"href":"https:\/\/aftadvocacia.adv.br\/wordpressfoto\/wp-json\/wp\/v2\/media?parent=3798"}],"curies":[{"name":"wp","href":"https:\/\/api.w.org\/{rel}","templated":true}]}}