{"id":1123,"date":"2023-11-08T07:39:17","date_gmt":"2023-11-08T10:39:17","guid":{"rendered":"https:\/\/aftadvocacia.adv.br\/wordpressfoto\/?page_id=1123"},"modified":"2026-03-24T20:58:39","modified_gmt":"2026-03-24T23:58:39","slug":"equipe","status":"publish","type":"page","link":"https:\/\/aftadvocacia.adv.br\/wordpressfoto\/equipe\/","title":{"rendered":"Equipe"},"content":{"rendered":"\t\t<div data-elementor-type=\"wp-page\" data-elementor-id=\"1123\" class=\"elementor elementor-1123\" data-elementor-post-type=\"page\">\n\t\t\t\t<div class=\"elementor-element elementor-element-0b57c1e e-con-full e-flex e-con e-parent\" data-id=\"0b57c1e\" data-element_type=\"container\">\n\t\t<div class=\"elementor-element elementor-element-c54a80d elementor-hidden-tablet elementor-hidden-mobile e-con-full e-flex e-con e-child\" data-id=\"c54a80d\" data-element_type=\"container\" data-settings=\"{&quot;background_background&quot;:&quot;classic&quot;}\">\n\t\t\t\t<\/div>\n\t\t<div class=\"elementor-element elementor-element-2eaa0a0 e-con-full e-flex e-con e-child\" data-id=\"2eaa0a0\" data-element_type=\"container\" data-settings=\"{&quot;background_background&quot;:&quot;classic&quot;}\">\n\t\t\t\t<div class=\"elementor-element elementor-element-a69d85c elementor-widget-tablet__width-inherit elementor-widget__width-initial elementor-widget elementor-widget-heading\" data-id=\"a69d85c\" data-element_type=\"widget\" data-widget_type=\"heading.default\">\n\t\t\t\t<div class=\"elementor-widget-container\">\n\t\t\t\t\t<h1 class=\"elementor-heading-title elementor-size-default\">Equipe<\/h1>\t\t\t\t<\/div>\n\t\t\t\t<\/div>\n\t\t\t\t<\/div>\n\t\t\t\t<\/div>\n\t\t<div class=\"elementor-element elementor-element-17ee087 e-flex e-con-boxed e-con e-parent\" data-id=\"17ee087\" data-element_type=\"container\">\n\t\t\t\t\t<div class=\"e-con-inner\">\n\t\t<div class=\"elementor-element elementor-element-b3ed727 e-con-full e-flex e-con e-child\" data-id=\"b3ed727\" data-element_type=\"container\">\n\t\t<div class=\"elementor-element elementor-element-afadc61 e-con-full e-flex e-con e-child\" data-id=\"afadc61\" data-element_type=\"container\">\n\t\t<div class=\"elementor-element elementor-element-3a84364 e-con-full e-flex e-con e-child\" data-id=\"3a84364\" data-element_type=\"container\">\n\t\t\t\t<div class=\"elementor-element elementor-element-8c3cae3 elementor-widget elementor-widget-heading\" data-id=\"8c3cae3\" data-element_type=\"widget\" data-widget_type=\"heading.default\">\n\t\t\t\t<div class=\"elementor-widget-container\">\n\t\t\t\t\t<h5 class=\"elementor-heading-title elementor-size-default\">Conhe\u00e7a Nossos Especialistas<\/h5>\t\t\t\t<\/div>\n\t\t\t\t<\/div>\n\t\t\t\t<div class=\"elementor-element elementor-element-a72a8e2 elementor-widget elementor-widget-heading\" data-id=\"a72a8e2\" data-element_type=\"widget\" data-widget_type=\"heading.default\">\n\t\t\t\t<div class=\"elementor-widget-container\">\n\t\t\t\t\t<h2 class=\"elementor-heading-title elementor-size-default\">Perfis de profissionais dedicados \u00e0 advocacia<\/h2>\t\t\t\t<\/div>\n\t\t\t\t<\/div>\n\t\t\t\t<\/div>\n\t\t\t\t<\/div>\n\t\t\t\t<\/div>\n\t\t\t\t\t<\/div>\n\t\t\t\t<\/div>\n\t\t<div class=\"elementor-element elementor-element-7c4e841 e-flex e-con-boxed e-con e-parent\" data-id=\"7c4e841\" data-element_type=\"container\" id=\"flavio\">\n\t\t\t\t\t<div class=\"e-con-inner\">\n\t\t<div class=\"elementor-element elementor-element-fa52ad2 e-con-full e-flex e-con e-child\" data-id=\"fa52ad2\" data-element_type=\"container\">\n\t\t<div class=\"elementor-element elementor-element-fab860f e-con-full e-flex e-con e-child\" data-id=\"fab860f\" data-element_type=\"container\" data-settings=\"{&quot;background_background&quot;:&quot;classic&quot;}\">\n\t\t<div class=\"elementor-element elementor-element-f55b67e e-con-full e-flex e-con e-child\" data-id=\"f55b67e\" data-element_type=\"container\">\n\t\t\t\t<div class=\"elementor-element elementor-element-85e8fb1 elementor-widget elementor-widget-image\" data-id=\"85e8fb1\" data-element_type=\"widget\" data-widget_type=\"image.default\">\n\t\t\t\t<div class=\"elementor-widget-container\">\n\t\t\t\t\t\t\t\t\t\t\t\t\t\t\t<img fetchpriority=\"high\" decoding=\"async\" width=\"800\" height=\"1200\" src=\"https:\/\/aftadvocacia.adv.br\/wordpressfoto\/wp-content\/uploads\/2023\/11\/advogados-juridico-escritorio-aft-bento-gonc\u0327alves-4-1.webp\" class=\"attachment-full size-full wp-image-1165\" alt=\"\" srcset=\"https:\/\/aftadvocacia.adv.br\/wordpressfoto\/wp-content\/uploads\/2023\/11\/advogados-juridico-escritorio-aft-bento-gonc\u0327alves-4-1.webp 800w, https:\/\/aftadvocacia.adv.br\/wordpressfoto\/wp-content\/uploads\/2023\/11\/advogados-juridico-escritorio-aft-bento-gonc\u0327alves-4-1-200x300.webp 200w, https:\/\/aftadvocacia.adv.br\/wordpressfoto\/wp-content\/uploads\/2023\/11\/advogados-juridico-escritorio-aft-bento-gonc\u0327alves-4-1-683x1024.webp 683w, https:\/\/aftadvocacia.adv.br\/wordpressfoto\/wp-content\/uploads\/2023\/11\/advogados-juridico-escritorio-aft-bento-gonc\u0327alves-4-1-768x1152.webp 768w\" sizes=\"(max-width: 800px) 100vw, 800px\" \/>\t\t\t\t\t\t\t\t\t\t\t\t\t\t\t<\/div>\n\t\t\t\t<\/div>\n\t\t\t\t<div class=\"elementor-element elementor-element-a4a14ba elementor-widget elementor-widget-heading\" data-id=\"a4a14ba\" data-element_type=\"widget\" data-widget_type=\"heading.default\">\n\t\t\t\t<div class=\"elementor-widget-container\">\n\t\t\t\t\t<h3 class=\"elementor-heading-title elementor-size-default\">Dr. Fl\u00e1vio Abreu <br> de Souza<\/h3>\t\t\t\t<\/div>\n\t\t\t\t<\/div>\n\t\t\t\t<div class=\"elementor-element elementor-element-c8eb11d elementor-widget__width-initial elementor-widget elementor-widget-heading\" data-id=\"c8eb11d\" data-element_type=\"widget\" data-widget_type=\"heading.default\">\n\t\t\t\t<div class=\"elementor-widget-container\">\n\t\t\t\t\t<h4 class=\"elementor-heading-title elementor-size-default\"><b>OAB\/RS <\/b>65.162<\/h4>\t\t\t\t<\/div>\n\t\t\t\t<\/div>\n\t\t\t\t<\/div>\n\t\t\t\t<\/div>\n\t\t\t\t<\/div>\n\t\t<div class=\"elementor-element elementor-element-ac7acb8 e-con-full e-flex e-con e-child\" data-id=\"ac7acb8\" data-element_type=\"container\">\n\t\t\t\t<div class=\"elementor-element elementor-element-da616b7 elementor-widget__width-initial elementor-widget elementor-widget-heading\" data-id=\"da616b7\" data-element_type=\"widget\" data-widget_type=\"heading.default\">\n\t\t\t\t<div class=\"elementor-widget-container\">\n\t\t\t\t\t<h4 class=\"elementor-heading-title elementor-size-default\">Sobre<\/h4>\t\t\t\t<\/div>\n\t\t\t\t<\/div>\n\t\t\t\t<div class=\"elementor-element elementor-element-a88023b elementor-widget__width-initial elementor-widget-divider--view-line elementor-widget elementor-widget-divider\" data-id=\"a88023b\" data-element_type=\"widget\" data-widget_type=\"divider.default\">\n\t\t\t\t<div class=\"elementor-widget-container\">\n\t\t\t\t\t\t\t<div class=\"elementor-divider\">\n\t\t\t<span class=\"elementor-divider-separator\">\n\t\t\t\t\t\t<\/span>\n\t\t<\/div>\n\t\t\t\t\t\t<\/div>\n\t\t\t\t<\/div>\n\t\t\t\t<div class=\"elementor-element elementor-element-56a5a84 elementor-widget elementor-widget-text-editor\" data-id=\"56a5a84\" data-element_type=\"widget\" data-widget_type=\"text-editor.default\">\n\t\t\t\t<div class=\"elementor-widget-container\">\n\t\t\t\t\t\t\t\t\t<p>Advogado com forma\u00e7\u00e3o diversificada, que combina expertise jur\u00eddica com um profundo conhecimento em ci\u00eancias agr\u00e1rias e educa\u00e7\u00e3o. Graduado em Direito pela Universidade de Caxias do Sul (UCS\/CARVI), ele tamb\u00e9m possui uma forma\u00e7\u00e3o significativa em Ci\u00eancias Agr\u00e1rias, obtida na Universidade Federal Rural do Rio de Janeiro (UFRRJ), onde tamb\u00e9m concluiu seu mestrado em Educa\u00e7\u00e3o Agr\u00edcola.<\/p><p><span style=\"color: var( --e-global-color-text ); text-align: var(--text-align);\">Sua especializa\u00e7\u00e3o em Gest\u00e3o Vitivin\u00edcola pela Universidade da Regi\u00e3o de Joinville (UNIVILLE) e em Metodologia do Ensino pela Universidade de Passo Fundo (UPF) reflete sua paix\u00e3o por combinar teoria e pr\u00e1tica, tanto no campo jur\u00eddico quanto no agr\u00edcola. Al\u00e9m disso, sua experi\u00eancia internacional, com est\u00e1gios na \u00c9cole National de Formation Agronomique de Toulouse (ENFA-Fran\u00e7a) e na Universidade de Buenos Aires (UBA-Argentina), enriquece sua perspectiva e abordagem profissional.<\/span><\/p><p><span style=\"color: var( --e-global-color-text ); text-align: var(--text-align);\">O Dr. Fl\u00e1vio tem uma carreira acad\u00eamica e administrativa not\u00e1vel, tendo atuado como professor de gradua\u00e7\u00e3o, p\u00f3s-gradua\u00e7\u00e3o e MBA, al\u00e9m de ocupar posi\u00e7\u00f5es de lideran\u00e7a como ex-Diretor da Faculdade de Tecnologia (FTEC), ex-Diretor-adjunto do CEFET\/RS e ex-Diretor do Departamento de Administra\u00e7\u00e3o e Planejamento da Escola Agrot\u00e9cnica Federal Presidente Juscelino Kubitschek. Essas experi\u00eancias demonstram sua habilidade em lideran\u00e7a e gest\u00e3o, al\u00e9m de sua dedica\u00e7\u00e3o ao ensino e \u00e0 pesquisa.<\/span><\/p><p><span style=\"color: var( --e-global-color-text ); text-align: var(--text-align);\">Na AFT Advocacia e Consultoria Jur\u00eddica, o Dr. Fl\u00e1vio \u00e9 um recurso valioso, trazendo uma abordagem \u00fanica que integra direito, ci\u00eancias agr\u00e1rias e educa\u00e7\u00e3o. Sua capacidade de analisar quest\u00f5es jur\u00eddicas sob diferentes perspectivas \u00e9 fundamental para fornecer solu\u00e7\u00f5es inovadoras e eficazes para nossos clientes.<\/span><\/p>\t\t\t\t\t\t\t\t<\/div>\n\t\t\t\t<\/div>\n\t\t\t\t<div class=\"elementor-element elementor-element-8af35ce elementor-widget elementor-widget-heading\" data-id=\"8af35ce\" data-element_type=\"widget\" data-widget_type=\"heading.default\">\n\t\t\t\t<div class=\"elementor-widget-container\">\n\t\t\t\t\t<h4 class=\"elementor-heading-title elementor-size-default\">Curriculum<\/h4>\t\t\t\t<\/div>\n\t\t\t\t<\/div>\n\t\t\t\t<div class=\"elementor-element elementor-element-b8c92ac elementor-widget__width-initial elementor-widget-divider--view-line elementor-widget elementor-widget-divider\" data-id=\"b8c92ac\" data-element_type=\"widget\" data-widget_type=\"divider.default\">\n\t\t\t\t<div class=\"elementor-widget-container\">\n\t\t\t\t\t\t\t<div class=\"elementor-divider\">\n\t\t\t<span class=\"elementor-divider-separator\">\n\t\t\t\t\t\t<\/span>\n\t\t<\/div>\n\t\t\t\t\t\t<\/div>\n\t\t\t\t<\/div>\n\t\t<div class=\"elementor-element elementor-element-58c956d e-con-full e-flex e-con e-child\" data-id=\"58c956d\" data-element_type=\"container\">\n\t\t<div class=\"elementor-element elementor-element-064d6dc e-con-full e-flex e-con e-child\" data-id=\"064d6dc\" data-element_type=\"container\">\n\t\t\t\t<div class=\"elementor-element elementor-element-f384b75 elementor-widget elementor-widget-image-box\" data-id=\"f384b75\" data-element_type=\"widget\" data-widget_type=\"image-box.default\">\n\t\t\t\t<div class=\"elementor-widget-container\">\n\t\t\t\t\t<div class=\"elementor-image-box-wrapper\"><div class=\"elementor-image-box-content\"><h3 class=\"elementor-image-box-title\">UFRRJ<\/h3><p class=\"elementor-image-box-description\">1978 - 1981<\/p><\/div><\/div>\t\t\t\t<\/div>\n\t\t\t\t<\/div>\n\t\t\t\t<\/div>\n\t\t<div class=\"elementor-element elementor-element-1124a7c e-con-full e-flex e-con e-child\" data-id=\"1124a7c\" data-element_type=\"container\">\n\t\t\t\t<div class=\"elementor-element elementor-element-ca76e05 ekit-equal-height-disable elementor-widget elementor-widget-elementskit-icon-box\" data-id=\"ca76e05\" data-element_type=\"widget\" data-widget_type=\"elementskit-icon-box.default\">\n\t\t\t\t<div class=\"elementor-widget-container\">\n\t\t\t\t\t<div class=\"ekit-wid-con\" >        <!-- link opening -->\n                <a href=\"#\" class=\"ekit_global_links\">\n                <!-- end link opening -->\n\n        <div class=\"elementskit-infobox text-left text-left icon-lef-right-aligin elementor-animation- media  \">\n                            <div class=\"elementskit-box-header\">\n                <div class=\"elementskit-info-box-icon text-center\">\n                    <img decoding=\"async\" width=\"22\" height=\"22\" src=\"https:\/\/aftadvocacia.adv.br\/wordpressfoto\/wp-content\/uploads\/2023\/10\/icon-dot.png\" class=\"attachment- size-\" alt=\"\" \/>                <\/div>\n          <\/div>\n                <div class=\"box-body\">\n                            <h3 class=\"elementskit-info-box-title\">\n                    Gradua\u00e7\u00e3o em Ci\u00eancias Agr\u00e1rias                <\/h3>\n                        \t\t  \t<p>Universidade Federal Rural do Rio de Janeiro (UFRRJ)<\/p>\n                                <\/div>\n        \n        \n                <\/div>\n                <\/a>\n        <\/div>\t\t\t\t<\/div>\n\t\t\t\t<\/div>\n\t\t\t\t<\/div>\n\t\t\t\t<\/div>\n\t\t<div class=\"elementor-element elementor-element-a8fe30e e-con-full e-flex e-con e-child\" data-id=\"a8fe30e\" data-element_type=\"container\">\n\t\t<div class=\"elementor-element elementor-element-2ebe8a9 e-con-full e-flex e-con e-child\" data-id=\"2ebe8a9\" data-element_type=\"container\">\n\t\t\t\t<div class=\"elementor-element elementor-element-cb700c9 elementor-widget elementor-widget-image-box\" data-id=\"cb700c9\" data-element_type=\"widget\" data-widget_type=\"image-box.default\">\n\t\t\t\t<div class=\"elementor-widget-container\">\n\t\t\t\t\t<div class=\"elementor-image-box-wrapper\"><div class=\"elementor-image-box-content\"><h3 class=\"elementor-image-box-title\">UCS<\/h3><p class=\"elementor-image-box-description\">1993 - 1998<\/p><\/div><\/div>\t\t\t\t<\/div>\n\t\t\t\t<\/div>\n\t\t\t\t<\/div>\n\t\t<div class=\"elementor-element elementor-element-f5ff9e2 e-con-full e-flex e-con e-child\" data-id=\"f5ff9e2\" data-element_type=\"container\">\n\t\t\t\t<div class=\"elementor-element elementor-element-b734511 ekit-equal-height-disable elementor-widget elementor-widget-elementskit-icon-box\" data-id=\"b734511\" data-element_type=\"widget\" data-widget_type=\"elementskit-icon-box.default\">\n\t\t\t\t<div class=\"elementor-widget-container\">\n\t\t\t\t\t<div class=\"ekit-wid-con\" >        <!-- link opening -->\n                <a href=\"#\" class=\"ekit_global_links\">\n                <!-- end link opening -->\n\n        <div class=\"elementskit-infobox text-left text-left icon-lef-right-aligin elementor-animation- media  \">\n                            <div class=\"elementskit-box-header\">\n                <div class=\"elementskit-info-box-icon text-center\">\n                    <img decoding=\"async\" width=\"22\" height=\"22\" src=\"https:\/\/aftadvocacia.adv.br\/wordpressfoto\/wp-content\/uploads\/2023\/10\/icon-dot.png\" class=\"attachment- size-\" alt=\"\" \/>                <\/div>\n          <\/div>\n                <div class=\"box-body\">\n                            <h3 class=\"elementskit-info-box-title\">\n                    Gradua\u00e7\u00e3o em Direito                <\/h3>\n                        \t\t  \t<p>Universidade de Caxias do Sul (UCS\/CARVI)<\/p>\n                                <\/div>\n        \n        \n                <\/div>\n                <\/a>\n        <\/div>\t\t\t\t<\/div>\n\t\t\t\t<\/div>\n\t\t\t\t<\/div>\n\t\t\t\t<\/div>\n\t\t<div class=\"elementor-element elementor-element-19818cb e-con-full e-flex e-con e-child\" data-id=\"19818cb\" data-element_type=\"container\">\n\t\t<div class=\"elementor-element elementor-element-3e88bb2 e-con-full e-flex e-con e-child\" data-id=\"3e88bb2\" data-element_type=\"container\">\n\t\t\t\t<div class=\"elementor-element elementor-element-aa72e71 elementor-widget elementor-widget-image-box\" data-id=\"aa72e71\" data-element_type=\"widget\" data-widget_type=\"image-box.default\">\n\t\t\t\t<div class=\"elementor-widget-container\">\n\t\t\t\t\t<div class=\"elementor-image-box-wrapper\"><div class=\"elementor-image-box-content\"><h3 class=\"elementor-image-box-title\">UPF<\/h3><p class=\"elementor-image-box-description\">1988 - 1989<\/p><\/div><\/div>\t\t\t\t<\/div>\n\t\t\t\t<\/div>\n\t\t\t\t<\/div>\n\t\t<div class=\"elementor-element elementor-element-1f9fa31 e-con-full e-flex e-con e-child\" data-id=\"1f9fa31\" data-element_type=\"container\">\n\t\t\t\t<div class=\"elementor-element elementor-element-c47ec35 ekit-equal-height-disable elementor-widget elementor-widget-elementskit-icon-box\" data-id=\"c47ec35\" data-element_type=\"widget\" data-widget_type=\"elementskit-icon-box.default\">\n\t\t\t\t<div class=\"elementor-widget-container\">\n\t\t\t\t\t<div class=\"ekit-wid-con\" >        <!-- link opening -->\n                <a href=\"#\" class=\"ekit_global_links\">\n                <!-- end link opening -->\n\n        <div class=\"elementskit-infobox text-left text-left icon-lef-right-aligin elementor-animation- media  \">\n                            <div class=\"elementskit-box-header\">\n                <div class=\"elementskit-info-box-icon text-center\">\n                    <img decoding=\"async\" width=\"22\" height=\"22\" src=\"https:\/\/aftadvocacia.adv.br\/wordpressfoto\/wp-content\/uploads\/2023\/10\/icon-dot.png\" class=\"attachment- size-\" alt=\"\" \/>                <\/div>\n          <\/div>\n                <div class=\"box-body\">\n                            <h3 class=\"elementskit-info-box-title\">\n                    Especializa\u00e7\u00e3o em Metodologia do Ensino                <\/h3>\n                        \t\t  \t<p>Universidade de Passo Fundo (UPF)<\/p>\n                                <\/div>\n        \n        \n                <\/div>\n                <\/a>\n        <\/div>\t\t\t\t<\/div>\n\t\t\t\t<\/div>\n\t\t\t\t<\/div>\n\t\t\t\t<\/div>\n\t\t<div class=\"elementor-element elementor-element-0f0c276 e-con-full e-flex e-con e-child\" data-id=\"0f0c276\" data-element_type=\"container\">\n\t\t<div class=\"elementor-element elementor-element-7349ef9 e-con-full e-flex e-con e-child\" data-id=\"7349ef9\" data-element_type=\"container\">\n\t\t\t\t<div class=\"elementor-element elementor-element-9b977bc elementor-widget elementor-widget-image-box\" data-id=\"9b977bc\" data-element_type=\"widget\" data-widget_type=\"image-box.default\">\n\t\t\t\t<div class=\"elementor-widget-container\">\n\t\t\t\t\t<div class=\"elementor-image-box-wrapper\"><div class=\"elementor-image-box-content\"><h3 class=\"elementor-image-box-title\">UNIVILLE<\/h3><p class=\"elementor-image-box-description\">2003 - 2004<\/p><\/div><\/div>\t\t\t\t<\/div>\n\t\t\t\t<\/div>\n\t\t\t\t<\/div>\n\t\t<div class=\"elementor-element elementor-element-f62eb83 e-con-full e-flex e-con e-child\" data-id=\"f62eb83\" data-element_type=\"container\">\n\t\t\t\t<div class=\"elementor-element elementor-element-90bd73f ekit-equal-height-disable elementor-widget elementor-widget-elementskit-icon-box\" data-id=\"90bd73f\" data-element_type=\"widget\" data-widget_type=\"elementskit-icon-box.default\">\n\t\t\t\t<div class=\"elementor-widget-container\">\n\t\t\t\t\t<div class=\"ekit-wid-con\" >        <!-- link opening -->\n                <a href=\"#\" class=\"ekit_global_links\">\n                <!-- end link opening -->\n\n        <div class=\"elementskit-infobox text-left text-left icon-lef-right-aligin elementor-animation- media  \">\n                            <div class=\"elementskit-box-header\">\n                <div class=\"elementskit-info-box-icon text-center\">\n                    <img decoding=\"async\" width=\"22\" height=\"22\" src=\"https:\/\/aftadvocacia.adv.br\/wordpressfoto\/wp-content\/uploads\/2023\/10\/icon-dot.png\" class=\"attachment- size-\" alt=\"\" \/>                <\/div>\n          <\/div>\n                <div class=\"box-body\">\n                            <h3 class=\"elementskit-info-box-title\">\n                    Especializa\u00e7\u00e3o em Gest\u00e3o em Vitivinicultura                <\/h3>\n                        \t\t  \t<p>Universidade da Regi\u00e3o de Joinville (UNIVILLE)<\/p>\n                                <\/div>\n        \n        \n                <\/div>\n                <\/a>\n        <\/div>\t\t\t\t<\/div>\n\t\t\t\t<\/div>\n\t\t\t\t<\/div>\n\t\t\t\t<\/div>\n\t\t<div class=\"elementor-element elementor-element-f81f924 e-con-full e-flex e-con e-child\" data-id=\"f81f924\" data-element_type=\"container\">\n\t\t<div class=\"elementor-element elementor-element-6eba82c e-con-full e-flex e-con e-child\" data-id=\"6eba82c\" data-element_type=\"container\">\n\t\t\t\t<div class=\"elementor-element elementor-element-ee6742f elementor-widget elementor-widget-image-box\" data-id=\"ee6742f\" data-element_type=\"widget\" data-widget_type=\"image-box.default\">\n\t\t\t\t<div class=\"elementor-widget-container\">\n\t\t\t\t\t<div class=\"elementor-image-box-wrapper\"><div class=\"elementor-image-box-content\"><h3 class=\"elementor-image-box-title\">UFRRJ<\/h3><p class=\"elementor-image-box-description\">2003 - 2004<\/p><\/div><\/div>\t\t\t\t<\/div>\n\t\t\t\t<\/div>\n\t\t\t\t<\/div>\n\t\t<div class=\"elementor-element elementor-element-66da2bc e-con-full e-flex e-con e-child\" data-id=\"66da2bc\" data-element_type=\"container\">\n\t\t\t\t<div class=\"elementor-element elementor-element-926c443 ekit-equal-height-disable elementor-widget elementor-widget-elementskit-icon-box\" data-id=\"926c443\" data-element_type=\"widget\" data-widget_type=\"elementskit-icon-box.default\">\n\t\t\t\t<div class=\"elementor-widget-container\">\n\t\t\t\t\t<div class=\"ekit-wid-con\" >        <!-- link opening -->\n                <a href=\"#\" class=\"ekit_global_links\">\n                <!-- end link opening -->\n\n        <div class=\"elementskit-infobox text-left text-left icon-lef-right-aligin elementor-animation- media  \">\n                            <div class=\"elementskit-box-header\">\n                <div class=\"elementskit-info-box-icon text-center\">\n                    <img decoding=\"async\" width=\"22\" height=\"22\" src=\"https:\/\/aftadvocacia.adv.br\/wordpressfoto\/wp-content\/uploads\/2023\/10\/icon-dot.png\" class=\"attachment- size-\" alt=\"\" \/>                <\/div>\n          <\/div>\n                <div class=\"box-body\">\n                            <h3 class=\"elementskit-info-box-title\">\n                    Mestrado em Educa\u00e7\u00e3o Agr\u00edcola                <\/h3>\n                        \t\t  \t<p>Universidade Federal Rural do Rio de Janeiro (UFRRJ)<\/p>\n                                <\/div>\n        \n        \n                <\/div>\n                <\/a>\n        <\/div>\t\t\t\t<\/div>\n\t\t\t\t<\/div>\n\t\t\t\t<\/div>\n\t\t\t\t<\/div>\n\t\t<div class=\"elementor-element elementor-element-1c89a8f e-con-full e-flex e-con e-child\" data-id=\"1c89a8f\" data-element_type=\"container\">\n\t\t<div class=\"elementor-element elementor-element-29b99f2 e-con-full e-flex e-con e-child\" data-id=\"29b99f2\" data-element_type=\"container\">\n\t\t\t\t<div class=\"elementor-element elementor-element-6607e8a elementor-widget elementor-widget-image-box\" data-id=\"6607e8a\" data-element_type=\"widget\" data-widget_type=\"image-box.default\">\n\t\t\t\t<div class=\"elementor-widget-container\">\n\t\t\t\t\t<div class=\"elementor-image-box-wrapper\"><div class=\"elementor-image-box-content\"><h3 class=\"elementor-image-box-title\">PREMIA\u00c7\u00c3O<\/h3><p class=\"elementor-image-box-description\">2004<\/p><\/div><\/div>\t\t\t\t<\/div>\n\t\t\t\t<\/div>\n\t\t\t\t<\/div>\n\t\t<div class=\"elementor-element elementor-element-e183dd5 e-con-full e-flex e-con e-child\" data-id=\"e183dd5\" data-element_type=\"container\">\n\t\t\t\t<div class=\"elementor-element elementor-element-24c0854 ekit-equal-height-disable elementor-widget elementor-widget-elementskit-icon-box\" data-id=\"24c0854\" data-element_type=\"widget\" data-widget_type=\"elementskit-icon-box.default\">\n\t\t\t\t<div class=\"elementor-widget-container\">\n\t\t\t\t\t<div class=\"ekit-wid-con\" >        <!-- link opening -->\n                <a href=\"#\" class=\"ekit_global_links\">\n                <!-- end link opening -->\n\n        <div class=\"elementskit-infobox text-left text-left icon-lef-right-aligin elementor-animation- media  \">\n                            <div class=\"elementskit-box-header\">\n                <div class=\"elementskit-info-box-icon text-center\">\n                    <img decoding=\"async\" width=\"22\" height=\"22\" src=\"https:\/\/aftadvocacia.adv.br\/wordpressfoto\/wp-content\/uploads\/2023\/10\/icon-dot.png\" class=\"attachment- size-\" alt=\"\" \/>                <\/div>\n          <\/div>\n                <div class=\"box-body\">\n                            <h3 class=\"elementskit-info-box-title\">\n                    Medalha Paul Harris                <\/h3>\n                        \t\t  \t<p>Rotary Club Internacional<\/p>\n                                <\/div>\n        \n        \n                <\/div>\n                <\/a>\n        <\/div>\t\t\t\t<\/div>\n\t\t\t\t<\/div>\n\t\t\t\t<\/div>\n\t\t\t\t<\/div>\n\t\t<div class=\"elementor-element elementor-element-396ca73 e-con-full e-flex e-con e-child\" data-id=\"396ca73\" data-element_type=\"container\">\n\t\t<div class=\"elementor-element elementor-element-bd0bfdb e-con-full e-flex e-con e-child\" data-id=\"bd0bfdb\" data-element_type=\"container\">\n\t\t\t\t<div class=\"elementor-element elementor-element-502eada elementor-widget elementor-widget-image-box\" data-id=\"502eada\" data-element_type=\"widget\" data-widget_type=\"image-box.default\">\n\t\t\t\t<div class=\"elementor-widget-container\">\n\t\t\t\t\t<div class=\"elementor-image-box-wrapper\"><div class=\"elementor-image-box-content\"><h3 class=\"elementor-image-box-title\">PREMIA\u00c7\u00c3O<\/h3><p class=\"elementor-image-box-description\">2010<\/p><\/div><\/div>\t\t\t\t<\/div>\n\t\t\t\t<\/div>\n\t\t\t\t<\/div>\n\t\t<div class=\"elementor-element elementor-element-ce9c424 e-con-full e-flex e-con e-child\" data-id=\"ce9c424\" data-element_type=\"container\">\n\t\t\t\t<div class=\"elementor-element elementor-element-a9d4986 ekit-equal-height-disable elementor-widget elementor-widget-elementskit-icon-box\" data-id=\"a9d4986\" data-element_type=\"widget\" data-widget_type=\"elementskit-icon-box.default\">\n\t\t\t\t<div class=\"elementor-widget-container\">\n\t\t\t\t\t<div class=\"ekit-wid-con\" >        <!-- link opening -->\n                <a href=\"#\" class=\"ekit_global_links\">\n                <!-- end link opening -->\n\n        <div class=\"elementskit-infobox text-left text-left icon-lef-right-aligin elementor-animation- media  \">\n                            <div class=\"elementskit-box-header\">\n                <div class=\"elementskit-info-box-icon text-center\">\n                    <img decoding=\"async\" width=\"22\" height=\"22\" src=\"https:\/\/aftadvocacia.adv.br\/wordpressfoto\/wp-content\/uploads\/2023\/10\/icon-dot.png\" class=\"attachment- size-\" alt=\"\" \/>                <\/div>\n          <\/div>\n                <div class=\"box-body\">\n                            <h3 class=\"elementskit-info-box-title\">\n                    Medalha Juscelino Kubitschek                <\/h3>\n                        \t\t  \t<p>Conselho Nacional dos Diretores dos CEFETs<\/p>\n                                <\/div>\n        \n        \n                <\/div>\n                <\/a>\n        <\/div>\t\t\t\t<\/div>\n\t\t\t\t<\/div>\n\t\t\t\t<\/div>\n\t\t\t\t<\/div>\n\t\t\t\t<\/div>\n\t\t\t\t\t<\/div>\n\t\t\t\t<\/div>\n\t\t<div class=\"elementor-element elementor-element-06dbeda e-flex e-con-boxed e-con e-parent\" data-id=\"06dbeda\" data-element_type=\"container\" id=\"romulo\" data-settings=\"{&quot;background_background&quot;:&quot;classic&quot;}\">\n\t\t\t\t\t<div class=\"e-con-inner\">\n\t\t<div class=\"elementor-element elementor-element-eed9501 e-con-full e-flex e-con e-child\" data-id=\"eed9501\" data-element_type=\"container\">\n\t\t<div class=\"elementor-element elementor-element-4118495 e-con-full e-flex e-con e-child\" data-id=\"4118495\" data-element_type=\"container\" data-settings=\"{&quot;background_background&quot;:&quot;classic&quot;}\">\n\t\t<div class=\"elementor-element elementor-element-7fa96da e-con-full e-flex e-con e-child\" data-id=\"7fa96da\" data-element_type=\"container\" data-settings=\"{&quot;background_background&quot;:&quot;classic&quot;}\">\n\t\t\t\t<div class=\"elementor-element elementor-element-68b398a elementor-widget elementor-widget-image\" data-id=\"68b398a\" data-element_type=\"widget\" data-widget_type=\"image.default\">\n\t\t\t\t<div class=\"elementor-widget-container\">\n\t\t\t\t\t\t\t\t\t\t\t\t\t\t\t<img decoding=\"async\" width=\"800\" height=\"1200\" src=\"https:\/\/aftadvocacia.adv.br\/wordpressfoto\/wp-content\/uploads\/2025\/08\/romulo-aft-advocacia-bento-goncalves-1.webp\" class=\"attachment-full size-full wp-image-3794\" alt=\"\" srcset=\"https:\/\/aftadvocacia.adv.br\/wordpressfoto\/wp-content\/uploads\/2025\/08\/romulo-aft-advocacia-bento-goncalves-1.webp 800w, https:\/\/aftadvocacia.adv.br\/wordpressfoto\/wp-content\/uploads\/2025\/08\/romulo-aft-advocacia-bento-goncalves-1-200x300.webp 200w, https:\/\/aftadvocacia.adv.br\/wordpressfoto\/wp-content\/uploads\/2025\/08\/romulo-aft-advocacia-bento-goncalves-1-683x1024.webp 683w, https:\/\/aftadvocacia.adv.br\/wordpressfoto\/wp-content\/uploads\/2025\/08\/romulo-aft-advocacia-bento-goncalves-1-768x1152.webp 768w\" sizes=\"(max-width: 800px) 100vw, 800px\" \/>\t\t\t\t\t\t\t\t\t\t\t\t\t\t\t<\/div>\n\t\t\t\t<\/div>\n\t\t\t\t<div class=\"elementor-element elementor-element-7369c6c elementor-widget__width-initial elementor-widget elementor-widget-text-editor\" data-id=\"7369c6c\" data-element_type=\"widget\" data-widget_type=\"text-editor.default\">\n\t\t\t\t<div class=\"elementor-widget-container\">\n\t\t\t\t\t\t\t\t\t<p><em>In Memorian<\/em><\/p>\t\t\t\t\t\t\t\t<\/div>\n\t\t\t\t<\/div>\n\t\t\t\t<div class=\"elementor-element elementor-element-a2722b6 elementor-widget elementor-widget-heading\" data-id=\"a2722b6\" data-element_type=\"widget\" data-widget_type=\"heading.default\">\n\t\t\t\t<div class=\"elementor-widget-container\">\n\t\t\t\t\t<h3 class=\"elementor-heading-title elementor-size-default\">Dr. R\u00f4mulo de Jesus <br> Dieguez de Freitas<\/h3>\t\t\t\t<\/div>\n\t\t\t\t<\/div>\n\t\t\t\t<div class=\"elementor-element elementor-element-9b3906a elementor-widget__width-initial elementor-widget elementor-widget-heading\" data-id=\"9b3906a\" data-element_type=\"widget\" data-widget_type=\"heading.default\">\n\t\t\t\t<div class=\"elementor-widget-container\">\n\t\t\t\t\t<h4 class=\"elementor-heading-title elementor-size-default\"><b>OAB\/RS<\/b> 71.011A <br>\n<b>OAB\/MG<\/b> 81.921 <br>\n<b>OAB\/PA<\/b> 16.072<\/h4>\t\t\t\t<\/div>\n\t\t\t\t<\/div>\n\t\t\t\t<\/div>\n\t\t\t\t<\/div>\n\t\t\t\t<\/div>\n\t\t<div class=\"elementor-element elementor-element-569046d e-con-full e-flex e-con e-child\" data-id=\"569046d\" data-element_type=\"container\">\n\t\t\t\t<div class=\"elementor-element elementor-element-8ca3268 elementor-widget elementor-widget-heading\" data-id=\"8ca3268\" data-element_type=\"widget\" data-widget_type=\"heading.default\">\n\t\t\t\t<div class=\"elementor-widget-container\">\n\t\t\t\t\t<h4 class=\"elementor-heading-title elementor-size-default\">Sobre<\/h4>\t\t\t\t<\/div>\n\t\t\t\t<\/div>\n\t\t\t\t<div class=\"elementor-element elementor-element-355487d elementor-widget__width-initial elementor-widget-divider--view-line elementor-widget elementor-widget-divider\" data-id=\"355487d\" data-element_type=\"widget\" data-widget_type=\"divider.default\">\n\t\t\t\t<div class=\"elementor-widget-container\">\n\t\t\t\t\t\t\t<div class=\"elementor-divider\">\n\t\t\t<span class=\"elementor-divider-separator\">\n\t\t\t\t\t\t<\/span>\n\t\t<\/div>\n\t\t\t\t\t\t<\/div>\n\t\t\t\t<\/div>\n\t\t\t\t<div class=\"elementor-element elementor-element-1c6c8d4 elementor-widget elementor-widget-text-editor\" data-id=\"1c6c8d4\" data-element_type=\"widget\" data-widget_type=\"text-editor.default\">\n\t\t\t\t<div class=\"elementor-widget-container\">\n\t\t\t\t\t\t\t\t\t<p data-start=\"236\" data-end=\"515\">O Dr. R\u00f4mulo foi muito mais do que um brilhante advogado e contador \u2014 foi uma pessoa de cora\u00e7\u00e3o generoso, sorriso f\u00e1cil e presen\u00e7a sempre alegre. Sua trajet\u00f3ria profissional foi marcada por excel\u00eancia, dedica\u00e7\u00e3o e uma paix\u00e3o genu\u00edna por ajudar pessoas e empresas a prosperarem.<\/p><p data-start=\"517\" data-end=\"1089\">Graduado em Ci\u00eancias Jur\u00eddicas e Sociais pela Unisinos e em Contabilidade pela Faculdade Porto-Alegrense de Ci\u00eancias Cont\u00e1beis e Atuariais, uniu s\u00f3lida forma\u00e7\u00e3o acad\u00eamica a uma vis\u00e3o estrat\u00e9gica do mundo dos neg\u00f3cios. Sua busca por conhecimento o levou a concluir p\u00f3s-gradua\u00e7\u00e3o em Administra\u00e7\u00e3o pela Universidade Federal do Rio Grande do Sul (UFRGS), em Administra\u00e7\u00e3o de M\u00e9dias e Pequenas Empresas pela Universidade Federal de Lavras\/MG (UFLA) e em Administra\u00e7\u00e3o Tribut\u00e1ria pela Escola de Administra\u00e7\u00e3o Fazend\u00e1ria (ESAF), construindo uma base multidisciplinar admir\u00e1vel.<\/p><p data-start=\"1091\" data-end=\"1433\">Com ampla experi\u00eancia pr\u00e1tica, foi Auditor Fiscal do Estado do Rio Grande do Sul e Consultor Externo do SEBRAE\/MG, atuando tamb\u00e9m no acompanhamento jur\u00eddico-contratual de Institui\u00e7\u00f5es de Microcr\u00e9dito. Foi professor universit\u00e1rio e de p\u00f3s-gradua\u00e7\u00e3o\/MBA em diversas institui\u00e7\u00f5es, compartilhando seu conhecimento com entusiasmo e generosidade.<\/p><p data-start=\"1435\" data-end=\"1647\">Na AFT Advocacia e Consultoria Jur\u00eddica, Dr. R\u00f4mulo foi uma figura central, deixando um legado de compet\u00eancia, \u00e9tica e cuidado com cada cliente. Sua presen\u00e7a iluminava o ambiente e inspirava todos ao seu redor.<\/p><p data-start=\"1649\" data-end=\"1838\">Hoje, sentimos sua aus\u00eancia, mas seguimos honrando sua mem\u00f3ria e celebrando a vida de um profissional exemplar e de um amigo querido, cuja marca permanecer\u00e1 para sempre em nossa hist\u00f3ria.<\/p>\t\t\t\t\t\t\t\t<\/div>\n\t\t\t\t<\/div>\n\t\t\t\t<div class=\"elementor-element elementor-element-0b05764 elementor-widget elementor-widget-heading\" data-id=\"0b05764\" data-element_type=\"widget\" data-widget_type=\"heading.default\">\n\t\t\t\t<div class=\"elementor-widget-container\">\n\t\t\t\t\t<h4 class=\"elementor-heading-title elementor-size-default\">Curriculum\u200b<\/h4>\t\t\t\t<\/div>\n\t\t\t\t<\/div>\n\t\t\t\t<div class=\"elementor-element elementor-element-54da688 elementor-widget__width-initial elementor-widget-divider--view-line elementor-widget elementor-widget-divider\" data-id=\"54da688\" data-element_type=\"widget\" data-widget_type=\"divider.default\">\n\t\t\t\t<div class=\"elementor-widget-container\">\n\t\t\t\t\t\t\t<div class=\"elementor-divider\">\n\t\t\t<span class=\"elementor-divider-separator\">\n\t\t\t\t\t\t<\/span>\n\t\t<\/div>\n\t\t\t\t\t\t<\/div>\n\t\t\t\t<\/div>\n\t\t<div class=\"elementor-element elementor-element-474ec23 e-con-full e-flex e-con e-child\" data-id=\"474ec23\" data-element_type=\"container\">\n\t\t<div class=\"elementor-element elementor-element-a5fecb6 e-con-full e-flex e-con e-child\" data-id=\"a5fecb6\" data-element_type=\"container\">\n\t\t\t\t<div class=\"elementor-element elementor-element-5074316 elementor-widget elementor-widget-image-box\" data-id=\"5074316\" data-element_type=\"widget\" data-widget_type=\"image-box.default\">\n\t\t\t\t<div class=\"elementor-widget-container\">\n\t\t\t\t\t<div class=\"elementor-image-box-wrapper\"><div class=\"elementor-image-box-content\"><h3 class=\"elementor-image-box-title\">FAPCCA <br> UNISINOS<\/h3><p class=\"elementor-image-box-description\">1976 <br>\n1989<\/p><\/div><\/div>\t\t\t\t<\/div>\n\t\t\t\t<\/div>\n\t\t\t\t<\/div>\n\t\t<div class=\"elementor-element elementor-element-2be1d1b e-con-full e-flex e-con e-child\" data-id=\"2be1d1b\" data-element_type=\"container\">\n\t\t\t\t<div class=\"elementor-element elementor-element-d310395 ekit-equal-height-disable elementor-widget elementor-widget-elementskit-icon-box\" data-id=\"d310395\" data-element_type=\"widget\" data-widget_type=\"elementskit-icon-box.default\">\n\t\t\t\t<div class=\"elementor-widget-container\">\n\t\t\t\t\t<div class=\"ekit-wid-con\" >        <!-- link opening -->\n                <a href=\"#\" class=\"ekit_global_links\">\n                <!-- end link opening -->\n\n        <div class=\"elementskit-infobox text-left text-left icon-lef-right-aligin elementor-animation- media  \">\n                            <div class=\"elementskit-box-header\">\n                <div class=\"elementskit-info-box-icon text-center\">\n                    <img decoding=\"async\" width=\"22\" height=\"22\" src=\"https:\/\/aftadvocacia.adv.br\/wordpressfoto\/wp-content\/uploads\/2023\/10\/icon-dot.png\" class=\"attachment- size-\" alt=\"\" \/>                <\/div>\n          <\/div>\n                <div class=\"box-body\">\n                            <h3 class=\"elementskit-info-box-title\">\n                    Gradua\u00e7\u00f5es                <\/h3>\n                        \t\t  \t<p>Gradua\u00e7\u00e3o em Ci\u00eancias Cont\u00e1beis e Atuariais - Faculdade Porto Alegrense de Ci\u00eancias Cont\u00e1beis e Administrativas (FAPCCA)<br> \nCi\u00eancias Jur\u00eddicas e Sociais (Direito) - Universidade do Rio dos Sinos (UNISINOS)<\/p>\n                                <\/div>\n        \n        \n                <\/div>\n                <\/a>\n        <\/div>\t\t\t\t<\/div>\n\t\t\t\t<\/div>\n\t\t\t\t<\/div>\n\t\t\t\t<\/div>\n\t\t<div class=\"elementor-element elementor-element-a403921 e-con-full e-flex e-con e-child\" data-id=\"a403921\" data-element_type=\"container\">\n\t\t<div class=\"elementor-element elementor-element-52b2479 e-con-full e-flex e-con e-child\" data-id=\"52b2479\" data-element_type=\"container\">\n\t\t\t\t<div class=\"elementor-element elementor-element-09618df elementor-widget elementor-widget-image-box\" data-id=\"09618df\" data-element_type=\"widget\" data-widget_type=\"image-box.default\">\n\t\t\t\t<div class=\"elementor-widget-container\">\n\t\t\t\t\t<div class=\"elementor-image-box-wrapper\"><div class=\"elementor-image-box-content\"><h3 class=\"elementor-image-box-title\">ESAF <br> UFRGS <br> UFLA<\/h3><p class=\"elementor-image-box-description\">1982, 1986, 2007<\/p><\/div><\/div>\t\t\t\t<\/div>\n\t\t\t\t<\/div>\n\t\t\t\t<\/div>\n\t\t<div class=\"elementor-element elementor-element-f876d54 e-con-full e-flex e-con e-child\" data-id=\"f876d54\" data-element_type=\"container\">\n\t\t\t\t<div class=\"elementor-element elementor-element-f343a80 ekit-equal-height-disable elementor-widget elementor-widget-elementskit-icon-box\" data-id=\"f343a80\" data-element_type=\"widget\" data-widget_type=\"elementskit-icon-box.default\">\n\t\t\t\t<div class=\"elementor-widget-container\">\n\t\t\t\t\t<div class=\"ekit-wid-con\" >        <!-- link opening -->\n                <a href=\"#\" class=\"ekit_global_links\">\n                <!-- end link opening -->\n\n        <div class=\"elementskit-infobox text-left text-left icon-lef-right-aligin elementor-animation- media  \">\n                            <div class=\"elementskit-box-header\">\n                <div class=\"elementskit-info-box-icon text-center\">\n                    <img decoding=\"async\" width=\"22\" height=\"22\" src=\"https:\/\/aftadvocacia.adv.br\/wordpressfoto\/wp-content\/uploads\/2023\/10\/icon-dot.png\" class=\"attachment- size-\" alt=\"\" \/>                <\/div>\n          <\/div>\n                <div class=\"box-body\">\n                            <h3 class=\"elementskit-info-box-title\">\n                    P\u00f3s-Gradua\u00e7\u00f5es                <\/h3>\n                        \t\t  \t<p>1. Administra\u00e7\u00e3o Tribut\u00e1ria - Escola de Administra\u00e7\u00e3o Fazend\u00e1ria (ESAF) <br>\n2. Universidade Federal do Rio Grande do Sul (UFRGS) <br>\n3. Administra\u00e7\u00e3o de M\u00e9dias e Pequenas Empresas - Universidade Federal de Lavras (UFLA MG)<\/p>\n                                <\/div>\n        \n        \n                <\/div>\n                <\/a>\n        <\/div>\t\t\t\t<\/div>\n\t\t\t\t<\/div>\n\t\t\t\t<\/div>\n\t\t\t\t<\/div>\n\t\t<div class=\"elementor-element elementor-element-e737fd5 e-con-full e-flex e-con e-child\" data-id=\"e737fd5\" data-element_type=\"container\">\n\t\t<div class=\"elementor-element elementor-element-7c66462 e-con-full e-flex e-con e-child\" data-id=\"7c66462\" data-element_type=\"container\">\n\t\t\t\t<div class=\"elementor-element elementor-element-86f7223 elementor-widget elementor-widget-image-box\" data-id=\"86f7223\" data-element_type=\"widget\" data-widget_type=\"image-box.default\">\n\t\t\t\t<div class=\"elementor-widget-container\">\n\t\t\t\t\t<div class=\"elementor-image-box-wrapper\"><div class=\"elementor-image-box-content\"><h3 class=\"elementor-image-box-title\">SEBRAE\/MG<\/h3><p class=\"elementor-image-box-description\">2000<\/p><\/div><\/div>\t\t\t\t<\/div>\n\t\t\t\t<\/div>\n\t\t\t\t<\/div>\n\t\t<div class=\"elementor-element elementor-element-852efaf e-con-full e-flex e-con e-child\" data-id=\"852efaf\" data-element_type=\"container\">\n\t\t\t\t<div class=\"elementor-element elementor-element-a707734 ekit-equal-height-disable elementor-widget elementor-widget-elementskit-icon-box\" data-id=\"a707734\" data-element_type=\"widget\" data-widget_type=\"elementskit-icon-box.default\">\n\t\t\t\t<div class=\"elementor-widget-container\">\n\t\t\t\t\t<div class=\"ekit-wid-con\" >        <!-- link opening -->\n                <a href=\"#\" class=\"ekit_global_links\">\n                <!-- end link opening -->\n\n        <div class=\"elementskit-infobox text-left text-left icon-lef-right-aligin elementor-animation- media  \">\n                            <div class=\"elementskit-box-header\">\n                <div class=\"elementskit-info-box-icon text-center\">\n                    <img decoding=\"async\" width=\"22\" height=\"22\" src=\"https:\/\/aftadvocacia.adv.br\/wordpressfoto\/wp-content\/uploads\/2023\/10\/icon-dot.png\" class=\"attachment- size-\" alt=\"\" \/>                <\/div>\n          <\/div>\n                <div class=\"box-body\">\n                            <h3 class=\"elementskit-info-box-title\">\n                    Cursos de Curta Dura\u00e7\u00e3o                 <\/h3>\n                        \t\t  \t<p>1. Curso \u201cEMPRETEC\"<br>\n2. Capacita\u00e7\u00e3o para Agentes de Microfinan\u00e7as <br>\n3. Treinamento para Gerentes de Microfinan\u00e7as  <br>\n4. Jogos de Empresa e Ciclo de Aprendizagem Vivencial <br>\n5. Forma\u00e7\u00e3o de Multiplicadores do Programa de Microfinan\u00e7as <br>\nServi\u00e7o Brasileiro de Apoio \u00e0s Micro e Pequenas Empresas (SEBRAE\/MG)<\/p>\n                                <\/div>\n        \n        \n                <\/div>\n                <\/a>\n        <\/div>\t\t\t\t<\/div>\n\t\t\t\t<\/div>\n\t\t\t\t<\/div>\n\t\t\t\t<\/div>\n\t\t<div class=\"elementor-element elementor-element-2307440 e-con-full e-flex e-con e-child\" data-id=\"2307440\" data-element_type=\"container\">\n\t\t<div class=\"elementor-element elementor-element-51c3252 e-con-full e-flex e-con e-child\" data-id=\"51c3252\" data-element_type=\"container\">\n\t\t\t\t<div class=\"elementor-element elementor-element-b5c7df8 elementor-widget elementor-widget-image-box\" data-id=\"b5c7df8\" data-element_type=\"widget\" data-widget_type=\"image-box.default\">\n\t\t\t\t<div class=\"elementor-widget-container\">\n\t\t\t\t\t<div class=\"elementor-image-box-wrapper\"><div class=\"elementor-image-box-content\"><h3 class=\"elementor-image-box-title\">UCS\/CARVI e FADMINAS<\/h3><\/div><\/div>\t\t\t\t<\/div>\n\t\t\t\t<\/div>\n\t\t\t\t<\/div>\n\t\t<div class=\"elementor-element elementor-element-1ae0e7f e-con-full e-flex e-con e-child\" data-id=\"1ae0e7f\" data-element_type=\"container\">\n\t\t\t\t<div class=\"elementor-element elementor-element-aebb620 ekit-equal-height-disable elementor-widget elementor-widget-elementskit-icon-box\" data-id=\"aebb620\" data-element_type=\"widget\" data-widget_type=\"elementskit-icon-box.default\">\n\t\t\t\t<div class=\"elementor-widget-container\">\n\t\t\t\t\t<div class=\"ekit-wid-con\" >        <!-- link opening -->\n                <a href=\"#\" class=\"ekit_global_links\">\n                <!-- end link opening -->\n\n        <div class=\"elementskit-infobox text-left text-left icon-lef-right-aligin elementor-animation- media  \">\n                            <div class=\"elementskit-box-header\">\n                <div class=\"elementskit-info-box-icon text-center\">\n                    <img decoding=\"async\" width=\"22\" height=\"22\" src=\"https:\/\/aftadvocacia.adv.br\/wordpressfoto\/wp-content\/uploads\/2023\/10\/icon-dot.png\" class=\"attachment- size-\" alt=\"\" \/>                <\/div>\n          <\/div>\n                <div class=\"box-body\">\n                            <h3 class=\"elementskit-info-box-title\">\n                    Professor Universit\u00e1rio                <\/h3>\n                        \t\t  \t<p>Lecionando disciplinas das \u00e1reas do direito e contabilidade<\/p>\n                                <\/div>\n        \n        \n                <\/div>\n                <\/a>\n        <\/div>\t\t\t\t<\/div>\n\t\t\t\t<\/div>\n\t\t\t\t<\/div>\n\t\t\t\t<\/div>\n\t\t<div class=\"elementor-element elementor-element-5869af2 e-con-full e-flex e-con e-child\" data-id=\"5869af2\" data-element_type=\"container\">\n\t\t<div class=\"elementor-element elementor-element-fdd6d84 e-con-full e-flex e-con e-child\" data-id=\"fdd6d84\" data-element_type=\"container\">\n\t\t\t\t<div class=\"elementor-element elementor-element-64de6d8 elementor-widget elementor-widget-image-box\" data-id=\"64de6d8\" data-element_type=\"widget\" data-widget_type=\"image-box.default\">\n\t\t\t\t<div class=\"elementor-widget-container\">\n\t\t\t\t\t<div class=\"elementor-image-box-wrapper\"><div class=\"elementor-image-box-content\"><h3 class=\"elementor-image-box-title\">SEBRAE\/MG<\/h3><\/div><\/div>\t\t\t\t<\/div>\n\t\t\t\t<\/div>\n\t\t\t\t<\/div>\n\t\t<div class=\"elementor-element elementor-element-8e37fc2 e-con-full e-flex e-con e-child\" data-id=\"8e37fc2\" data-element_type=\"container\">\n\t\t\t\t<div class=\"elementor-element elementor-element-9693e8f ekit-equal-height-disable elementor-widget elementor-widget-elementskit-icon-box\" data-id=\"9693e8f\" data-element_type=\"widget\" data-widget_type=\"elementskit-icon-box.default\">\n\t\t\t\t<div class=\"elementor-widget-container\">\n\t\t\t\t\t<div class=\"ekit-wid-con\" >        <!-- link opening -->\n                <a href=\"#\" class=\"ekit_global_links\">\n                <!-- end link opening -->\n\n        <div class=\"elementskit-infobox text-left text-left icon-lef-right-aligin elementor-animation- media  \">\n                            <div class=\"elementskit-box-header\">\n                <div class=\"elementskit-info-box-icon text-center\">\n                    <img decoding=\"async\" width=\"22\" height=\"22\" src=\"https:\/\/aftadvocacia.adv.br\/wordpressfoto\/wp-content\/uploads\/2023\/10\/icon-dot.png\" class=\"attachment- size-\" alt=\"\" \/>                <\/div>\n          <\/div>\n                <div class=\"box-body\">\n                            <h3 class=\"elementskit-info-box-title\">\n                    Consultor                <\/h3>\n                        \t\t  \t<p>- Consultor Externo credenciado pelo SEBRAE\/MG <br> \n- Ministrou cursos al\u00e9m de ser, juntamente com o SEBRAE\/MG, respons\u00e1vel pelo acompanhamento jur\u00eddicocontratual das Institui\u00e7\u00f5es de Microcr\u00e9dito (Bancos do Povo)<\/p>\n                                <\/div>\n        \n        \n                <\/div>\n                <\/a>\n        <\/div>\t\t\t\t<\/div>\n\t\t\t\t<\/div>\n\t\t\t\t<\/div>\n\t\t\t\t<\/div>\n\t\t<div class=\"elementor-element elementor-element-ef5ecdc e-con-full e-flex e-con e-child\" data-id=\"ef5ecdc\" data-element_type=\"container\">\n\t\t<div class=\"elementor-element elementor-element-8ec7db9 e-con-full e-flex e-con e-child\" data-id=\"8ec7db9\" data-element_type=\"container\">\n\t\t\t\t<div class=\"elementor-element elementor-element-9b3ea9f elementor-widget elementor-widget-image-box\" data-id=\"9b3ea9f\" data-element_type=\"widget\" data-widget_type=\"image-box.default\">\n\t\t\t\t<div class=\"elementor-widget-container\">\n\t\t\t\t\t<div class=\"elementor-image-box-wrapper\"><div class=\"elementor-image-box-content\"><h3 class=\"elementor-image-box-title\">Vogg S\/A<\/h3><p class=\"elementor-image-box-description\">1971 - 1979<\/p><\/div><\/div>\t\t\t\t<\/div>\n\t\t\t\t<\/div>\n\t\t\t\t<\/div>\n\t\t<div class=\"elementor-element elementor-element-44fff2a e-con-full e-flex e-con e-child\" data-id=\"44fff2a\" data-element_type=\"container\">\n\t\t\t\t<div class=\"elementor-element elementor-element-d0efa61 ekit-equal-height-disable elementor-widget elementor-widget-elementskit-icon-box\" data-id=\"d0efa61\" data-element_type=\"widget\" data-widget_type=\"elementskit-icon-box.default\">\n\t\t\t\t<div class=\"elementor-widget-container\">\n\t\t\t\t\t<div class=\"ekit-wid-con\" >        <!-- link opening -->\n                <a href=\"#\" class=\"ekit_global_links\">\n                <!-- end link opening -->\n\n        <div class=\"elementskit-infobox text-left text-left icon-lef-right-aligin elementor-animation- media  \">\n                            <div class=\"elementskit-box-header\">\n                <div class=\"elementskit-info-box-icon text-center\">\n                    <img decoding=\"async\" width=\"22\" height=\"22\" src=\"https:\/\/aftadvocacia.adv.br\/wordpressfoto\/wp-content\/uploads\/2023\/10\/icon-dot.png\" class=\"attachment- size-\" alt=\"\" \/>                <\/div>\n          <\/div>\n                <div class=\"box-body\">\n                            <h3 class=\"elementskit-info-box-title\">\n                    Contador-Geral                 <\/h3>\n                        \t\t  \t<p>Ind. Metal\u00fargica - Porto Alegre, RS<\/p>\n                                <\/div>\n        \n        \n                <\/div>\n                <\/a>\n        <\/div>\t\t\t\t<\/div>\n\t\t\t\t<\/div>\n\t\t\t\t<\/div>\n\t\t\t\t<\/div>\n\t\t<div class=\"elementor-element elementor-element-74f68a9 e-con-full e-flex e-con e-child\" data-id=\"74f68a9\" data-element_type=\"container\">\n\t\t<div class=\"elementor-element elementor-element-adfbea4 e-con-full e-flex e-con e-child\" data-id=\"adfbea4\" data-element_type=\"container\">\n\t\t\t\t<div class=\"elementor-element elementor-element-31c33fd elementor-widget elementor-widget-image-box\" data-id=\"31c33fd\" data-element_type=\"widget\" data-widget_type=\"image-box.default\">\n\t\t\t\t<div class=\"elementor-widget-container\">\n\t\t\t\t\t<div class=\"elementor-image-box-wrapper\"><div class=\"elementor-image-box-content\"><h3 class=\"elementor-image-box-title\">Estado do RS<\/h3><p class=\"elementor-image-box-description\">1979 - 1998<\/p><\/div><\/div>\t\t\t\t<\/div>\n\t\t\t\t<\/div>\n\t\t\t\t<\/div>\n\t\t<div class=\"elementor-element elementor-element-4f7da9a e-con-full e-flex e-con e-child\" data-id=\"4f7da9a\" data-element_type=\"container\">\n\t\t\t\t<div class=\"elementor-element elementor-element-cffcd36 ekit-equal-height-disable elementor-widget elementor-widget-elementskit-icon-box\" data-id=\"cffcd36\" data-element_type=\"widget\" data-widget_type=\"elementskit-icon-box.default\">\n\t\t\t\t<div class=\"elementor-widget-container\">\n\t\t\t\t\t<div class=\"ekit-wid-con\" >        <!-- link opening -->\n                <a href=\"#\" class=\"ekit_global_links\">\n                <!-- end link opening -->\n\n        <div class=\"elementskit-infobox text-left text-left icon-lef-right-aligin elementor-animation- media  \">\n                            <div class=\"elementskit-box-header\">\n                <div class=\"elementskit-info-box-icon text-center\">\n                    <img decoding=\"async\" width=\"22\" height=\"22\" src=\"https:\/\/aftadvocacia.adv.br\/wordpressfoto\/wp-content\/uploads\/2023\/10\/icon-dot.png\" class=\"attachment- size-\" alt=\"\" \/>                <\/div>\n          <\/div>\n                <div class=\"box-body\">\n                            <h3 class=\"elementskit-info-box-title\">\n                    Funcion\u00e1rio P\u00fablico Estadual do RS, aposentado                <\/h3>\n                        \t\t  \t<p>Fiscal de Tributos\nEstaduais<\/p>\n                                <\/div>\n        \n        \n                <\/div>\n                <\/a>\n        <\/div>\t\t\t\t<\/div>\n\t\t\t\t<\/div>\n\t\t\t\t<\/div>\n\t\t\t\t<\/div>\n\t\t<div class=\"elementor-element elementor-element-c583b0d e-con-full e-flex e-con e-child\" data-id=\"c583b0d\" data-element_type=\"container\">\n\t\t<div class=\"elementor-element elementor-element-4f38f74 e-con-full e-flex e-con e-child\" data-id=\"4f38f74\" data-element_type=\"container\">\n\t\t\t\t<div class=\"elementor-element elementor-element-15afd53 elementor-widget elementor-widget-image-box\" data-id=\"15afd53\" data-element_type=\"widget\" data-widget_type=\"image-box.default\">\n\t\t\t\t<div class=\"elementor-widget-container\">\n\t\t\t\t\t<div class=\"elementor-image-box-wrapper\"><div class=\"elementor-image-box-content\"><h3 class=\"elementor-image-box-title\">Territ\u00f3rio Federal do Amap\u00e1<\/h3><p class=\"elementor-image-box-description\">1988<\/p><\/div><\/div>\t\t\t\t<\/div>\n\t\t\t\t<\/div>\n\t\t\t\t<\/div>\n\t\t<div class=\"elementor-element elementor-element-790cb24 e-con-full e-flex e-con e-child\" data-id=\"790cb24\" data-element_type=\"container\">\n\t\t\t\t<div class=\"elementor-element elementor-element-40baa05 ekit-equal-height-disable elementor-widget elementor-widget-elementskit-icon-box\" data-id=\"40baa05\" data-element_type=\"widget\" data-widget_type=\"elementskit-icon-box.default\">\n\t\t\t\t<div class=\"elementor-widget-container\">\n\t\t\t\t\t<div class=\"ekit-wid-con\" >        <!-- link opening -->\n                <a href=\"#\" class=\"ekit_global_links\">\n                <!-- end link opening -->\n\n        <div class=\"elementskit-infobox text-left text-left icon-lef-right-aligin elementor-animation- media  \">\n                            <div class=\"elementskit-box-header\">\n                <div class=\"elementskit-info-box-icon text-center\">\n                    <img decoding=\"async\" width=\"22\" height=\"22\" src=\"https:\/\/aftadvocacia.adv.br\/wordpressfoto\/wp-content\/uploads\/2023\/10\/icon-dot.png\" class=\"attachment- size-\" alt=\"\" \/>                <\/div>\n          <\/div>\n                <div class=\"box-body\">\n                            <h3 class=\"elementskit-info-box-title\">\n                    Cedido ao Governo do Territ\u00f3rio Federal do Amap\u00e1                <\/h3>\n                        \t\t  \t<p>Miss\u00e3o: Reestruturar e implantar o\nDepartamento de Administra\u00e7\u00e3o Tribut\u00e1ria no novo Estado<\/p>\n                                <\/div>\n        \n        \n                <\/div>\n                <\/a>\n        <\/div>\t\t\t\t<\/div>\n\t\t\t\t<\/div>\n\t\t\t\t<\/div>\n\t\t\t\t<\/div>\n\t\t<div class=\"elementor-element elementor-element-19ed914 e-con-full e-flex e-con e-child\" data-id=\"19ed914\" data-element_type=\"container\">\n\t\t<div class=\"elementor-element elementor-element-b88f866 e-con-full e-flex e-con e-child\" data-id=\"b88f866\" data-element_type=\"container\">\n\t\t\t\t<div class=\"elementor-element elementor-element-891b165 elementor-widget elementor-widget-image-box\" data-id=\"891b165\" data-element_type=\"widget\" data-widget_type=\"image-box.default\">\n\t\t\t\t<div class=\"elementor-widget-container\">\n\t\t\t\t\t<div class=\"elementor-image-box-wrapper\"><div class=\"elementor-image-box-content\"><h3 class=\"elementor-image-box-title\">FUNABEM<\/h3><p class=\"elementor-image-box-description\">1988 - 1889<\/p><\/div><\/div>\t\t\t\t<\/div>\n\t\t\t\t<\/div>\n\t\t\t\t<\/div>\n\t\t<div class=\"elementor-element elementor-element-6dc85cb e-con-full e-flex e-con e-child\" data-id=\"6dc85cb\" data-element_type=\"container\">\n\t\t\t\t<div class=\"elementor-element elementor-element-f5c7502 ekit-equal-height-disable elementor-widget elementor-widget-elementskit-icon-box\" data-id=\"f5c7502\" data-element_type=\"widget\" data-widget_type=\"elementskit-icon-box.default\">\n\t\t\t\t<div class=\"elementor-widget-container\">\n\t\t\t\t\t<div class=\"ekit-wid-con\" >        <!-- link opening -->\n                <a href=\"#\" class=\"ekit_global_links\">\n                <!-- end link opening -->\n\n        <div class=\"elementskit-infobox text-left text-left icon-lef-right-aligin elementor-animation- media  \">\n                            <div class=\"elementskit-box-header\">\n                <div class=\"elementskit-info-box-icon text-center\">\n                    <img decoding=\"async\" width=\"22\" height=\"22\" src=\"https:\/\/aftadvocacia.adv.br\/wordpressfoto\/wp-content\/uploads\/2023\/10\/icon-dot.png\" class=\"attachment- size-\" alt=\"\" \/>                <\/div>\n          <\/div>\n                <div class=\"box-body\">\n                            <h3 class=\"elementskit-info-box-title\">\n                    Cedido \u00e0 Funda\u00e7\u00e3o Nacional de Bem-Estar do Menor                <\/h3>\n                        \t\t  \t<p>Cargo: Superintendente Regional da Funabem no Amap\u00e1 <br> Miss\u00e3o:\nImplantar e dirigir o Escrit\u00f3rio Estadual da Funabem no Amap\u00e1. <\/p>\n                                <\/div>\n        \n        \n                <\/div>\n                <\/a>\n        <\/div>\t\t\t\t<\/div>\n\t\t\t\t<\/div>\n\t\t\t\t<\/div>\n\t\t\t\t<\/div>\n\t\t\t\t<\/div>\n\t\t\t\t\t<\/div>\n\t\t\t\t<\/div>\n\t\t<div class=\"elementor-element elementor-element-1aa0f5b e-flex e-con-boxed e-con e-parent\" data-id=\"1aa0f5b\" data-element_type=\"container\" id=\"rodrigo\">\n\t\t\t\t\t<div class=\"e-con-inner\">\n\t\t<div class=\"elementor-element elementor-element-0c87c3f e-con-full e-flex e-con e-child\" data-id=\"0c87c3f\" data-element_type=\"container\">\n\t\t<div class=\"elementor-element elementor-element-f4c7e9c e-con-full e-flex e-con e-child\" data-id=\"f4c7e9c\" data-element_type=\"container\" data-settings=\"{&quot;background_background&quot;:&quot;classic&quot;}\">\n\t\t<div class=\"elementor-element elementor-element-61c2e33 e-con-full e-flex e-con e-child\" data-id=\"61c2e33\" data-element_type=\"container\">\n\t\t\t\t<div class=\"elementor-element elementor-element-d6b7268 elementor-widget elementor-widget-image\" data-id=\"d6b7268\" data-element_type=\"widget\" data-widget_type=\"image.default\">\n\t\t\t\t<div class=\"elementor-widget-container\">\n\t\t\t\t\t\t\t\t\t\t\t\t\t\t\t<img loading=\"lazy\" decoding=\"async\" width=\"799\" height=\"1200\" src=\"https:\/\/aftadvocacia.adv.br\/wordpressfoto\/wp-content\/uploads\/2023\/11\/advogados-juridico-escritorio-aft-bento-gonc\u0327alves-6-1.webp\" class=\"attachment-full size-full wp-image-1167\" alt=\"\" srcset=\"https:\/\/aftadvocacia.adv.br\/wordpressfoto\/wp-content\/uploads\/2023\/11\/advogados-juridico-escritorio-aft-bento-gonc\u0327alves-6-1.webp 799w, https:\/\/aftadvocacia.adv.br\/wordpressfoto\/wp-content\/uploads\/2023\/11\/advogados-juridico-escritorio-aft-bento-gonc\u0327alves-6-1-200x300.webp 200w, https:\/\/aftadvocacia.adv.br\/wordpressfoto\/wp-content\/uploads\/2023\/11\/advogados-juridico-escritorio-aft-bento-gonc\u0327alves-6-1-682x1024.webp 682w, https:\/\/aftadvocacia.adv.br\/wordpressfoto\/wp-content\/uploads\/2023\/11\/advogados-juridico-escritorio-aft-bento-gonc\u0327alves-6-1-768x1153.webp 768w\" sizes=\"(max-width: 799px) 100vw, 799px\" \/>\t\t\t\t\t\t\t\t\t\t\t\t\t\t\t<\/div>\n\t\t\t\t<\/div>\n\t\t\t\t<div class=\"elementor-element elementor-element-58fc67d elementor-widget elementor-widget-heading\" data-id=\"58fc67d\" data-element_type=\"widget\" data-widget_type=\"heading.default\">\n\t\t\t\t<div class=\"elementor-widget-container\">\n\t\t\t\t\t<h3 class=\"elementor-heading-title elementor-size-default\">Dr. Rodrigo Terra <br> de Souza<\/h3>\t\t\t\t<\/div>\n\t\t\t\t<\/div>\n\t\t\t\t<div class=\"elementor-element elementor-element-388dcf6 elementor-widget__width-initial elementor-widget elementor-widget-heading\" data-id=\"388dcf6\" data-element_type=\"widget\" data-widget_type=\"heading.default\">\n\t\t\t\t<div class=\"elementor-widget-container\">\n\t\t\t\t\t<h4 class=\"elementor-heading-title elementor-size-default\"><b>OAB\/RS<\/b> 68.399<br>\n<b>OAB\/SP<\/b> 378.739<br>\n<b>OAB\/MG<\/b> 198.860<br>\n<b>OAB\/PA<\/b> 29.841A<br>\n<b>OAB\/MA<\/b> 21.118A<br><\/h4>\t\t\t\t<\/div>\n\t\t\t\t<\/div>\n\t\t\t\t<\/div>\n\t\t\t\t<\/div>\n\t\t\t\t<\/div>\n\t\t<div class=\"elementor-element elementor-element-2b90f09 e-con-full e-flex e-con e-child\" data-id=\"2b90f09\" data-element_type=\"container\">\n\t\t\t\t<div class=\"elementor-element elementor-element-698b96f elementor-widget elementor-widget-heading\" data-id=\"698b96f\" data-element_type=\"widget\" data-widget_type=\"heading.default\">\n\t\t\t\t<div class=\"elementor-widget-container\">\n\t\t\t\t\t<h4 class=\"elementor-heading-title elementor-size-default\">Sobre<\/h4>\t\t\t\t<\/div>\n\t\t\t\t<\/div>\n\t\t\t\t<div class=\"elementor-element elementor-element-7e50607 elementor-widget__width-initial elementor-widget-divider--view-line elementor-widget elementor-widget-divider\" data-id=\"7e50607\" data-element_type=\"widget\" data-widget_type=\"divider.default\">\n\t\t\t\t<div class=\"elementor-widget-container\">\n\t\t\t\t\t\t\t<div class=\"elementor-divider\">\n\t\t\t<span class=\"elementor-divider-separator\">\n\t\t\t\t\t\t<\/span>\n\t\t<\/div>\n\t\t\t\t\t\t<\/div>\n\t\t\t\t<\/div>\n\t\t\t\t<div class=\"elementor-element elementor-element-96dda90 elementor-widget elementor-widget-text-editor\" data-id=\"96dda90\" data-element_type=\"widget\" data-widget_type=\"text-editor.default\">\n\t\t\t\t<div class=\"elementor-widget-container\">\n\t\t\t\t\t\t\t\t\t<p>Advogado, cuja extensa forma\u00e7\u00e3o acad\u00eamica e profissional o destaca como um especialista em governan\u00e7a e compliance. Doutor em Ci\u00eancias Jur\u00eddicas e Sociais pela Universidad Del Museo Social Argentino de Buenos Aires (UMSA), ele combina uma compreens\u00e3o profunda do direito com uma perspectiva global. Sua p\u00f3s-gradua\u00e7\u00e3o em Direito Societ\u00e1rio Avan\u00e7ado pelo Instituto Brasileiro de Mercado de Capitais (IBMEC) e em Gest\u00e3o Empreendedora pela Universidade de Tecnologia de Bento Gon\u00e7alves (UNIFTEC) reflete seu compromisso com a excel\u00eancia e a inova\u00e7\u00e3o no campo jur\u00eddico.<\/p><p>No \u00e2mbito da governan\u00e7a corporativa e compliance, o Dr. Rodrigo \u00e9 certificado pelo Instituto Latino-Americano de Governan\u00e7a e Compliance P\u00fablico (IGCP), o que demonstra sua expertise em gest\u00e3o de riscos e conformidade legal. Como Bacharel em Direito pela Universidade de Caxias do Sul (UCS\/CARVI) e T\u00e9cnico em Processamento de Dados, ele possui uma base s\u00f3lida que lhe permite abordar quest\u00f5es jur\u00eddicas com uma perspectiva anal\u00edtica e tecnol\u00f3gica.<\/p><p>Sua experi\u00eancia como ex-professor de cursos tecnol\u00f3gicos e de gradua\u00e7\u00e3o evidencia sua paix\u00e3o pela educa\u00e7\u00e3o e pelo compartilhamento de conhecimento. Na AFT Advocacia e Consultoria Jur\u00eddica, o Dr. Rodrigo \u00e9 um pilar de sabedoria e orienta\u00e7\u00e3o, oferecendo solu\u00e7\u00f5es jur\u00eddicas inovadoras e estrat\u00e9gicas, especialmente em quest\u00f5es de governan\u00e7a e compliance. Seu compromisso com a excel\u00eancia jur\u00eddica e sua abordagem multidisciplinar s\u00e3o fundamentais para o sucesso e a reputa\u00e7\u00e3o da nossa firma.<\/p>\t\t\t\t\t\t\t\t<\/div>\n\t\t\t\t<\/div>\n\t\t\t\t<div class=\"elementor-element elementor-element-72063d3 elementor-widget elementor-widget-heading\" data-id=\"72063d3\" data-element_type=\"widget\" data-widget_type=\"heading.default\">\n\t\t\t\t<div class=\"elementor-widget-container\">\n\t\t\t\t\t<h4 class=\"elementor-heading-title elementor-size-default\">Curriculum<\/h4>\t\t\t\t<\/div>\n\t\t\t\t<\/div>\n\t\t\t\t<div class=\"elementor-element elementor-element-f102242 elementor-widget__width-initial elementor-widget-divider--view-line elementor-widget elementor-widget-divider\" data-id=\"f102242\" data-element_type=\"widget\" data-widget_type=\"divider.default\">\n\t\t\t\t<div class=\"elementor-widget-container\">\n\t\t\t\t\t\t\t<div class=\"elementor-divider\">\n\t\t\t<span class=\"elementor-divider-separator\">\n\t\t\t\t\t\t<\/span>\n\t\t<\/div>\n\t\t\t\t\t\t<\/div>\n\t\t\t\t<\/div>\n\t\t<div class=\"elementor-element elementor-element-a84fb65 e-con-full e-flex e-con e-child\" data-id=\"a84fb65\" data-element_type=\"container\">\n\t\t<div class=\"elementor-element elementor-element-340b98d e-con-full e-flex e-con e-child\" data-id=\"340b98d\" data-element_type=\"container\">\n\t\t\t\t<div class=\"elementor-element elementor-element-4bc173a elementor-widget elementor-widget-image-box\" data-id=\"4bc173a\" data-element_type=\"widget\" data-widget_type=\"image-box.default\">\n\t\t\t\t<div class=\"elementor-widget-container\">\n\t\t\t\t\t<div class=\"elementor-image-box-wrapper\"><div class=\"elementor-image-box-content\"><h3 class=\"elementor-image-box-title\">Landell<\/h3><p class=\"elementor-image-box-description\">1998<\/p><\/div><\/div>\t\t\t\t<\/div>\n\t\t\t\t<\/div>\n\t\t\t\t<\/div>\n\t\t<div class=\"elementor-element elementor-element-d4196f5 e-con-full e-flex e-con e-child\" data-id=\"d4196f5\" data-element_type=\"container\">\n\t\t\t\t<div class=\"elementor-element elementor-element-a6fc1e7 ekit-equal-height-disable elementor-widget elementor-widget-elementskit-icon-box\" data-id=\"a6fc1e7\" data-element_type=\"widget\" data-widget_type=\"elementskit-icon-box.default\">\n\t\t\t\t<div class=\"elementor-widget-container\">\n\t\t\t\t\t<div class=\"ekit-wid-con\" >        <!-- link opening -->\n                <a href=\"#\" class=\"ekit_global_links\">\n                <!-- end link opening -->\n\n        <div class=\"elementskit-infobox text- text-left icon-lef-right-aligin elementor-animation- media  \">\n                            <div class=\"elementskit-box-header\">\n                <div class=\"elementskit-info-box-icon text-center\">\n                    <img decoding=\"async\" width=\"22\" height=\"22\" src=\"https:\/\/aftadvocacia.adv.br\/wordpressfoto\/wp-content\/uploads\/2023\/10\/icon-dot.png\" class=\"attachment- size-\" alt=\"\" \/>                <\/div>\n          <\/div>\n                <div class=\"box-body\">\n                            <h3 class=\"elementskit-info-box-title\">\n                    T\u00e9cnico                <\/h3>\n                        \t\t  \t<p>Processamento de Dados - Escola Landell de Moura\u200b<\/p>\n                                <\/div>\n        \n        \n                <\/div>\n                <\/a>\n        <\/div>\t\t\t\t<\/div>\n\t\t\t\t<\/div>\n\t\t\t\t<\/div>\n\t\t\t\t<\/div>\n\t\t<div class=\"elementor-element elementor-element-3719a28 e-con-full e-flex e-con e-child\" data-id=\"3719a28\" data-element_type=\"container\">\n\t\t<div class=\"elementor-element elementor-element-b8dbe65 e-con-full e-flex e-con e-child\" data-id=\"b8dbe65\" data-element_type=\"container\">\n\t\t\t\t<div class=\"elementor-element elementor-element-e712c2d elementor-widget elementor-widget-image-box\" data-id=\"e712c2d\" data-element_type=\"widget\" data-widget_type=\"image-box.default\">\n\t\t\t\t<div class=\"elementor-widget-container\">\n\t\t\t\t\t<div class=\"elementor-image-box-wrapper\"><div class=\"elementor-image-box-content\"><h3 class=\"elementor-image-box-title\">UCS<\/h3><p class=\"elementor-image-box-description\">2005<\/p><\/div><\/div>\t\t\t\t<\/div>\n\t\t\t\t<\/div>\n\t\t\t\t<\/div>\n\t\t<div class=\"elementor-element elementor-element-c7fb573 e-con-full e-flex e-con e-child\" data-id=\"c7fb573\" data-element_type=\"container\">\n\t\t\t\t<div class=\"elementor-element elementor-element-ca415bd ekit-equal-height-disable elementor-widget elementor-widget-elementskit-icon-box\" data-id=\"ca415bd\" data-element_type=\"widget\" data-widget_type=\"elementskit-icon-box.default\">\n\t\t\t\t<div class=\"elementor-widget-container\">\n\t\t\t\t\t<div class=\"ekit-wid-con\" >        <!-- link opening -->\n                <a href=\"#\" class=\"ekit_global_links\">\n                <!-- end link opening -->\n\n        <div class=\"elementskit-infobox text- text-left icon-lef-right-aligin elementor-animation- media  \">\n                            <div class=\"elementskit-box-header\">\n                <div class=\"elementskit-info-box-icon text-center\">\n                    <img decoding=\"async\" width=\"22\" height=\"22\" src=\"https:\/\/aftadvocacia.adv.br\/wordpressfoto\/wp-content\/uploads\/2023\/10\/icon-dot.png\" class=\"attachment- size-\" alt=\"\" \/>                <\/div>\n          <\/div>\n                <div class=\"box-body\">\n                            <h3 class=\"elementskit-info-box-title\">\n                    Graduac\u00e3o em Direito                <\/h3>\n                        \t\t  \t<p>Bacharel em Direito pela Universidade de Caxias do Sul - Campus Universit\u00e1rio da Regi\u00e3o dos Vinhedos - UCS\/CARVI<\/p>\n                                <\/div>\n        \n        \n                <\/div>\n                <\/a>\n        <\/div>\t\t\t\t<\/div>\n\t\t\t\t<\/div>\n\t\t\t\t<\/div>\n\t\t\t\t<\/div>\n\t\t<div class=\"elementor-element elementor-element-ee1da1c e-con-full e-flex e-con e-child\" data-id=\"ee1da1c\" data-element_type=\"container\">\n\t\t<div class=\"elementor-element elementor-element-184d287 e-con-full e-flex e-con e-child\" data-id=\"184d287\" data-element_type=\"container\">\n\t\t\t\t<div class=\"elementor-element elementor-element-c09b986 elementor-widget elementor-widget-image-box\" data-id=\"c09b986\" data-element_type=\"widget\" data-widget_type=\"image-box.default\">\n\t\t\t\t<div class=\"elementor-widget-container\">\n\t\t\t\t\t<div class=\"elementor-image-box-wrapper\"><div class=\"elementor-image-box-content\"><h3 class=\"elementor-image-box-title\">FTec Brasil<\/h3><p class=\"elementor-image-box-description\">2008<\/p><\/div><\/div>\t\t\t\t<\/div>\n\t\t\t\t<\/div>\n\t\t\t\t<\/div>\n\t\t<div class=\"elementor-element elementor-element-e76cd67 e-con-full e-flex e-con e-child\" data-id=\"e76cd67\" data-element_type=\"container\">\n\t\t\t\t<div class=\"elementor-element elementor-element-dc24d3f ekit-equal-height-disable elementor-widget elementor-widget-elementskit-icon-box\" data-id=\"dc24d3f\" data-element_type=\"widget\" data-widget_type=\"elementskit-icon-box.default\">\n\t\t\t\t<div class=\"elementor-widget-container\">\n\t\t\t\t\t<div class=\"ekit-wid-con\" >        <!-- link opening -->\n                <a href=\"#\" class=\"ekit_global_links\">\n                <!-- end link opening -->\n\n        <div class=\"elementskit-infobox text- text-left icon-lef-right-aligin elementor-animation- media  \">\n                            <div class=\"elementskit-box-header\">\n                <div class=\"elementskit-info-box-icon text-center\">\n                    <img decoding=\"async\" width=\"22\" height=\"22\" src=\"https:\/\/aftadvocacia.adv.br\/wordpressfoto\/wp-content\/uploads\/2023\/10\/icon-dot.png\" class=\"attachment- size-\" alt=\"\" \/>                <\/div>\n          <\/div>\n                <div class=\"box-body\">\n                            <h3 class=\"elementskit-info-box-title\">\n                    P\u00f3s-gradua\u00e7\u00e3o em Gest\u00e3o Empreendedora                <\/h3>\n                        \t\t  \t<p> Faculdade de Tecnologia de Bento Gon\u00e7alves (FTec)<\/p>\n                                <\/div>\n        \n        \n                <\/div>\n                <\/a>\n        <\/div>\t\t\t\t<\/div>\n\t\t\t\t<\/div>\n\t\t\t\t<\/div>\n\t\t\t\t<\/div>\n\t\t<div class=\"elementor-element elementor-element-64a8321 e-con-full e-flex e-con e-child\" data-id=\"64a8321\" data-element_type=\"container\">\n\t\t<div class=\"elementor-element elementor-element-006e660 e-con-full e-flex e-con e-child\" data-id=\"006e660\" data-element_type=\"container\">\n\t\t\t\t<div class=\"elementor-element elementor-element-43fea04 elementor-widget elementor-widget-image-box\" data-id=\"43fea04\" data-element_type=\"widget\" data-widget_type=\"image-box.default\">\n\t\t\t\t<div class=\"elementor-widget-container\">\n\t\t\t\t\t<div class=\"elementor-image-box-wrapper\"><div class=\"elementor-image-box-content\"><h3 class=\"elementor-image-box-title\">UMSA<\/h3><p class=\"elementor-image-box-description\">2016<\/p><\/div><\/div>\t\t\t\t<\/div>\n\t\t\t\t<\/div>\n\t\t\t\t<\/div>\n\t\t<div class=\"elementor-element elementor-element-657a564 e-con-full e-flex e-con e-child\" data-id=\"657a564\" data-element_type=\"container\">\n\t\t\t\t<div class=\"elementor-element elementor-element-0aa78e5 ekit-equal-height-disable elementor-widget elementor-widget-elementskit-icon-box\" data-id=\"0aa78e5\" data-element_type=\"widget\" data-widget_type=\"elementskit-icon-box.default\">\n\t\t\t\t<div class=\"elementor-widget-container\">\n\t\t\t\t\t<div class=\"ekit-wid-con\" >        <!-- link opening -->\n                <a href=\"#\" class=\"ekit_global_links\">\n                <!-- end link opening -->\n\n        <div class=\"elementskit-infobox text- text-left icon-lef-right-aligin elementor-animation- media  \">\n                            <div class=\"elementskit-box-header\">\n                <div class=\"elementskit-info-box-icon text-center\">\n                    <img decoding=\"async\" width=\"22\" height=\"22\" src=\"https:\/\/aftadvocacia.adv.br\/wordpressfoto\/wp-content\/uploads\/2023\/10\/icon-dot.png\" class=\"attachment- size-\" alt=\"\" \/>                <\/div>\n          <\/div>\n                <div class=\"box-body\">\n                            <h3 class=\"elementskit-info-box-title\">\n                    Doutorado em Ci\u00eancias Jur\u00eddicas e Sociais                <\/h3>\n                        \t\t  \t<p>Universidad del Museo Social Argentino - Buenos Aires\/Argentina<\/p>\n                                <\/div>\n        \n        \n                <\/div>\n                <\/a>\n        <\/div>\t\t\t\t<\/div>\n\t\t\t\t<\/div>\n\t\t\t\t<\/div>\n\t\t\t\t<\/div>\n\t\t<div class=\"elementor-element elementor-element-6ed2cd4 e-con-full e-flex e-con e-child\" data-id=\"6ed2cd4\" data-element_type=\"container\">\n\t\t<div class=\"elementor-element elementor-element-be55dbe e-con-full e-flex e-con e-child\" data-id=\"be55dbe\" data-element_type=\"container\">\n\t\t\t\t<div class=\"elementor-element elementor-element-0e98d1b elementor-widget elementor-widget-image-box\" data-id=\"0e98d1b\" data-element_type=\"widget\" data-widget_type=\"image-box.default\">\n\t\t\t\t<div class=\"elementor-widget-container\">\n\t\t\t\t\t<div class=\"elementor-image-box-wrapper\"><div class=\"elementor-image-box-content\"><h3 class=\"elementor-image-box-title\">IBMEC<\/h3><p class=\"elementor-image-box-description\">2022<\/p><\/div><\/div>\t\t\t\t<\/div>\n\t\t\t\t<\/div>\n\t\t\t\t<\/div>\n\t\t<div class=\"elementor-element elementor-element-928c8b5 e-con-full e-flex e-con e-child\" data-id=\"928c8b5\" data-element_type=\"container\">\n\t\t\t\t<div class=\"elementor-element elementor-element-1e14020 ekit-equal-height-disable elementor-widget elementor-widget-elementskit-icon-box\" data-id=\"1e14020\" data-element_type=\"widget\" data-widget_type=\"elementskit-icon-box.default\">\n\t\t\t\t<div class=\"elementor-widget-container\">\n\t\t\t\t\t<div class=\"ekit-wid-con\" >        <!-- link opening -->\n                <a href=\"#\" class=\"ekit_global_links\">\n                <!-- end link opening -->\n\n        <div class=\"elementskit-infobox text- text-left icon-lef-right-aligin elementor-animation- media  \">\n                            <div class=\"elementskit-box-header\">\n                <div class=\"elementskit-info-box-icon text-center\">\n                    <img decoding=\"async\" width=\"22\" height=\"22\" src=\"https:\/\/aftadvocacia.adv.br\/wordpressfoto\/wp-content\/uploads\/2023\/10\/icon-dot.png\" class=\"attachment- size-\" alt=\"\" \/>                <\/div>\n          <\/div>\n                <div class=\"box-body\">\n                            <h3 class=\"elementskit-info-box-title\">\n                    Certifica\u00e7\u00e3o                <\/h3>\n                        \t\t  \t<p>P\u00f3s-graduado em Direito Societ\u00e1rio Avan\u00e7ado pelo Instituto Brasileiro de Mercado de Capitais<\/p>\n                                <\/div>\n        \n        \n                <\/div>\n                <\/a>\n        <\/div>\t\t\t\t<\/div>\n\t\t\t\t<\/div>\n\t\t\t\t<\/div>\n\t\t\t\t<\/div>\n\t\t<div class=\"elementor-element elementor-element-2bf0380 e-con-full e-flex e-con e-child\" data-id=\"2bf0380\" data-element_type=\"container\">\n\t\t<div class=\"elementor-element elementor-element-28d7973 e-con-full e-flex e-con e-child\" data-id=\"28d7973\" data-element_type=\"container\">\n\t\t\t\t<div class=\"elementor-element elementor-element-4f420e9 elementor-widget elementor-widget-image-box\" data-id=\"4f420e9\" data-element_type=\"widget\" data-widget_type=\"image-box.default\">\n\t\t\t\t<div class=\"elementor-widget-container\">\n\t\t\t\t\t<div class=\"elementor-image-box-wrapper\"><div class=\"elementor-image-box-content\"><h3 class=\"elementor-image-box-title\">IGCP\/ITL<\/h3><p class=\"elementor-image-box-description\">2022<\/p><\/div><\/div>\t\t\t\t<\/div>\n\t\t\t\t<\/div>\n\t\t\t\t<\/div>\n\t\t<div class=\"elementor-element elementor-element-2094c68 e-con-full e-flex e-con e-child\" data-id=\"2094c68\" data-element_type=\"container\">\n\t\t\t\t<div class=\"elementor-element elementor-element-2c1a968 ekit-equal-height-disable elementor-widget elementor-widget-elementskit-icon-box\" data-id=\"2c1a968\" data-element_type=\"widget\" data-widget_type=\"elementskit-icon-box.default\">\n\t\t\t\t<div class=\"elementor-widget-container\">\n\t\t\t\t\t<div class=\"ekit-wid-con\" >        <!-- link opening -->\n                <a href=\"#\" class=\"ekit_global_links\">\n                <!-- end link opening -->\n\n        <div class=\"elementskit-infobox text- text-left icon-lef-right-aligin elementor-animation- media  \">\n                            <div class=\"elementskit-box-header\">\n                <div class=\"elementskit-info-box-icon text-center\">\n                    <img decoding=\"async\" width=\"22\" height=\"22\" src=\"https:\/\/aftadvocacia.adv.br\/wordpressfoto\/wp-content\/uploads\/2023\/10\/icon-dot.png\" class=\"attachment- size-\" alt=\"\" \/>                <\/div>\n          <\/div>\n                <div class=\"box-body\">\n                            <h3 class=\"elementskit-info-box-title\">\n                    Certifica\u00e7\u00e3o                <\/h3>\n                        \t\t  \t<p>Instituto Latino Americano de Governan\u00e7a e Compliance P\u00fablico e Instituto de Transporte e Log\u00edstica em Gest\u00e3o de Riscos, Compliance e Governan\u00e7a - IGCP\/ITL<\/p>\n                                <\/div>\n        \n        \n                <\/div>\n                <\/a>\n        <\/div>\t\t\t\t<\/div>\n\t\t\t\t<\/div>\n\t\t\t\t<\/div>\n\t\t\t\t<\/div>\n\t\t\t\t<\/div>\n\t\t\t\t\t<\/div>\n\t\t\t\t<\/div>\n\t\t<div class=\"elementor-element elementor-element-2e83fff e-flex e-con-boxed e-con e-parent\" data-id=\"2e83fff\" data-element_type=\"container\" id=\"andressa\" data-settings=\"{&quot;background_background&quot;:&quot;classic&quot;}\">\n\t\t\t\t\t<div class=\"e-con-inner\">\n\t\t<div class=\"elementor-element elementor-element-a13f7d8 e-con-full e-flex e-con e-child\" data-id=\"a13f7d8\" data-element_type=\"container\">\n\t\t<div class=\"elementor-element elementor-element-e737a2d e-con-full e-flex e-con e-child\" data-id=\"e737a2d\" data-element_type=\"container\" data-settings=\"{&quot;background_background&quot;:&quot;classic&quot;}\">\n\t\t<div class=\"elementor-element elementor-element-352a8ee e-con-full e-flex e-con e-child\" data-id=\"352a8ee\" data-element_type=\"container\" data-settings=\"{&quot;background_background&quot;:&quot;classic&quot;}\">\n\t\t\t\t<div class=\"elementor-element elementor-element-d8750c1 elementor-widget elementor-widget-image\" data-id=\"d8750c1\" data-element_type=\"widget\" data-widget_type=\"image.default\">\n\t\t\t\t<div class=\"elementor-widget-container\">\n\t\t\t\t\t\t\t\t\t\t\t\t\t\t\t<img loading=\"lazy\" decoding=\"async\" width=\"800\" height=\"1200\" src=\"https:\/\/aftadvocacia.adv.br\/wordpressfoto\/wp-content\/uploads\/2024\/10\/abreu-freitas-e-terra-aft-advocacia-bento-goncalves-rio-grande-do-sul-advogadas-equipe-5.webp\" class=\"attachment-full size-full wp-image-3618\" alt=\"\" srcset=\"https:\/\/aftadvocacia.adv.br\/wordpressfoto\/wp-content\/uploads\/2024\/10\/abreu-freitas-e-terra-aft-advocacia-bento-goncalves-rio-grande-do-sul-advogadas-equipe-5.webp 800w, https:\/\/aftadvocacia.adv.br\/wordpressfoto\/wp-content\/uploads\/2024\/10\/abreu-freitas-e-terra-aft-advocacia-bento-goncalves-rio-grande-do-sul-advogadas-equipe-5-200x300.webp 200w, https:\/\/aftadvocacia.adv.br\/wordpressfoto\/wp-content\/uploads\/2024\/10\/abreu-freitas-e-terra-aft-advocacia-bento-goncalves-rio-grande-do-sul-advogadas-equipe-5-683x1024.webp 683w, https:\/\/aftadvocacia.adv.br\/wordpressfoto\/wp-content\/uploads\/2024\/10\/abreu-freitas-e-terra-aft-advocacia-bento-goncalves-rio-grande-do-sul-advogadas-equipe-5-768x1152.webp 768w\" sizes=\"(max-width: 800px) 100vw, 800px\" \/>\t\t\t\t\t\t\t\t\t\t\t\t\t\t\t<\/div>\n\t\t\t\t<\/div>\n\t\t\t\t<div class=\"elementor-element elementor-element-a4c3b49 elementor-widget elementor-widget-heading\" data-id=\"a4c3b49\" data-element_type=\"widget\" data-widget_type=\"heading.default\">\n\t\t\t\t<div class=\"elementor-widget-container\">\n\t\t\t\t\t<h3 class=\"elementor-heading-title elementor-size-default\">Dra. Andressa <br>Ferronatto<\/h3>\t\t\t\t<\/div>\n\t\t\t\t<\/div>\n\t\t\t\t<div class=\"elementor-element elementor-element-1028c4d elementor-widget__width-initial elementor-widget elementor-widget-heading\" data-id=\"1028c4d\" data-element_type=\"widget\" data-widget_type=\"heading.default\">\n\t\t\t\t<div class=\"elementor-widget-container\">\n\t\t\t\t\t<h4 class=\"elementor-heading-title elementor-size-default\"><b>OAB\/RS <\/b>91.367<\/h4>\t\t\t\t<\/div>\n\t\t\t\t<\/div>\n\t\t\t\t<\/div>\n\t\t\t\t<\/div>\n\t\t\t\t<\/div>\n\t\t<div class=\"elementor-element elementor-element-fda63e9 e-con-full e-flex e-con e-child\" data-id=\"fda63e9\" data-element_type=\"container\">\n\t\t\t\t<div class=\"elementor-element elementor-element-6e9ff10 elementor-widget elementor-widget-heading\" data-id=\"6e9ff10\" data-element_type=\"widget\" data-widget_type=\"heading.default\">\n\t\t\t\t<div class=\"elementor-widget-container\">\n\t\t\t\t\t<h4 class=\"elementor-heading-title elementor-size-default\">Sobre<\/h4>\t\t\t\t<\/div>\n\t\t\t\t<\/div>\n\t\t\t\t<div class=\"elementor-element elementor-element-7f6415d elementor-widget__width-initial elementor-widget-divider--view-line elementor-widget elementor-widget-divider\" data-id=\"7f6415d\" data-element_type=\"widget\" data-widget_type=\"divider.default\">\n\t\t\t\t<div class=\"elementor-widget-container\">\n\t\t\t\t\t\t\t<div class=\"elementor-divider\">\n\t\t\t<span class=\"elementor-divider-separator\">\n\t\t\t\t\t\t<\/span>\n\t\t<\/div>\n\t\t\t\t\t\t<\/div>\n\t\t\t\t<\/div>\n\t\t\t\t<div class=\"elementor-element elementor-element-fb958fd elementor-widget elementor-widget-text-editor\" data-id=\"fb958fd\" data-element_type=\"widget\" data-widget_type=\"text-editor.default\">\n\t\t\t\t<div class=\"elementor-widget-container\">\n\t\t\t\t\t\t\t\t\t<p>Advogada, cuja trajet\u00f3ria acad\u00eamica e profissional reflete um compromisso inabal\u00e1vel com a excel\u00eancia jur\u00eddica. Graduada em Direito pela prestigiada Universidade de Caxias do Sul (UCS\/CARVI), ela se destaca por sua abordagem meticulosa e seu profundo entendimento das complexidades legais. Suas especializa\u00e7\u00f5es em Direito Notarial e Registral e em Direito Civil e Empresarial, obtidas atrav\u00e9s de duas p\u00f3s-gradua\u00e7\u00f5es na renomada IBMEC, a equipou com habilidades especializadas para lidar com quest\u00f5es jur\u00eddicas de alta complexidade.<\/p><p>Na AFT Advocacia e Consultoria Jur\u00eddica, a Dra. Ferronatto \u00e9 reconhecida por sua capacidade de oferecer solu\u00e7\u00f5es jur\u00eddicas precisas e inovadoras, sempre com um olhar atento aos detalhes. Sua expertise em Direito Notarial e Registral \u00e9 fundamental para a orienta\u00e7\u00e3o e o suporte que ela oferece aos nossos clientes, garantindo que seus direitos e interesses estejam sempre bem protegidos. Com uma abordagem que combina conhecimento t\u00e9cnico com uma compreens\u00e3o emp\u00e1tica das necessidades dos clientes, a Dra. Ferronatto \u00e9 uma pe\u00e7a chave em nossa equipe, contribuindo significativamente para o padr\u00e3o de excel\u00eancia pelo qual a AFT \u00e9 reconhecida.<\/p>\t\t\t\t\t\t\t\t<\/div>\n\t\t\t\t<\/div>\n\t\t\t\t<div class=\"elementor-element elementor-element-00d90b0 elementor-widget elementor-widget-heading\" data-id=\"00d90b0\" data-element_type=\"widget\" data-widget_type=\"heading.default\">\n\t\t\t\t<div class=\"elementor-widget-container\">\n\t\t\t\t\t<h4 class=\"elementor-heading-title elementor-size-default\">Curriculum<\/h4>\t\t\t\t<\/div>\n\t\t\t\t<\/div>\n\t\t\t\t<div class=\"elementor-element elementor-element-fb73760 elementor-widget__width-initial elementor-widget-divider--view-line elementor-widget elementor-widget-divider\" data-id=\"fb73760\" data-element_type=\"widget\" data-widget_type=\"divider.default\">\n\t\t\t\t<div class=\"elementor-widget-container\">\n\t\t\t\t\t\t\t<div class=\"elementor-divider\">\n\t\t\t<span class=\"elementor-divider-separator\">\n\t\t\t\t\t\t<\/span>\n\t\t<\/div>\n\t\t\t\t\t\t<\/div>\n\t\t\t\t<\/div>\n\t\t<div class=\"elementor-element elementor-element-88558ae e-con-full e-flex e-con e-child\" data-id=\"88558ae\" data-element_type=\"container\">\n\t\t<div class=\"elementor-element elementor-element-178064c e-con-full e-flex e-con e-child\" data-id=\"178064c\" data-element_type=\"container\">\n\t\t\t\t<div class=\"elementor-element elementor-element-ce0e36a elementor-widget elementor-widget-image-box\" data-id=\"ce0e36a\" data-element_type=\"widget\" data-widget_type=\"image-box.default\">\n\t\t\t\t<div class=\"elementor-widget-container\">\n\t\t\t\t\t<div class=\"elementor-image-box-wrapper\"><div class=\"elementor-image-box-content\"><h3 class=\"elementor-image-box-title\">UCS<\/h3><p class=\"elementor-image-box-description\">2008<\/p><\/div><\/div>\t\t\t\t<\/div>\n\t\t\t\t<\/div>\n\t\t\t\t<\/div>\n\t\t<div class=\"elementor-element elementor-element-4e94692 e-con-full e-flex e-con e-child\" data-id=\"4e94692\" data-element_type=\"container\">\n\t\t\t\t<div class=\"elementor-element elementor-element-f7f066e ekit-equal-height-disable elementor-widget elementor-widget-elementskit-icon-box\" data-id=\"f7f066e\" data-element_type=\"widget\" data-widget_type=\"elementskit-icon-box.default\">\n\t\t\t\t<div class=\"elementor-widget-container\">\n\t\t\t\t\t<div class=\"ekit-wid-con\" >        <!-- link opening -->\n                <a href=\"#\" class=\"ekit_global_links\">\n                <!-- end link opening -->\n\n        <div class=\"elementskit-infobox text- text-left icon-lef-right-aligin elementor-animation- media  \">\n                            <div class=\"elementskit-box-header\">\n                <div class=\"elementskit-info-box-icon text-center\">\n                    <img decoding=\"async\" width=\"22\" height=\"22\" src=\"https:\/\/aftadvocacia.adv.br\/wordpressfoto\/wp-content\/uploads\/2023\/10\/icon-dot.png\" class=\"attachment- size-\" alt=\"\" \/>                <\/div>\n          <\/div>\n                <div class=\"box-body\">\n                            <h3 class=\"elementskit-info-box-title\">\n                    Gradua\u00e7\u00e3o em direito                <\/h3>\n                        \t\t  \t<p>Universidade de Caxias do Sul (UCS\/CARVI)<\/p>\n                                <\/div>\n        \n        \n                <\/div>\n                <\/a>\n        <\/div>\t\t\t\t<\/div>\n\t\t\t\t<\/div>\n\t\t\t\t<\/div>\n\t\t\t\t<\/div>\n\t\t<div class=\"elementor-element elementor-element-d07862d e-con-full e-flex e-con e-child\" data-id=\"d07862d\" data-element_type=\"container\">\n\t\t<div class=\"elementor-element elementor-element-2382e00 e-con-full e-flex e-con e-child\" data-id=\"2382e00\" data-element_type=\"container\">\n\t\t\t\t<div class=\"elementor-element elementor-element-be472a9 elementor-widget elementor-widget-image-box\" data-id=\"be472a9\" data-element_type=\"widget\" data-widget_type=\"image-box.default\">\n\t\t\t\t<div class=\"elementor-widget-container\">\n\t\t\t\t\t<div class=\"elementor-image-box-wrapper\"><div class=\"elementor-image-box-content\"><h3 class=\"elementor-image-box-title\">IBMEC<\/h3><p class=\"elementor-image-box-description\">2023<\/p><\/div><\/div>\t\t\t\t<\/div>\n\t\t\t\t<\/div>\n\t\t\t\t<\/div>\n\t\t<div class=\"elementor-element elementor-element-e4ca10f e-con-full e-flex e-con e-child\" data-id=\"e4ca10f\" data-element_type=\"container\">\n\t\t\t\t<div class=\"elementor-element elementor-element-890655a ekit-equal-height-disable elementor-widget elementor-widget-elementskit-icon-box\" data-id=\"890655a\" data-element_type=\"widget\" data-widget_type=\"elementskit-icon-box.default\">\n\t\t\t\t<div class=\"elementor-widget-container\">\n\t\t\t\t\t<div class=\"ekit-wid-con\" >        <!-- link opening -->\n                <a href=\"#\" class=\"ekit_global_links\">\n                <!-- end link opening -->\n\n        <div class=\"elementskit-infobox text- text-left icon-lef-right-aligin elementor-animation- media  \">\n                            <div class=\"elementskit-box-header\">\n                <div class=\"elementskit-info-box-icon text-center\">\n                    <img decoding=\"async\" width=\"22\" height=\"22\" src=\"https:\/\/aftadvocacia.adv.br\/wordpressfoto\/wp-content\/uploads\/2023\/10\/icon-dot.png\" class=\"attachment- size-\" alt=\"\" \/>                <\/div>\n          <\/div>\n                <div class=\"box-body\">\n                            <h3 class=\"elementskit-info-box-title\">\n                    P\u00f3s-Gradua\u00e7\u00e3o Direito Notarial e Registral                <\/h3>\n                        \t\t  \t<p>P\u00f3s-Gradua\u00e7\u00e3o Lato Sensu em Direito Notarial e Registral - Faculdade IBMEC S\u00e3o Paulo<\/p>\n                                <\/div>\n        \n        \n                <\/div>\n                <\/a>\n        <\/div>\t\t\t\t<\/div>\n\t\t\t\t<\/div>\n\t\t\t\t<\/div>\n\t\t\t\t<\/div>\n\t\t<div class=\"elementor-element elementor-element-dfcf0b6 e-con-full e-flex e-con e-child\" data-id=\"dfcf0b6\" data-element_type=\"container\">\n\t\t<div class=\"elementor-element elementor-element-01d44aa e-con-full e-flex e-con e-child\" data-id=\"01d44aa\" data-element_type=\"container\">\n\t\t\t\t<div class=\"elementor-element elementor-element-094211a elementor-widget elementor-widget-image-box\" data-id=\"094211a\" data-element_type=\"widget\" data-widget_type=\"image-box.default\">\n\t\t\t\t<div class=\"elementor-widget-container\">\n\t\t\t\t\t<div class=\"elementor-image-box-wrapper\"><div class=\"elementor-image-box-content\"><h3 class=\"elementor-image-box-title\">IBMEC<\/h3><p class=\"elementor-image-box-description\">2024<\/p><\/div><\/div>\t\t\t\t<\/div>\n\t\t\t\t<\/div>\n\t\t\t\t<\/div>\n\t\t<div class=\"elementor-element elementor-element-a3e50f5 e-con-full e-flex e-con e-child\" data-id=\"a3e50f5\" data-element_type=\"container\">\n\t\t\t\t<div class=\"elementor-element elementor-element-447825d ekit-equal-height-disable elementor-widget elementor-widget-elementskit-icon-box\" data-id=\"447825d\" data-element_type=\"widget\" data-widget_type=\"elementskit-icon-box.default\">\n\t\t\t\t<div class=\"elementor-widget-container\">\n\t\t\t\t\t<div class=\"ekit-wid-con\" >        <!-- link opening -->\n                <a href=\"#\" class=\"ekit_global_links\">\n                <!-- end link opening -->\n\n        <div class=\"elementskit-infobox text- text-left icon-lef-right-aligin elementor-animation- media  \">\n                            <div class=\"elementskit-box-header\">\n                <div class=\"elementskit-info-box-icon text-center\">\n                    <img decoding=\"async\" width=\"22\" height=\"22\" src=\"https:\/\/aftadvocacia.adv.br\/wordpressfoto\/wp-content\/uploads\/2023\/10\/icon-dot.png\" class=\"attachment- size-\" alt=\"\" \/>                <\/div>\n          <\/div>\n                <div class=\"box-body\">\n                            <h3 class=\"elementskit-info-box-title\">\n                    P\u00f3s-Gradua\u00e7\u00e3o Lato Sensu em Direito Civil e Empresarial                <\/h3>\n                        \t\t  \t<p>Faculdade IBMEC S\u00e3o Paulo<\/p>\n                                <\/div>\n        \n        \n                <\/div>\n                <\/a>\n        <\/div>\t\t\t\t<\/div>\n\t\t\t\t<\/div>\n\t\t\t\t<\/div>\n\t\t\t\t<\/div>\n\t\t\t\t<\/div>\n\t\t\t\t\t<\/div>\n\t\t\t\t<\/div>\n\t\t<div class=\"elementor-element elementor-element-9033f26 e-flex e-con-boxed e-con e-parent\" data-id=\"9033f26\" data-element_type=\"container\" id=\"kelli\">\n\t\t\t\t\t<div class=\"e-con-inner\">\n\t\t<div class=\"elementor-element elementor-element-2eb2c45 e-con-full e-flex e-con e-child\" data-id=\"2eb2c45\" data-element_type=\"container\">\n\t\t<div class=\"elementor-element elementor-element-b27b07b e-con-full e-flex e-con e-child\" data-id=\"b27b07b\" data-element_type=\"container\" data-settings=\"{&quot;background_background&quot;:&quot;classic&quot;}\">\n\t\t<div class=\"elementor-element elementor-element-6b59b3e e-con-full e-flex e-con e-child\" data-id=\"6b59b3e\" data-element_type=\"container\">\n\t\t\t\t<div class=\"elementor-element elementor-element-b0c286d elementor-widget elementor-widget-image\" data-id=\"b0c286d\" data-element_type=\"widget\" data-widget_type=\"image.default\">\n\t\t\t\t<div class=\"elementor-widget-container\">\n\t\t\t\t\t\t\t\t\t\t\t\t\t\t\t<img loading=\"lazy\" decoding=\"async\" width=\"800\" height=\"1200\" src=\"https:\/\/aftadvocacia.adv.br\/wordpressfoto\/wp-content\/uploads\/2024\/10\/abreu-freitas-e-terra-aft-advocacia-bento-goncalves-rio-grande-do-sul-advogadas-equipe-9.webp\" class=\"attachment-full size-full wp-image-3622\" alt=\"\" srcset=\"https:\/\/aftadvocacia.adv.br\/wordpressfoto\/wp-content\/uploads\/2024\/10\/abreu-freitas-e-terra-aft-advocacia-bento-goncalves-rio-grande-do-sul-advogadas-equipe-9.webp 800w, https:\/\/aftadvocacia.adv.br\/wordpressfoto\/wp-content\/uploads\/2024\/10\/abreu-freitas-e-terra-aft-advocacia-bento-goncalves-rio-grande-do-sul-advogadas-equipe-9-200x300.webp 200w, https:\/\/aftadvocacia.adv.br\/wordpressfoto\/wp-content\/uploads\/2024\/10\/abreu-freitas-e-terra-aft-advocacia-bento-goncalves-rio-grande-do-sul-advogadas-equipe-9-683x1024.webp 683w, https:\/\/aftadvocacia.adv.br\/wordpressfoto\/wp-content\/uploads\/2024\/10\/abreu-freitas-e-terra-aft-advocacia-bento-goncalves-rio-grande-do-sul-advogadas-equipe-9-768x1152.webp 768w\" sizes=\"(max-width: 800px) 100vw, 800px\" \/>\t\t\t\t\t\t\t\t\t\t\t\t\t\t\t<\/div>\n\t\t\t\t<\/div>\n\t\t\t\t<div class=\"elementor-element elementor-element-5027df1 elementor-widget elementor-widget-heading\" data-id=\"5027df1\" data-element_type=\"widget\" data-widget_type=\"heading.default\">\n\t\t\t\t<div class=\"elementor-widget-container\">\n\t\t\t\t\t<h3 class=\"elementor-heading-title elementor-size-default\">Dra. Kelli Santin <br> Ramos<\/h3>\t\t\t\t<\/div>\n\t\t\t\t<\/div>\n\t\t\t\t<div class=\"elementor-element elementor-element-62ab230 elementor-widget__width-initial elementor-widget elementor-widget-heading\" data-id=\"62ab230\" data-element_type=\"widget\" data-widget_type=\"heading.default\">\n\t\t\t\t<div class=\"elementor-widget-container\">\n\t\t\t\t\t<h4 class=\"elementor-heading-title elementor-size-default\"><b>OAB\/RS<\/b> 112.584<\/h4>\t\t\t\t<\/div>\n\t\t\t\t<\/div>\n\t\t\t\t<\/div>\n\t\t\t\t<\/div>\n\t\t\t\t<\/div>\n\t\t<div class=\"elementor-element elementor-element-b5abdf0 e-con-full e-flex e-con e-child\" data-id=\"b5abdf0\" data-element_type=\"container\">\n\t\t\t\t<div class=\"elementor-element elementor-element-7890b55 elementor-widget elementor-widget-heading\" data-id=\"7890b55\" data-element_type=\"widget\" data-widget_type=\"heading.default\">\n\t\t\t\t<div class=\"elementor-widget-container\">\n\t\t\t\t\t<h4 class=\"elementor-heading-title elementor-size-default\">Sobre<\/h4>\t\t\t\t<\/div>\n\t\t\t\t<\/div>\n\t\t\t\t<div class=\"elementor-element elementor-element-f5f1b67 elementor-widget__width-initial elementor-widget-divider--view-line elementor-widget elementor-widget-divider\" data-id=\"f5f1b67\" data-element_type=\"widget\" data-widget_type=\"divider.default\">\n\t\t\t\t<div class=\"elementor-widget-container\">\n\t\t\t\t\t\t\t<div class=\"elementor-divider\">\n\t\t\t<span class=\"elementor-divider-separator\">\n\t\t\t\t\t\t<\/span>\n\t\t<\/div>\n\t\t\t\t\t\t<\/div>\n\t\t\t\t<\/div>\n\t\t\t\t<div class=\"elementor-element elementor-element-7b7943e elementor-widget elementor-widget-text-editor\" data-id=\"7b7943e\" data-element_type=\"widget\" data-widget_type=\"text-editor.default\">\n\t\t\t\t<div class=\"elementor-widget-container\">\n\t\t\t\t\t\t\t\t\t<p>Advogada, cuja forma\u00e7\u00e3o e experi\u00eancia a posicionam como uma especialista em Direito Contratual. Graduada em Direito pela Universidade de Caxias do Sul (UCS\/CARVI), ela complementou sua forma\u00e7\u00e3o acad\u00eamica com uma p\u00f3s-gradua\u00e7\u00e3o em Direito Contratual pela Universidade de Passo Fundo (UPF), uma \u00e1rea que exige precis\u00e3o e um entendimento aprofundado das nuances legais.<\/p><p><span style=\"text-align: var(--text-align); color: var( --e-global-color-text );\">Na AFT Advocacia e Consultoria Jur\u00eddica, a Dra. Kelli \u00e9 reconhecida por sua habilidade excepcional na elabora\u00e7\u00e3o e gest\u00e3o de contratos empresariais. Sua abordagem meticulosa e estrat\u00e9gica assegura que todos os aspectos legais sejam cuidadosamente considerados, minimizando riscos e protegendo os interesses dos nossos clientes. Com uma vis\u00e3o clara das implica\u00e7\u00f5es comerciais e legais, ela oferece solu\u00e7\u00f5es jur\u00eddicas que n\u00e3o apenas atendem \u00e0s necessidades imediatas, mas tamb\u00e9m antecipam desafios futuros.<br \/><\/span><\/p><p><span style=\"text-align: var(--text-align); color: var( --e-global-color-text );\">A expertise da Dra. Kelli em Direito Contratual \u00e9 um ativo valioso para nossos clientes empresariais, que se beneficiam de sua orienta\u00e7\u00e3o precisa e conselhos estrat\u00e9gicos. Seu compromisso com a excel\u00eancia e sua capacidade de traduzir complexidades contratuais em termos claros e pr\u00e1ticos fazem dela uma pe\u00e7a fundamental na nossa equipe, contribuindo significativamente para o alto padr\u00e3o de servi\u00e7o pelo qual a AFT \u00e9 conhecida.<\/span><\/p>\t\t\t\t\t\t\t\t<\/div>\n\t\t\t\t<\/div>\n\t\t\t\t<div class=\"elementor-element elementor-element-4192979 elementor-widget elementor-widget-heading\" data-id=\"4192979\" data-element_type=\"widget\" data-widget_type=\"heading.default\">\n\t\t\t\t<div class=\"elementor-widget-container\">\n\t\t\t\t\t<h4 class=\"elementor-heading-title elementor-size-default\">Curriculum<\/h4>\t\t\t\t<\/div>\n\t\t\t\t<\/div>\n\t\t\t\t<div class=\"elementor-element elementor-element-b3617d1 elementor-widget__width-initial elementor-widget-divider--view-line elementor-widget elementor-widget-divider\" data-id=\"b3617d1\" data-element_type=\"widget\" data-widget_type=\"divider.default\">\n\t\t\t\t<div class=\"elementor-widget-container\">\n\t\t\t\t\t\t\t<div class=\"elementor-divider\">\n\t\t\t<span class=\"elementor-divider-separator\">\n\t\t\t\t\t\t<\/span>\n\t\t<\/div>\n\t\t\t\t\t\t<\/div>\n\t\t\t\t<\/div>\n\t\t<div class=\"elementor-element elementor-element-670b1b2 e-con-full e-flex e-con e-child\" data-id=\"670b1b2\" data-element_type=\"container\">\n\t\t<div class=\"elementor-element elementor-element-937b968 e-con-full e-flex e-con e-child\" data-id=\"937b968\" data-element_type=\"container\">\n\t\t\t\t<div class=\"elementor-element elementor-element-5a2bf95 elementor-widget elementor-widget-image-box\" data-id=\"5a2bf95\" data-element_type=\"widget\" data-widget_type=\"image-box.default\">\n\t\t\t\t<div class=\"elementor-widget-container\">\n\t\t\t\t\t<div class=\"elementor-image-box-wrapper\"><div class=\"elementor-image-box-content\"><h3 class=\"elementor-image-box-title\">UCS<\/h3><p class=\"elementor-image-box-description\">2017<\/p><\/div><\/div>\t\t\t\t<\/div>\n\t\t\t\t<\/div>\n\t\t\t\t<\/div>\n\t\t<div class=\"elementor-element elementor-element-563b3b3 e-con-full e-flex e-con e-child\" data-id=\"563b3b3\" data-element_type=\"container\">\n\t\t\t\t<div class=\"elementor-element elementor-element-2a2cc24 ekit-equal-height-disable elementor-widget elementor-widget-elementskit-icon-box\" data-id=\"2a2cc24\" data-element_type=\"widget\" data-widget_type=\"elementskit-icon-box.default\">\n\t\t\t\t<div class=\"elementor-widget-container\">\n\t\t\t\t\t<div class=\"ekit-wid-con\" >        <!-- link opening -->\n                <a href=\"#\" class=\"ekit_global_links\">\n                <!-- end link opening -->\n\n        <div class=\"elementskit-infobox text- text-left icon-lef-right-aligin elementor-animation- media  \">\n                            <div class=\"elementskit-box-header\">\n                <div class=\"elementskit-info-box-icon text-center\">\n                    <img decoding=\"async\" width=\"22\" height=\"22\" src=\"https:\/\/aftadvocacia.adv.br\/wordpressfoto\/wp-content\/uploads\/2023\/10\/icon-dot.png\" class=\"attachment- size-\" alt=\"\" \/>                <\/div>\n          <\/div>\n                <div class=\"box-body\">\n                            <h3 class=\"elementskit-info-box-title\">\n                    Gradua\u00e7\u00e3o em Direito                <\/h3>\n                        \t\t  \t<p>Universidade de Caxias do sul  (UCS\/CARVI)<\/p>\n                                <\/div>\n        \n        \n                <\/div>\n                <\/a>\n        <\/div>\t\t\t\t<\/div>\n\t\t\t\t<\/div>\n\t\t\t\t<\/div>\n\t\t\t\t<\/div>\n\t\t<div class=\"elementor-element elementor-element-a973f5a e-con-full e-flex e-con e-child\" data-id=\"a973f5a\" data-element_type=\"container\">\n\t\t<div class=\"elementor-element elementor-element-f7d1a4e e-con-full e-flex e-con e-child\" data-id=\"f7d1a4e\" data-element_type=\"container\">\n\t\t\t\t<div class=\"elementor-element elementor-element-cdc9612 elementor-widget elementor-widget-image-box\" data-id=\"cdc9612\" data-element_type=\"widget\" data-widget_type=\"image-box.default\">\n\t\t\t\t<div class=\"elementor-widget-container\">\n\t\t\t\t\t<div class=\"elementor-image-box-wrapper\"><div class=\"elementor-image-box-content\"><h3 class=\"elementor-image-box-title\">UPF<\/h3><p class=\"elementor-image-box-description\">2022<\/p><\/div><\/div>\t\t\t\t<\/div>\n\t\t\t\t<\/div>\n\t\t\t\t<\/div>\n\t\t<div class=\"elementor-element elementor-element-8b69456 e-con-full e-flex e-con e-child\" data-id=\"8b69456\" data-element_type=\"container\">\n\t\t\t\t<div class=\"elementor-element elementor-element-1b9ea0b ekit-equal-height-disable elementor-widget elementor-widget-elementskit-icon-box\" data-id=\"1b9ea0b\" data-element_type=\"widget\" data-widget_type=\"elementskit-icon-box.default\">\n\t\t\t\t<div class=\"elementor-widget-container\">\n\t\t\t\t\t<div class=\"ekit-wid-con\" >        <!-- link opening -->\n                <a href=\"#\" class=\"ekit_global_links\">\n                <!-- end link opening -->\n\n        <div class=\"elementskit-infobox text- text-left icon-lef-right-aligin elementor-animation- media  \">\n                            <div class=\"elementskit-box-header\">\n                <div class=\"elementskit-info-box-icon text-center\">\n                    <img decoding=\"async\" width=\"22\" height=\"22\" src=\"https:\/\/aftadvocacia.adv.br\/wordpressfoto\/wp-content\/uploads\/2023\/10\/icon-dot.png\" class=\"attachment- size-\" alt=\"\" \/>                <\/div>\n          <\/div>\n                <div class=\"box-body\">\n                            <h3 class=\"elementskit-info-box-title\">\n                    P\u00f3s Gradua\u00e7\u00e3o em Direito Contratual                <\/h3>\n                        \t\t  \t<p>Universidade de Passo Fundo (UPF)<\/p>\n                                <\/div>\n        \n        \n                <\/div>\n                <\/a>\n        <\/div>\t\t\t\t<\/div>\n\t\t\t\t<\/div>\n\t\t\t\t<\/div>\n\t\t\t\t<\/div>\n\t\t\t\t<\/div>\n\t\t\t\t\t<\/div>\n\t\t\t\t<\/div>\n\t\t<div class=\"elementor-element elementor-element-0d6e034 e-flex e-con-boxed e-con e-parent\" data-id=\"0d6e034\" data-element_type=\"container\" id=\"daliane\" data-settings=\"{&quot;background_background&quot;:&quot;classic&quot;}\">\n\t\t\t\t\t<div class=\"e-con-inner\">\n\t\t<div class=\"elementor-element elementor-element-67b9844 e-con-full e-flex e-con e-child\" data-id=\"67b9844\" data-element_type=\"container\">\n\t\t<div class=\"elementor-element elementor-element-5fb16a6 e-con-full e-flex e-con e-child\" data-id=\"5fb16a6\" data-element_type=\"container\" data-settings=\"{&quot;background_background&quot;:&quot;classic&quot;}\">\n\t\t<div class=\"elementor-element elementor-element-cdef43e e-con-full e-flex e-con e-child\" data-id=\"cdef43e\" data-element_type=\"container\" data-settings=\"{&quot;background_background&quot;:&quot;classic&quot;}\">\n\t\t\t\t<div class=\"elementor-element elementor-element-ad28467 elementor-widget elementor-widget-image\" data-id=\"ad28467\" data-element_type=\"widget\" data-widget_type=\"image.default\">\n\t\t\t\t<div class=\"elementor-widget-container\">\n\t\t\t\t\t\t\t\t\t\t\t\t\t\t\t<img loading=\"lazy\" decoding=\"async\" width=\"799\" height=\"1200\" src=\"https:\/\/aftadvocacia.adv.br\/wordpressfoto\/wp-content\/uploads\/2024\/10\/abreu-freitas-e-terra-aft-advocacia-bento-goncalves-rio-grande-do-sul-advogadas-equipe-22.webp\" class=\"attachment-full size-full wp-image-3635\" alt=\"\" srcset=\"https:\/\/aftadvocacia.adv.br\/wordpressfoto\/wp-content\/uploads\/2024\/10\/abreu-freitas-e-terra-aft-advocacia-bento-goncalves-rio-grande-do-sul-advogadas-equipe-22.webp 799w, https:\/\/aftadvocacia.adv.br\/wordpressfoto\/wp-content\/uploads\/2024\/10\/abreu-freitas-e-terra-aft-advocacia-bento-goncalves-rio-grande-do-sul-advogadas-equipe-22-200x300.webp 200w, https:\/\/aftadvocacia.adv.br\/wordpressfoto\/wp-content\/uploads\/2024\/10\/abreu-freitas-e-terra-aft-advocacia-bento-goncalves-rio-grande-do-sul-advogadas-equipe-22-682x1024.webp 682w, https:\/\/aftadvocacia.adv.br\/wordpressfoto\/wp-content\/uploads\/2024\/10\/abreu-freitas-e-terra-aft-advocacia-bento-goncalves-rio-grande-do-sul-advogadas-equipe-22-768x1153.webp 768w\" sizes=\"(max-width: 799px) 100vw, 799px\" \/>\t\t\t\t\t\t\t\t\t\t\t\t\t\t\t<\/div>\n\t\t\t\t<\/div>\n\t\t\t\t<div class=\"elementor-element elementor-element-ce099d5 elementor-widget elementor-widget-heading\" data-id=\"ce099d5\" data-element_type=\"widget\" data-widget_type=\"heading.default\">\n\t\t\t\t<div class=\"elementor-widget-container\">\n\t\t\t\t\t<h3 class=\"elementor-heading-title elementor-size-default\">Dra. Daliane Kremer Sott<\/h3>\t\t\t\t<\/div>\n\t\t\t\t<\/div>\n\t\t\t\t<div class=\"elementor-element elementor-element-c7d9b74 elementor-widget__width-initial elementor-widget elementor-widget-heading\" data-id=\"c7d9b74\" data-element_type=\"widget\" data-widget_type=\"heading.default\">\n\t\t\t\t<div class=\"elementor-widget-container\">\n\t\t\t\t\t<h4 class=\"elementor-heading-title elementor-size-default\"><b> OAB\/RS<\/b> 127.938<\/h4>\t\t\t\t<\/div>\n\t\t\t\t<\/div>\n\t\t\t\t<\/div>\n\t\t\t\t<\/div>\n\t\t\t\t<\/div>\n\t\t<div class=\"elementor-element elementor-element-0ed95e0 e-con-full e-flex e-con e-child\" data-id=\"0ed95e0\" data-element_type=\"container\">\n\t\t\t\t<div class=\"elementor-element elementor-element-cc817a0 elementor-widget elementor-widget-heading\" data-id=\"cc817a0\" data-element_type=\"widget\" data-widget_type=\"heading.default\">\n\t\t\t\t<div class=\"elementor-widget-container\">\n\t\t\t\t\t<h4 class=\"elementor-heading-title elementor-size-default\">Sobre<\/h4>\t\t\t\t<\/div>\n\t\t\t\t<\/div>\n\t\t\t\t<div class=\"elementor-element elementor-element-2bddabd elementor-widget__width-initial elementor-widget-divider--view-line elementor-widget elementor-widget-divider\" data-id=\"2bddabd\" data-element_type=\"widget\" data-widget_type=\"divider.default\">\n\t\t\t\t<div class=\"elementor-widget-container\">\n\t\t\t\t\t\t\t<div class=\"elementor-divider\">\n\t\t\t<span class=\"elementor-divider-separator\">\n\t\t\t\t\t\t<\/span>\n\t\t<\/div>\n\t\t\t\t\t\t<\/div>\n\t\t\t\t<\/div>\n\t\t\t\t<div class=\"elementor-element elementor-element-72f3512 elementor-widget elementor-widget-text-editor\" data-id=\"72f3512\" data-element_type=\"widget\" data-widget_type=\"text-editor.default\">\n\t\t\t\t<div class=\"elementor-widget-container\">\n\t\t\t\t\t\t\t\t\t<p>Advogada altamente qualificada, registrada na OAB\/RS sob o n\u00famero 127.938. Formada em Direito pela renomada Universidade de Caxias do Sul (UCS) em 2017, ela desenvolveu uma carreira s\u00f3lida com foco na \u00e1rea de Direito Civil. Sua principal expertise est\u00e1 na elabora\u00e7\u00e3o, revis\u00e3o e gest\u00e3o de contratos, demonstrando um profundo entendimento dos aspectos t\u00e9cnicos e jur\u00eddicos que envolvem os neg\u00f3cios jur\u00eddicos.<\/p><p>Desde sua entrada na AFT Advocacia em 1\u00ba de agosto de 2024, Daliane tem se destacado por sua abordagem eficiente e detalhista, sempre buscando otimizar a gest\u00e3o do tempo e antecipar desafios. Sua capacidade de prever potenciais problemas e identificar oportunidades tem sido um diferencial no desenvolvimento de solu\u00e7\u00f5es estrat\u00e9gicas para seus clientes, refor\u00e7ando seu compromisso com a excel\u00eancia.<\/p><p>A atua\u00e7\u00e3o de Daliane \u00e9 marcada pela assertividade e proatividade, caracter\u00edsticas essenciais para o ambiente din\u00e2mico e desafiador do Direito Civil. Ela n\u00e3o apenas resolve problemas, mas tamb\u00e9m se antecipa a eles, criando estrat\u00e9gias jur\u00eddicas eficazes que fortalecem a confian\u00e7a de seus clientes e asseguram a seguran\u00e7a jur\u00eddica em cada negocia\u00e7\u00e3o e contrato gerido.<\/p>\t\t\t\t\t\t\t\t<\/div>\n\t\t\t\t<\/div>\n\t\t\t\t<div class=\"elementor-element elementor-element-cd54fd2 elementor-widget elementor-widget-heading\" data-id=\"cd54fd2\" data-element_type=\"widget\" data-widget_type=\"heading.default\">\n\t\t\t\t<div class=\"elementor-widget-container\">\n\t\t\t\t\t<h4 class=\"elementor-heading-title elementor-size-default\">Curriculum<\/h4>\t\t\t\t<\/div>\n\t\t\t\t<\/div>\n\t\t\t\t<div class=\"elementor-element elementor-element-fa07cc8 elementor-widget__width-initial elementor-widget-divider--view-line elementor-widget elementor-widget-divider\" data-id=\"fa07cc8\" data-element_type=\"widget\" data-widget_type=\"divider.default\">\n\t\t\t\t<div class=\"elementor-widget-container\">\n\t\t\t\t\t\t\t<div class=\"elementor-divider\">\n\t\t\t<span class=\"elementor-divider-separator\">\n\t\t\t\t\t\t<\/span>\n\t\t<\/div>\n\t\t\t\t\t\t<\/div>\n\t\t\t\t<\/div>\n\t\t<div class=\"elementor-element elementor-element-68370ab e-con-full e-flex e-con e-child\" data-id=\"68370ab\" data-element_type=\"container\">\n\t\t<div class=\"elementor-element elementor-element-ab663c7 e-con-full e-flex e-con e-child\" data-id=\"ab663c7\" data-element_type=\"container\">\n\t\t\t\t<div class=\"elementor-element elementor-element-8612108 elementor-widget elementor-widget-image-box\" data-id=\"8612108\" data-element_type=\"widget\" data-widget_type=\"image-box.default\">\n\t\t\t\t<div class=\"elementor-widget-container\">\n\t\t\t\t\t<div class=\"elementor-image-box-wrapper\"><div class=\"elementor-image-box-content\"><h3 class=\"elementor-image-box-title\">UCS<\/h3><p class=\"elementor-image-box-description\">2017<\/p><\/div><\/div>\t\t\t\t<\/div>\n\t\t\t\t<\/div>\n\t\t\t\t<\/div>\n\t\t<div class=\"elementor-element elementor-element-22b1941 e-con-full e-flex e-con e-child\" data-id=\"22b1941\" data-element_type=\"container\">\n\t\t\t\t<div class=\"elementor-element elementor-element-d6707ee ekit-equal-height-disable elementor-widget elementor-widget-elementskit-icon-box\" data-id=\"d6707ee\" data-element_type=\"widget\" data-widget_type=\"elementskit-icon-box.default\">\n\t\t\t\t<div class=\"elementor-widget-container\">\n\t\t\t\t\t<div class=\"ekit-wid-con\" >        <!-- link opening -->\n                <a href=\"#\" class=\"ekit_global_links\">\n                <!-- end link opening -->\n\n        <div class=\"elementskit-infobox text- text-left icon-lef-right-aligin elementor-animation- media  \">\n                            <div class=\"elementskit-box-header\">\n                <div class=\"elementskit-info-box-icon text-center\">\n                    <img decoding=\"async\" width=\"22\" height=\"22\" src=\"https:\/\/aftadvocacia.adv.br\/wordpressfoto\/wp-content\/uploads\/2023\/10\/icon-dot.png\" class=\"attachment- size-\" alt=\"\" \/>                <\/div>\n          <\/div>\n                <div class=\"box-body\">\n                            <h3 class=\"elementskit-info-box-title\">\n                    Gradua\u00e7\u00e3o em Direito                <\/h3>\n                        \t\t  \t<p>Universidade de Caxias do Sul (UCS)<\/p>\n                                <\/div>\n        \n        \n                <\/div>\n                <\/a>\n        <\/div>\t\t\t\t<\/div>\n\t\t\t\t<\/div>\n\t\t\t\t<\/div>\n\t\t\t\t<\/div>\n\t\t<div class=\"elementor-element elementor-element-bdd75cd e-con-full e-flex e-con e-child\" data-id=\"bdd75cd\" data-element_type=\"container\">\n\t\t<div class=\"elementor-element elementor-element-5d868d9 e-con-full e-flex e-con e-child\" data-id=\"5d868d9\" data-element_type=\"container\">\n\t\t\t\t<div class=\"elementor-element elementor-element-a9912c1 elementor-widget elementor-widget-image-box\" data-id=\"a9912c1\" data-element_type=\"widget\" data-widget_type=\"image-box.default\">\n\t\t\t\t<div class=\"elementor-widget-container\">\n\t\t\t\t\t<div class=\"elementor-image-box-wrapper\"><div class=\"elementor-image-box-content\"><h3 class=\"elementor-image-box-title\">FMP<\/h3><p class=\"elementor-image-box-description\">2025 - presente momento<\/p><\/div><\/div>\t\t\t\t<\/div>\n\t\t\t\t<\/div>\n\t\t\t\t<\/div>\n\t\t<div class=\"elementor-element elementor-element-00adca9 e-con-full e-flex e-con e-child\" data-id=\"00adca9\" data-element_type=\"container\">\n\t\t\t\t<div class=\"elementor-element elementor-element-a64dc96 ekit-equal-height-disable elementor-widget elementor-widget-elementskit-icon-box\" data-id=\"a64dc96\" data-element_type=\"widget\" data-widget_type=\"elementskit-icon-box.default\">\n\t\t\t\t<div class=\"elementor-widget-container\">\n\t\t\t\t\t<div class=\"ekit-wid-con\" >        <!-- link opening -->\n                <a href=\"#\" class=\"ekit_global_links\">\n                <!-- end link opening -->\n\n        <div class=\"elementskit-infobox text- text-left icon-lef-right-aligin elementor-animation- media  \">\n                            <div class=\"elementskit-box-header\">\n                <div class=\"elementskit-info-box-icon text-center\">\n                    <img decoding=\"async\" width=\"22\" height=\"22\" src=\"https:\/\/aftadvocacia.adv.br\/wordpressfoto\/wp-content\/uploads\/2023\/10\/icon-dot.png\" class=\"attachment- size-\" alt=\"\" \/>                <\/div>\n          <\/div>\n                <div class=\"box-body\">\n                            <h3 class=\"elementskit-info-box-title\">\n                     P\u00f3s-Graduanda em Advocacia Contratual e Responsabilidade Civil                <\/h3>\n                        \t\t  \t<p>Funda\u00e7\u00e3o Escola Superior do Minist\u00e9rio P\u00fablico<\/p>\n                                <\/div>\n        \n        \n                <\/div>\n                <\/a>\n        <\/div>\t\t\t\t<\/div>\n\t\t\t\t<\/div>\n\t\t\t\t<\/div>\n\t\t\t\t<\/div>\n\t\t<div class=\"elementor-element elementor-element-4ae2ba1 e-con-full e-flex e-con e-child\" data-id=\"4ae2ba1\" data-element_type=\"container\">\n\t\t<div class=\"elementor-element elementor-element-bc770b2 e-con-full e-flex e-con e-child\" data-id=\"bc770b2\" data-element_type=\"container\">\n\t\t\t\t<div class=\"elementor-element elementor-element-14a0fca elementor-widget elementor-widget-image-box\" data-id=\"14a0fca\" data-element_type=\"widget\" data-widget_type=\"image-box.default\">\n\t\t\t\t<div class=\"elementor-widget-container\">\n\t\t\t\t\t<div class=\"elementor-image-box-wrapper\"><div class=\"elementor-image-box-content\"><h3 class=\"elementor-image-box-title\">FDE<\/h3><p class=\"elementor-image-box-description\">2025 - presente momento<\/p><\/div><\/div>\t\t\t\t<\/div>\n\t\t\t\t<\/div>\n\t\t\t\t<\/div>\n\t\t<div class=\"elementor-element elementor-element-f32ed83 e-con-full e-flex e-con e-child\" data-id=\"f32ed83\" data-element_type=\"container\">\n\t\t\t\t<div class=\"elementor-element elementor-element-7760f6b ekit-equal-height-disable elementor-widget elementor-widget-elementskit-icon-box\" data-id=\"7760f6b\" data-element_type=\"widget\" data-widget_type=\"elementskit-icon-box.default\">\n\t\t\t\t<div class=\"elementor-widget-container\">\n\t\t\t\t\t<div class=\"ekit-wid-con\" >        <!-- link opening -->\n                <a href=\"#\" class=\"ekit_global_links\">\n                <!-- end link opening -->\n\n        <div class=\"elementskit-infobox text- text-left icon-lef-right-aligin elementor-animation- media  \">\n                            <div class=\"elementskit-box-header\">\n                <div class=\"elementskit-info-box-icon text-center\">\n                    <img decoding=\"async\" width=\"22\" height=\"22\" src=\"https:\/\/aftadvocacia.adv.br\/wordpressfoto\/wp-content\/uploads\/2023\/10\/icon-dot.png\" class=\"attachment- size-\" alt=\"\" \/>                <\/div>\n          <\/div>\n                <div class=\"box-body\">\n                            <h3 class=\"elementskit-info-box-title\">\n                    P\u00f3s-Graduanda em Direito Notarial e Registral                <\/h3>\n                        \t\t  \t<p>Faculdade Dam\u00e1sio Educacional <\/p>\n                                <\/div>\n        \n        \n                <\/div>\n                <\/a>\n        <\/div>\t\t\t\t<\/div>\n\t\t\t\t<\/div>\n\t\t\t\t<\/div>\n\t\t\t\t<\/div>\n\t\t\t\t<\/div>\n\t\t\t\t\t<\/div>\n\t\t\t\t<\/div>\n\t\t<div class=\"elementor-element elementor-element-7a1445a e-flex e-con-boxed e-con e-parent\" data-id=\"7a1445a\" data-element_type=\"container\" id=\"diane\" data-settings=\"{&quot;background_background&quot;:&quot;classic&quot;}\">\n\t\t\t\t\t<div class=\"e-con-inner\">\n\t\t<div class=\"elementor-element elementor-element-f3ee559 e-con-full e-flex e-con e-child\" data-id=\"f3ee559\" data-element_type=\"container\">\n\t\t<div class=\"elementor-element elementor-element-c36c089 e-con-full e-flex e-con e-child\" data-id=\"c36c089\" data-element_type=\"container\" data-settings=\"{&quot;background_background&quot;:&quot;classic&quot;}\">\n\t\t<div class=\"elementor-element elementor-element-ac3c473 e-con-full e-flex e-con e-child\" data-id=\"ac3c473\" data-element_type=\"container\" data-settings=\"{&quot;background_background&quot;:&quot;classic&quot;}\">\n\t\t\t\t<div class=\"elementor-element elementor-element-f642e53 elementor-widget elementor-widget-image\" data-id=\"f642e53\" data-element_type=\"widget\" data-widget_type=\"image.default\">\n\t\t\t\t<div class=\"elementor-widget-container\">\n\t\t\t\t\t\t\t\t\t\t\t\t\t\t\t<img loading=\"lazy\" decoding=\"async\" width=\"800\" height=\"1200\" src=\"https:\/\/aftadvocacia.adv.br\/wordpressfoto\/wp-content\/uploads\/2024\/10\/abreu-freitas-e-terra-aft-advocacia-bento-goncalves-rio-grande-do-sul-advogadas-equipe-48.webp\" class=\"attachment-full size-full wp-image-3661\" alt=\"\" srcset=\"https:\/\/aftadvocacia.adv.br\/wordpressfoto\/wp-content\/uploads\/2024\/10\/abreu-freitas-e-terra-aft-advocacia-bento-goncalves-rio-grande-do-sul-advogadas-equipe-48.webp 800w, https:\/\/aftadvocacia.adv.br\/wordpressfoto\/wp-content\/uploads\/2024\/10\/abreu-freitas-e-terra-aft-advocacia-bento-goncalves-rio-grande-do-sul-advogadas-equipe-48-200x300.webp 200w, https:\/\/aftadvocacia.adv.br\/wordpressfoto\/wp-content\/uploads\/2024\/10\/abreu-freitas-e-terra-aft-advocacia-bento-goncalves-rio-grande-do-sul-advogadas-equipe-48-683x1024.webp 683w, https:\/\/aftadvocacia.adv.br\/wordpressfoto\/wp-content\/uploads\/2024\/10\/abreu-freitas-e-terra-aft-advocacia-bento-goncalves-rio-grande-do-sul-advogadas-equipe-48-768x1152.webp 768w\" sizes=\"(max-width: 800px) 100vw, 800px\" \/>\t\t\t\t\t\t\t\t\t\t\t\t\t\t\t<\/div>\n\t\t\t\t<\/div>\n\t\t\t\t<div class=\"elementor-element elementor-element-140e8e9 elementor-widget elementor-widget-heading\" data-id=\"140e8e9\" data-element_type=\"widget\" data-widget_type=\"heading.default\">\n\t\t\t\t<div class=\"elementor-widget-container\">\n\t\t\t\t\t<h3 class=\"elementor-heading-title elementor-size-default\">Diane Duda<\/h3>\t\t\t\t<\/div>\n\t\t\t\t<\/div>\n\t\t\t\t<div class=\"elementor-element elementor-element-b00834a elementor-widget__width-initial elementor-widget elementor-widget-heading\" data-id=\"b00834a\" data-element_type=\"widget\" data-widget_type=\"heading.default\">\n\t\t\t\t<div class=\"elementor-widget-container\">\n\t\t\t\t\t<h4 class=\"elementor-heading-title elementor-size-default\">Gestora<\/h4>\t\t\t\t<\/div>\n\t\t\t\t<\/div>\n\t\t\t\t<\/div>\n\t\t\t\t<\/div>\n\t\t\t\t<\/div>\n\t\t<div class=\"elementor-element elementor-element-d81c84f e-con-full e-flex e-con e-child\" data-id=\"d81c84f\" data-element_type=\"container\">\n\t\t\t\t<div class=\"elementor-element elementor-element-6bed0e0 elementor-widget elementor-widget-heading\" data-id=\"6bed0e0\" data-element_type=\"widget\" data-widget_type=\"heading.default\">\n\t\t\t\t<div class=\"elementor-widget-container\">\n\t\t\t\t\t<h4 class=\"elementor-heading-title elementor-size-default\">Sobre<\/h4>\t\t\t\t<\/div>\n\t\t\t\t<\/div>\n\t\t\t\t<div class=\"elementor-element elementor-element-23d4532 elementor-widget__width-initial elementor-widget-divider--view-line elementor-widget elementor-widget-divider\" data-id=\"23d4532\" data-element_type=\"widget\" data-widget_type=\"divider.default\">\n\t\t\t\t<div class=\"elementor-widget-container\">\n\t\t\t\t\t\t\t<div class=\"elementor-divider\">\n\t\t\t<span class=\"elementor-divider-separator\">\n\t\t\t\t\t\t<\/span>\n\t\t<\/div>\n\t\t\t\t\t\t<\/div>\n\t\t\t\t<\/div>\n\t\t\t\t<div class=\"elementor-element elementor-element-b0bc75f elementor-widget elementor-widget-text-editor\" data-id=\"b0bc75f\" data-element_type=\"widget\" data-widget_type=\"text-editor.default\">\n\t\t\t\t<div class=\"elementor-widget-container\">\n\t\t\t\t\t\t\t\t\t<p>Administradora de empresas, cuja especializa\u00e7\u00e3o em Finan\u00e7as e Controladoria a torna uma pe\u00e7a fundamental na estrutura da AFT Advocacia e Consultoria Jur\u00eddica. Graduada pela Faculdade Cenecista de Bento Gon\u00e7alves (CNEC), Diane traz uma abordagem estrat\u00e9gica e detalhada para a gest\u00e3o financeira, essencial para o sucesso e crescimento sustent\u00e1vel do nosso escrit\u00f3rio.<\/p><p><span style=\"text-align: var(--text-align); color: var( --e-global-color-text );\">Na AFT, Diane \u00e9 respons\u00e1vel por assegurar que todas as opera\u00e7\u00f5es financeiras sejam conduzidas com a m\u00e1xima efici\u00eancia e precis\u00e3o. Sua habilidade em controladoria e finan\u00e7as permite que a empresa mantenha uma sa\u00fade financeira robusta, essencial para a expans\u00e3o dos neg\u00f3cios e para a presta\u00e7\u00e3o de servi\u00e7os jur\u00eddicos de alta qualidade. Com um olhar atento para as tend\u00eancias do mercado e uma compreens\u00e3o profunda da gest\u00e3o financeira, ela desempenha um papel crucial na tomada de decis\u00f5es estrat\u00e9gicas, garantindo que a AFT permane\u00e7a na vanguarda da advocacia.<\/span><\/p><p><span style=\"text-align: var(--text-align); color: var( --e-global-color-text );\">A expertise de Diane em finan\u00e7as e controladoria n\u00e3o apenas fortalece a posi\u00e7\u00e3o financeira da AFT, mas tamb\u00e9m contribui significativamente para a efici\u00eancia operacional e a satisfa\u00e7\u00e3o do cliente. Sua abordagem meticulosa e seu compromisso com a excel\u00eancia s\u00e3o um exemplo do padr\u00e3o de qualidade pelo qual a AFT \u00e9 reconhecida.<\/span><\/p>\t\t\t\t\t\t\t\t<\/div>\n\t\t\t\t<\/div>\n\t\t\t\t<div class=\"elementor-element elementor-element-3c52ff5 elementor-widget elementor-widget-heading\" data-id=\"3c52ff5\" data-element_type=\"widget\" data-widget_type=\"heading.default\">\n\t\t\t\t<div class=\"elementor-widget-container\">\n\t\t\t\t\t<h4 class=\"elementor-heading-title elementor-size-default\">Curriculum<\/h4>\t\t\t\t<\/div>\n\t\t\t\t<\/div>\n\t\t\t\t<div class=\"elementor-element elementor-element-99d97a2 elementor-widget__width-initial elementor-widget-divider--view-line elementor-widget elementor-widget-divider\" data-id=\"99d97a2\" data-element_type=\"widget\" data-widget_type=\"divider.default\">\n\t\t\t\t<div class=\"elementor-widget-container\">\n\t\t\t\t\t\t\t<div class=\"elementor-divider\">\n\t\t\t<span class=\"elementor-divider-separator\">\n\t\t\t\t\t\t<\/span>\n\t\t<\/div>\n\t\t\t\t\t\t<\/div>\n\t\t\t\t<\/div>\n\t\t<div class=\"elementor-element elementor-element-4932fbd e-con-full e-flex e-con e-child\" data-id=\"4932fbd\" data-element_type=\"container\">\n\t\t<div class=\"elementor-element elementor-element-6a4dc97 e-con-full e-flex e-con e-child\" data-id=\"6a4dc97\" data-element_type=\"container\">\n\t\t\t\t<div class=\"elementor-element elementor-element-40a614c elementor-widget elementor-widget-image-box\" data-id=\"40a614c\" data-element_type=\"widget\" data-widget_type=\"image-box.default\">\n\t\t\t\t<div class=\"elementor-widget-container\">\n\t\t\t\t\t<div class=\"elementor-image-box-wrapper\"><div class=\"elementor-image-box-content\"><h3 class=\"elementor-image-box-title\">CNEC<\/h3><p class=\"elementor-image-box-description\">2008 - 2013<\/p><\/div><\/div>\t\t\t\t<\/div>\n\t\t\t\t<\/div>\n\t\t\t\t<\/div>\n\t\t<div class=\"elementor-element elementor-element-7cc2e8a e-con-full e-flex e-con e-child\" data-id=\"7cc2e8a\" data-element_type=\"container\">\n\t\t\t\t<div class=\"elementor-element elementor-element-9b30794 ekit-equal-height-disable elementor-widget elementor-widget-elementskit-icon-box\" data-id=\"9b30794\" data-element_type=\"widget\" data-widget_type=\"elementskit-icon-box.default\">\n\t\t\t\t<div class=\"elementor-widget-container\">\n\t\t\t\t\t<div class=\"ekit-wid-con\" >        <!-- link opening -->\n                <a href=\"#\" class=\"ekit_global_links\">\n                <!-- end link opening -->\n\n        <div class=\"elementskit-infobox text- text-left icon-lef-right-aligin elementor-animation- media  \">\n                            <div class=\"elementskit-box-header\">\n                <div class=\"elementskit-info-box-icon text-center\">\n                    <img decoding=\"async\" width=\"22\" height=\"22\" src=\"https:\/\/aftadvocacia.adv.br\/wordpressfoto\/wp-content\/uploads\/2023\/10\/icon-dot.png\" class=\"attachment- size-\" alt=\"\" \/>                <\/div>\n          <\/div>\n                <div class=\"box-body\">\n                            <h3 class=\"elementskit-info-box-title\">\n                    Gradua\u00e7\u00e3o em Administra\u00e7\u00e3o                <\/h3>\n                        \t\t  \t<p>Gradua\u00e7\u00e3o em Administra\u00e7\u00e3o com \u00eanfase em Finan\u00e7as e Controladoria - \nFaculdade Cenecista de Bento Gon\u00e7alves<\/p>\n                                <\/div>\n        \n        \n                <\/div>\n                <\/a>\n        <\/div>\t\t\t\t<\/div>\n\t\t\t\t<\/div>\n\t\t\t\t<\/div>\n\t\t\t\t<\/div>\n\t\t\t\t<\/div>\n\t\t\t\t\t<\/div>\n\t\t\t\t<\/div>\n\t\t<div class=\"elementor-element elementor-element-4146eb6 elementor-hidden-desktop elementor-hidden-tablet elementor-hidden-mobile e-flex e-con-boxed e-con e-parent\" data-id=\"4146eb6\" data-element_type=\"container\" id=\"junia\" data-settings=\"{&quot;background_background&quot;:&quot;classic&quot;}\">\n\t\t\t\t\t<div class=\"e-con-inner\">\n\t\t<div class=\"elementor-element elementor-element-fe4748c e-con-full e-flex e-con e-child\" data-id=\"fe4748c\" data-element_type=\"container\">\n\t\t<div class=\"elementor-element elementor-element-431d17f e-con-full e-flex e-con e-child\" data-id=\"431d17f\" data-element_type=\"container\" data-settings=\"{&quot;background_background&quot;:&quot;classic&quot;}\">\n\t\t<div class=\"elementor-element elementor-element-9fc60c4 e-con-full e-flex e-con e-child\" data-id=\"9fc60c4\" data-element_type=\"container\" data-settings=\"{&quot;background_background&quot;:&quot;classic&quot;}\">\n\t\t\t\t<div class=\"elementor-element elementor-element-1f496f8 elementor-widget elementor-widget-image\" data-id=\"1f496f8\" data-element_type=\"widget\" data-widget_type=\"image.default\">\n\t\t\t\t<div class=\"elementor-widget-container\">\n\t\t\t\t\t\t\t\t\t\t\t\t\t\t\t<img loading=\"lazy\" decoding=\"async\" width=\"800\" height=\"1200\" src=\"https:\/\/aftadvocacia.adv.br\/wordpressfoto\/wp-content\/uploads\/2024\/10\/abreu-freitas-e-terra-aft-advocacia-bento-goncalves-rio-grande-do-sul-advogadas-equipe-35.webp\" class=\"attachment-full size-full wp-image-3648\" alt=\"\" srcset=\"https:\/\/aftadvocacia.adv.br\/wordpressfoto\/wp-content\/uploads\/2024\/10\/abreu-freitas-e-terra-aft-advocacia-bento-goncalves-rio-grande-do-sul-advogadas-equipe-35.webp 800w, https:\/\/aftadvocacia.adv.br\/wordpressfoto\/wp-content\/uploads\/2024\/10\/abreu-freitas-e-terra-aft-advocacia-bento-goncalves-rio-grande-do-sul-advogadas-equipe-35-200x300.webp 200w, https:\/\/aftadvocacia.adv.br\/wordpressfoto\/wp-content\/uploads\/2024\/10\/abreu-freitas-e-terra-aft-advocacia-bento-goncalves-rio-grande-do-sul-advogadas-equipe-35-683x1024.webp 683w, https:\/\/aftadvocacia.adv.br\/wordpressfoto\/wp-content\/uploads\/2024\/10\/abreu-freitas-e-terra-aft-advocacia-bento-goncalves-rio-grande-do-sul-advogadas-equipe-35-768x1152.webp 768w\" sizes=\"(max-width: 800px) 100vw, 800px\" \/>\t\t\t\t\t\t\t\t\t\t\t\t\t\t\t<\/div>\n\t\t\t\t<\/div>\n\t\t\t\t<div class=\"elementor-element elementor-element-2b93795 elementor-widget elementor-widget-heading\" data-id=\"2b93795\" data-element_type=\"widget\" data-widget_type=\"heading.default\">\n\t\t\t\t<div class=\"elementor-widget-container\">\n\t\t\t\t\t<h3 class=\"elementor-heading-title elementor-size-default\">J\u00fania Saraiva <br> dos Santos<\/h3>\t\t\t\t<\/div>\n\t\t\t\t<\/div>\n\t\t\t\t<div class=\"elementor-element elementor-element-7702ce8 elementor-widget__width-initial elementor-widget elementor-widget-heading\" data-id=\"7702ce8\" data-element_type=\"widget\" data-widget_type=\"heading.default\">\n\t\t\t\t<div class=\"elementor-widget-container\">\n\t\t\t\t\t<h4 class=\"elementor-heading-title elementor-size-default\"><b>OAB\/RS 53E124<\/b> <br>Auxiliar Jur\u00eddico<\/h4>\t\t\t\t<\/div>\n\t\t\t\t<\/div>\n\t\t\t\t<\/div>\n\t\t\t\t<\/div>\n\t\t\t\t<\/div>\n\t\t<div class=\"elementor-element elementor-element-9494799 e-con-full e-flex e-con e-child\" data-id=\"9494799\" data-element_type=\"container\">\n\t\t\t\t<div class=\"elementor-element elementor-element-2b0c159 elementor-widget elementor-widget-heading\" data-id=\"2b0c159\" data-element_type=\"widget\" data-widget_type=\"heading.default\">\n\t\t\t\t<div class=\"elementor-widget-container\">\n\t\t\t\t\t<h4 class=\"elementor-heading-title elementor-size-default\">Sobre<\/h4>\t\t\t\t<\/div>\n\t\t\t\t<\/div>\n\t\t\t\t<div class=\"elementor-element elementor-element-47cab3f elementor-widget__width-initial elementor-widget-divider--view-line elementor-widget elementor-widget-divider\" data-id=\"47cab3f\" data-element_type=\"widget\" data-widget_type=\"divider.default\">\n\t\t\t\t<div class=\"elementor-widget-container\">\n\t\t\t\t\t\t\t<div class=\"elementor-divider\">\n\t\t\t<span class=\"elementor-divider-separator\">\n\t\t\t\t\t\t<\/span>\n\t\t<\/div>\n\t\t\t\t\t\t<\/div>\n\t\t\t\t<\/div>\n\t\t\t\t<div class=\"elementor-element elementor-element-90dd91f elementor-widget elementor-widget-text-editor\" data-id=\"90dd91f\" data-element_type=\"widget\" data-widget_type=\"text-editor.default\">\n\t\t\t\t<div class=\"elementor-widget-container\">\n\t\t\t\t\t\t\t\t\t<p>Auxiliar jur\u00eddico e graduanda de Direito pela Universidade de Caxias do Sul (UCS\/CARVI) traz uma perspectiva \u00fanica e valiosa para a AFT Advocacia e Consultoria Jur\u00eddica. Sua expertise em gest\u00e3o de pessoas, combinada com seu crescente conhecimento jur\u00eddico, permite que ela contribua de maneira significativa para a efici\u00eancia e o sucesso da nossa equipe.<\/p><p>Na AFT, J\u00fania assegura que a equipe esteja bem equipada e motivada para enfrentar os desafios jur\u00eddicos de nossos clientes. Sua abordagem na gest\u00e3o de recursos humanos \u00e9 enriquecida por sua compreens\u00e3o das leis e pr\u00e1ticas jur\u00eddicas, o que a torna excepcionalmente qualificada para lidar com quest\u00f5es que t\u00eam implica\u00e7\u00f5es legais.<\/p><p>A educa\u00e7\u00e3o cont\u00ednua de J\u00fania em Direito a capacita a oferecer insights jur\u00eddicos valiosos, contribuindo para uma abordagem mais hol\u00edstica e integrada no atendimento ao cliente. Sua habilidade de combinar gest\u00e3o de pessoas com perspectivas jur\u00eddicas n\u00e3o apenas fortalece nossa equipe internamente, mas tamb\u00e9m enriquece a qualidade dos servi\u00e7os que oferecemos aos nossos clientes.<\/p>\t\t\t\t\t\t\t\t<\/div>\n\t\t\t\t<\/div>\n\t\t\t\t<div class=\"elementor-element elementor-element-152c138 elementor-widget elementor-widget-heading\" data-id=\"152c138\" data-element_type=\"widget\" data-widget_type=\"heading.default\">\n\t\t\t\t<div class=\"elementor-widget-container\">\n\t\t\t\t\t<h4 class=\"elementor-heading-title elementor-size-default\">Curriculum<\/h4>\t\t\t\t<\/div>\n\t\t\t\t<\/div>\n\t\t\t\t<div class=\"elementor-element elementor-element-2408394 elementor-widget__width-initial elementor-widget-divider--view-line elementor-widget elementor-widget-divider\" data-id=\"2408394\" data-element_type=\"widget\" data-widget_type=\"divider.default\">\n\t\t\t\t<div class=\"elementor-widget-container\">\n\t\t\t\t\t\t\t<div class=\"elementor-divider\">\n\t\t\t<span class=\"elementor-divider-separator\">\n\t\t\t\t\t\t<\/span>\n\t\t<\/div>\n\t\t\t\t\t\t<\/div>\n\t\t\t\t<\/div>\n\t\t<div class=\"elementor-element elementor-element-e82fc1b e-con-full e-flex e-con e-child\" data-id=\"e82fc1b\" data-element_type=\"container\">\n\t\t<div class=\"elementor-element elementor-element-a94f5ac e-con-full e-flex e-con e-child\" data-id=\"a94f5ac\" data-element_type=\"container\">\n\t\t\t\t<div class=\"elementor-element elementor-element-bb9cdff elementor-widget elementor-widget-image-box\" data-id=\"bb9cdff\" data-element_type=\"widget\" data-widget_type=\"image-box.default\">\n\t\t\t\t<div class=\"elementor-widget-container\">\n\t\t\t\t\t<div class=\"elementor-image-box-wrapper\"><div class=\"elementor-image-box-content\"><h3 class=\"elementor-image-box-title\">UCS<\/h3><p class=\"elementor-image-box-description\">2019 - 2021<\/p><\/div><\/div>\t\t\t\t<\/div>\n\t\t\t\t<\/div>\n\t\t\t\t<\/div>\n\t\t<div class=\"elementor-element elementor-element-d261a98 e-con-full e-flex e-con e-child\" data-id=\"d261a98\" data-element_type=\"container\">\n\t\t\t\t<div class=\"elementor-element elementor-element-8d2159c ekit-equal-height-disable elementor-widget elementor-widget-elementskit-icon-box\" data-id=\"8d2159c\" data-element_type=\"widget\" data-widget_type=\"elementskit-icon-box.default\">\n\t\t\t\t<div class=\"elementor-widget-container\">\n\t\t\t\t\t<div class=\"ekit-wid-con\" >        <!-- link opening -->\n                <a href=\"#\" class=\"ekit_global_links\">\n                <!-- end link opening -->\n\n        <div class=\"elementskit-infobox text- text-left icon-lef-right-aligin elementor-animation- media  \">\n                            <div class=\"elementskit-box-header\">\n                <div class=\"elementskit-info-box-icon text-center\">\n                    <img decoding=\"async\" width=\"22\" height=\"22\" src=\"https:\/\/aftadvocacia.adv.br\/wordpressfoto\/wp-content\/uploads\/2023\/10\/icon-dot.png\" class=\"attachment- size-\" alt=\"\" \/>                <\/div>\n          <\/div>\n                <div class=\"box-body\">\n                            <h3 class=\"elementskit-info-box-title\">\n                    Gradua\u00e7\u00e3o em R.H.                <\/h3>\n                        \t\t  \t<p>Gradua\u00e7\u00e3o em Gest\u00e3o de Recursos Humanos -  Universidade de Caxias do Sul (UCS\/CARVI)<\/p>\n                                <\/div>\n        \n        \n                <\/div>\n                <\/a>\n        <\/div>\t\t\t\t<\/div>\n\t\t\t\t<\/div>\n\t\t\t\t<\/div>\n\t\t\t\t<\/div>\n\t\t<div class=\"elementor-element elementor-element-1e67b88 e-con-full e-flex e-con e-child\" data-id=\"1e67b88\" data-element_type=\"container\">\n\t\t<div class=\"elementor-element elementor-element-94c7980 e-con-full e-flex e-con e-child\" data-id=\"94c7980\" data-element_type=\"container\">\n\t\t\t\t<div class=\"elementor-element elementor-element-2b473f4 elementor-widget elementor-widget-image-box\" data-id=\"2b473f4\" data-element_type=\"widget\" data-widget_type=\"image-box.default\">\n\t\t\t\t<div class=\"elementor-widget-container\">\n\t\t\t\t\t<div class=\"elementor-image-box-wrapper\"><div class=\"elementor-image-box-content\"><h3 class=\"elementor-image-box-title\">UCS<\/h3><p class=\"elementor-image-box-description\">2022 -  presente momento<\/p><\/div><\/div>\t\t\t\t<\/div>\n\t\t\t\t<\/div>\n\t\t\t\t<\/div>\n\t\t<div class=\"elementor-element elementor-element-e97b94a e-con-full e-flex e-con e-child\" data-id=\"e97b94a\" data-element_type=\"container\">\n\t\t\t\t<div class=\"elementor-element elementor-element-e594bc4 ekit-equal-height-disable elementor-widget elementor-widget-elementskit-icon-box\" data-id=\"e594bc4\" data-element_type=\"widget\" data-widget_type=\"elementskit-icon-box.default\">\n\t\t\t\t<div class=\"elementor-widget-container\">\n\t\t\t\t\t<div class=\"ekit-wid-con\" >        <!-- link opening -->\n                <a href=\"#\" class=\"ekit_global_links\">\n                <!-- end link opening -->\n\n        <div class=\"elementskit-infobox text- text-left icon-lef-right-aligin elementor-animation- media  \">\n                            <div class=\"elementskit-box-header\">\n                <div class=\"elementskit-info-box-icon text-center\">\n                    <img decoding=\"async\" width=\"22\" height=\"22\" src=\"https:\/\/aftadvocacia.adv.br\/wordpressfoto\/wp-content\/uploads\/2023\/10\/icon-dot.png\" class=\"attachment- size-\" alt=\"\" \/>                <\/div>\n          <\/div>\n                <div class=\"box-body\">\n                            <h3 class=\"elementskit-info-box-title\">\n                    Gradua\u00e7\u00e3o em Direito                <\/h3>\n                        \t\t  \t<p>Universidade de Caxias do Sul (UCS\/CARVI)<\/p>\n                                <\/div>\n        \n        \n                <\/div>\n                <\/a>\n        <\/div>\t\t\t\t<\/div>\n\t\t\t\t<\/div>\n\t\t\t\t<\/div>\n\t\t\t\t<\/div>\n\t\t\t\t<\/div>\n\t\t\t\t\t<\/div>\n\t\t\t\t<\/div>\n\t\t<div class=\"elementor-element elementor-element-e3b71eb e-flex e-con-boxed e-con e-parent\" data-id=\"e3b71eb\" data-element_type=\"container\" id=\"marcely\" data-settings=\"{&quot;background_background&quot;:&quot;classic&quot;}\">\n\t\t\t\t\t<div class=\"e-con-inner\">\n\t\t<div class=\"elementor-element elementor-element-23b913a e-con-full e-flex e-con e-child\" data-id=\"23b913a\" data-element_type=\"container\">\n\t\t<div class=\"elementor-element elementor-element-4acec11 e-con-full e-flex e-con e-child\" data-id=\"4acec11\" data-element_type=\"container\" data-settings=\"{&quot;background_background&quot;:&quot;classic&quot;}\">\n\t\t<div class=\"elementor-element elementor-element-45f81e5 e-con-full e-flex e-con e-child\" data-id=\"45f81e5\" data-element_type=\"container\" data-settings=\"{&quot;background_background&quot;:&quot;classic&quot;}\">\n\t\t\t\t<div class=\"elementor-element elementor-element-7ec9fee elementor-widget elementor-widget-image\" data-id=\"7ec9fee\" data-element_type=\"widget\" data-widget_type=\"image.default\">\n\t\t\t\t<div class=\"elementor-widget-container\">\n\t\t\t\t\t\t\t\t\t\t\t\t\t\t\t<img loading=\"lazy\" decoding=\"async\" width=\"800\" height=\"1200\" src=\"https:\/\/aftadvocacia.adv.br\/wordpressfoto\/wp-content\/uploads\/2025\/08\/marcely-benedetti-aft-advocacia-bento-goncalves-1.webp\" class=\"attachment-full size-full wp-image-3755\" alt=\"\" srcset=\"https:\/\/aftadvocacia.adv.br\/wordpressfoto\/wp-content\/uploads\/2025\/08\/marcely-benedetti-aft-advocacia-bento-goncalves-1.webp 800w, https:\/\/aftadvocacia.adv.br\/wordpressfoto\/wp-content\/uploads\/2025\/08\/marcely-benedetti-aft-advocacia-bento-goncalves-1-200x300.webp 200w, https:\/\/aftadvocacia.adv.br\/wordpressfoto\/wp-content\/uploads\/2025\/08\/marcely-benedetti-aft-advocacia-bento-goncalves-1-683x1024.webp 683w, https:\/\/aftadvocacia.adv.br\/wordpressfoto\/wp-content\/uploads\/2025\/08\/marcely-benedetti-aft-advocacia-bento-goncalves-1-768x1152.webp 768w\" sizes=\"(max-width: 800px) 100vw, 800px\" \/>\t\t\t\t\t\t\t\t\t\t\t\t\t\t\t<\/div>\n\t\t\t\t<\/div>\n\t\t\t\t<div class=\"elementor-element elementor-element-cab2d3e elementor-widget elementor-widget-heading\" data-id=\"cab2d3e\" data-element_type=\"widget\" data-widget_type=\"heading.default\">\n\t\t\t\t<div class=\"elementor-widget-container\">\n\t\t\t\t\t<h3 class=\"elementor-heading-title elementor-size-default\">Marcely <br> Benedetti<\/h3>\t\t\t\t<\/div>\n\t\t\t\t<\/div>\n\t\t\t\t<div class=\"elementor-element elementor-element-8db4267 elementor-widget__width-initial elementor-widget elementor-widget-heading\" data-id=\"8db4267\" data-element_type=\"widget\" data-widget_type=\"heading.default\">\n\t\t\t\t<div class=\"elementor-widget-container\">\n\t\t\t\t\t<h4 class=\"elementor-heading-title elementor-size-default\">Estagi\u00e1ria de Direito<\/h4>\t\t\t\t<\/div>\n\t\t\t\t<\/div>\n\t\t\t\t<\/div>\n\t\t\t\t<\/div>\n\t\t\t\t<\/div>\n\t\t<div class=\"elementor-element elementor-element-fac0e17 e-con-full e-flex e-con e-child\" data-id=\"fac0e17\" data-element_type=\"container\">\n\t\t\t\t<div class=\"elementor-element elementor-element-a685a5a elementor-widget elementor-widget-heading\" data-id=\"a685a5a\" data-element_type=\"widget\" data-widget_type=\"heading.default\">\n\t\t\t\t<div class=\"elementor-widget-container\">\n\t\t\t\t\t<h4 class=\"elementor-heading-title elementor-size-default\">Sobre<\/h4>\t\t\t\t<\/div>\n\t\t\t\t<\/div>\n\t\t\t\t<div class=\"elementor-element elementor-element-328bc4d elementor-widget__width-initial elementor-widget-divider--view-line elementor-widget elementor-widget-divider\" data-id=\"328bc4d\" data-element_type=\"widget\" data-widget_type=\"divider.default\">\n\t\t\t\t<div class=\"elementor-widget-container\">\n\t\t\t\t\t\t\t<div class=\"elementor-divider\">\n\t\t\t<span class=\"elementor-divider-separator\">\n\t\t\t\t\t\t<\/span>\n\t\t<\/div>\n\t\t\t\t\t\t<\/div>\n\t\t\t\t<\/div>\n\t\t\t\t<div class=\"elementor-element elementor-element-4acbf9b elementor-widget elementor-widget-text-editor\" data-id=\"4acbf9b\" data-element_type=\"widget\" data-widget_type=\"text-editor.default\">\n\t\t\t\t<div class=\"elementor-widget-container\">\n\t\t\t\t\t\t\t\t\t<p data-start=\"232\" data-end=\"615\">Marcely iniciou sua gradua\u00e7\u00e3o em Direito pela Universidade de Caxias do Sul (UCS\/CARVI) em 2024 e, desde ent\u00e3o, vem construindo sua trajet\u00f3ria na \u00e1rea jur\u00eddica com entusiasmo e dedica\u00e7\u00e3o. Na AFT Advocacia e Consultoria Jur\u00eddica, atua como estagi\u00e1ria, oferecendo suporte em atividades jur\u00eddicas e administrativas que s\u00e3o fundamentais para o bom andamento das demandas do escrit\u00f3rio.<\/p><p data-start=\"968\" data-end=\"1302\">Marcely encara cada tarefa como uma oportunidade de aprendizado, desenvolvendo n\u00e3o apenas seu conhecimento t\u00e9cnico, mas tamb\u00e9m habilidades interpessoais essenciais para o exerc\u00edcio da advocacia. Sua presen\u00e7a fortalece o compromisso da AFT com um atendimento qualificado, cuidadoso e voltado para os melhores resultados aos clientes.<\/p>\t\t\t\t\t\t\t\t<\/div>\n\t\t\t\t<\/div>\n\t\t\t\t<div class=\"elementor-element elementor-element-7d0d560 elementor-widget elementor-widget-heading\" data-id=\"7d0d560\" data-element_type=\"widget\" data-widget_type=\"heading.default\">\n\t\t\t\t<div class=\"elementor-widget-container\">\n\t\t\t\t\t<h4 class=\"elementor-heading-title elementor-size-default\">Curriculum<\/h4>\t\t\t\t<\/div>\n\t\t\t\t<\/div>\n\t\t\t\t<div class=\"elementor-element elementor-element-b366fd5 elementor-widget__width-initial elementor-widget-divider--view-line elementor-widget elementor-widget-divider\" data-id=\"b366fd5\" data-element_type=\"widget\" data-widget_type=\"divider.default\">\n\t\t\t\t<div class=\"elementor-widget-container\">\n\t\t\t\t\t\t\t<div class=\"elementor-divider\">\n\t\t\t<span class=\"elementor-divider-separator\">\n\t\t\t\t\t\t<\/span>\n\t\t<\/div>\n\t\t\t\t\t\t<\/div>\n\t\t\t\t<\/div>\n\t\t<div class=\"elementor-element elementor-element-2bdfee0 e-con-full e-flex e-con e-child\" data-id=\"2bdfee0\" data-element_type=\"container\">\n\t\t<div class=\"elementor-element elementor-element-905acf2 e-con-full e-flex e-con e-child\" data-id=\"905acf2\" data-element_type=\"container\">\n\t\t\t\t<div class=\"elementor-element elementor-element-dadfa8c elementor-widget elementor-widget-image-box\" data-id=\"dadfa8c\" data-element_type=\"widget\" data-widget_type=\"image-box.default\">\n\t\t\t\t<div class=\"elementor-widget-container\">\n\t\t\t\t\t<div class=\"elementor-image-box-wrapper\"><div class=\"elementor-image-box-content\"><h3 class=\"elementor-image-box-title\">UCS<\/h3><p class=\"elementor-image-box-description\">2024 -  presente momento<\/p><\/div><\/div>\t\t\t\t<\/div>\n\t\t\t\t<\/div>\n\t\t\t\t<\/div>\n\t\t<div class=\"elementor-element elementor-element-04767e9 e-con-full e-flex e-con e-child\" data-id=\"04767e9\" data-element_type=\"container\">\n\t\t\t\t<div class=\"elementor-element elementor-element-e2139c7 ekit-equal-height-disable elementor-widget elementor-widget-elementskit-icon-box\" data-id=\"e2139c7\" data-element_type=\"widget\" data-widget_type=\"elementskit-icon-box.default\">\n\t\t\t\t<div class=\"elementor-widget-container\">\n\t\t\t\t\t<div class=\"ekit-wid-con\" >        <!-- link opening -->\n                <a href=\"#\" class=\"ekit_global_links\">\n                <!-- end link opening -->\n\n        <div class=\"elementskit-infobox text- text-left icon-lef-right-aligin elementor-animation- media  \">\n                            <div class=\"elementskit-box-header\">\n                <div class=\"elementskit-info-box-icon text-center\">\n                    <img decoding=\"async\" width=\"22\" height=\"22\" src=\"https:\/\/aftadvocacia.adv.br\/wordpressfoto\/wp-content\/uploads\/2023\/10\/icon-dot.png\" class=\"attachment- size-\" alt=\"\" \/>                <\/div>\n          <\/div>\n                <div class=\"box-body\">\n                            <h3 class=\"elementskit-info-box-title\">\n                    Gradua\u00e7\u00e3o em Direito                <\/h3>\n                        \t\t  \t<p>Universidade de Caxias do Sul (UCS\/CARVI)<\/p>\n                                <\/div>\n        \n        \n                <\/div>\n                <\/a>\n        <\/div>\t\t\t\t<\/div>\n\t\t\t\t<\/div>\n\t\t\t\t<\/div>\n\t\t\t\t<\/div>\n\t\t\t\t<\/div>\n\t\t\t\t\t<\/div>\n\t\t\t\t<\/div>\n\t\t<div class=\"elementor-element elementor-element-9286198 e-flex e-con-boxed e-con e-parent\" data-id=\"9286198\" data-element_type=\"container\" id=\"edi\" data-settings=\"{&quot;background_background&quot;:&quot;classic&quot;}\">\n\t\t\t\t\t<div class=\"e-con-inner\">\n\t\t<div class=\"elementor-element elementor-element-92ff6e5 e-con-full e-flex e-con e-child\" data-id=\"92ff6e5\" data-element_type=\"container\">\n\t\t<div class=\"elementor-element elementor-element-ae90972 e-con-full e-flex e-con e-child\" data-id=\"ae90972\" data-element_type=\"container\" data-settings=\"{&quot;background_background&quot;:&quot;classic&quot;}\">\n\t\t<div class=\"elementor-element elementor-element-3db7724 e-con-full e-flex e-con e-child\" data-id=\"3db7724\" data-element_type=\"container\" data-settings=\"{&quot;background_background&quot;:&quot;classic&quot;}\">\n\t\t\t\t<div class=\"elementor-element elementor-element-3c45bf5 elementor-widget elementor-widget-image\" data-id=\"3c45bf5\" data-element_type=\"widget\" data-widget_type=\"image.default\">\n\t\t\t\t<div class=\"elementor-widget-container\">\n\t\t\t\t\t\t\t\t\t\t\t\t\t\t\t<img loading=\"lazy\" decoding=\"async\" width=\"1066\" height=\"1600\" src=\"https:\/\/aftadvocacia.adv.br\/wordpressfoto\/wp-content\/uploads\/2026\/03\/aft-1.webp\" class=\"attachment-full size-full wp-image-3916\" alt=\"\" srcset=\"https:\/\/aftadvocacia.adv.br\/wordpressfoto\/wp-content\/uploads\/2026\/03\/aft-1.webp 1066w, https:\/\/aftadvocacia.adv.br\/wordpressfoto\/wp-content\/uploads\/2026\/03\/aft-1-200x300.webp 200w, https:\/\/aftadvocacia.adv.br\/wordpressfoto\/wp-content\/uploads\/2026\/03\/aft-1-682x1024.webp 682w, https:\/\/aftadvocacia.adv.br\/wordpressfoto\/wp-content\/uploads\/2026\/03\/aft-1-768x1153.webp 768w, https:\/\/aftadvocacia.adv.br\/wordpressfoto\/wp-content\/uploads\/2026\/03\/aft-1-1023x1536.webp 1023w\" sizes=\"(max-width: 1066px) 100vw, 1066px\" \/>\t\t\t\t\t\t\t\t\t\t\t\t\t\t\t<\/div>\n\t\t\t\t<\/div>\n\t\t\t\t<div class=\"elementor-element elementor-element-774949e elementor-widget elementor-widget-heading\" data-id=\"774949e\" data-element_type=\"widget\" data-widget_type=\"heading.default\">\n\t\t\t\t<div class=\"elementor-widget-container\">\n\t\t\t\t\t<h3 class=\"elementor-heading-title elementor-size-default\">Edivania Scopel Parisotto<\/h3>\t\t\t\t<\/div>\n\t\t\t\t<\/div>\n\t\t\t\t<div class=\"elementor-element elementor-element-3d04f80 elementor-widget__width-initial elementor-widget elementor-widget-heading\" data-id=\"3d04f80\" data-element_type=\"widget\" data-widget_type=\"heading.default\">\n\t\t\t\t<div class=\"elementor-widget-container\">\n\t\t\t\t\t<h4 class=\"elementor-heading-title elementor-size-default\">Estagi\u00e1ria de Direito<\/h4>\t\t\t\t<\/div>\n\t\t\t\t<\/div>\n\t\t\t\t<\/div>\n\t\t\t\t<\/div>\n\t\t\t\t<\/div>\n\t\t<div class=\"elementor-element elementor-element-22ac645 e-con-full e-flex e-con e-child\" data-id=\"22ac645\" data-element_type=\"container\">\n\t\t\t\t<div class=\"elementor-element elementor-element-7bed6ec elementor-widget elementor-widget-heading\" data-id=\"7bed6ec\" data-element_type=\"widget\" data-widget_type=\"heading.default\">\n\t\t\t\t<div class=\"elementor-widget-container\">\n\t\t\t\t\t<h4 class=\"elementor-heading-title elementor-size-default\">Sobre<\/h4>\t\t\t\t<\/div>\n\t\t\t\t<\/div>\n\t\t\t\t<div class=\"elementor-element elementor-element-283a839 elementor-widget__width-initial elementor-widget-divider--view-line elementor-widget elementor-widget-divider\" data-id=\"283a839\" data-element_type=\"widget\" data-widget_type=\"divider.default\">\n\t\t\t\t<div class=\"elementor-widget-container\">\n\t\t\t\t\t\t\t<div class=\"elementor-divider\">\n\t\t\t<span class=\"elementor-divider-separator\">\n\t\t\t\t\t\t<\/span>\n\t\t<\/div>\n\t\t\t\t\t\t<\/div>\n\t\t\t\t<\/div>\n\t\t\t\t<div class=\"elementor-element elementor-element-154b02c elementor-widget elementor-widget-text-editor\" data-id=\"154b02c\" data-element_type=\"widget\" data-widget_type=\"text-editor.default\">\n\t\t\t\t<div class=\"elementor-widget-container\">\n\t\t\t\t\t\t\t\t\t<p>Edivania iniciou sua gradua\u00e7\u00e3o em Direito em 2025, dando os primeiros passos na constru\u00e7\u00e3o de sua trajet\u00f3ria jur\u00eddica com dedica\u00e7\u00e3o, responsabilidade e grande interesse pelo aprendizado cont\u00ednuo.<br \/>Na Abreu Freitas &amp; Terra Advocacia e Consultoria Jur\u00eddica, atua como estagi\u00e1ria, prestando apoio em atividades jur\u00eddicas e administrativas essenciais para o andamento das demandas do escrit\u00f3rio. Sua atua\u00e7\u00e3o envolve organiza\u00e7\u00e3o de documentos, aux\u00edlio na elabora\u00e7\u00e3o de pe\u00e7as processuais e acompanhamento de rotinas internas.<br \/>Anteriormente, atuou como nutricionista, experi\u00eancia que contribuiu para o desenvolvimento de habilidades como organiza\u00e7\u00e3o, responsabilidade e atendimento ao p\u00fablico, compet\u00eancias que hoje agrega \u00e0 sua forma\u00e7\u00e3o jur\u00eddica.<br \/>Mesmo em in\u00edcio de carreira, Edivania se destaca pelo comprometimento, aten\u00e7\u00e3o aos detalhes e disposi\u00e7\u00e3o para aprender, buscando desenvolver tanto seu conhecimento t\u00e9cnico quanto suas habilidades pr\u00e1ticas no ambiente jur\u00eddico. Sua postura proativa e colaborativa contribui para a qualidade dos servi\u00e7os prestados aos clientes.<\/p>\t\t\t\t\t\t\t\t<\/div>\n\t\t\t\t<\/div>\n\t\t\t\t<div class=\"elementor-element elementor-element-75db8b1 elementor-widget elementor-widget-heading\" data-id=\"75db8b1\" data-element_type=\"widget\" data-widget_type=\"heading.default\">\n\t\t\t\t<div class=\"elementor-widget-container\">\n\t\t\t\t\t<h4 class=\"elementor-heading-title elementor-size-default\">Curriculum<\/h4>\t\t\t\t<\/div>\n\t\t\t\t<\/div>\n\t\t\t\t<div class=\"elementor-element elementor-element-0b4fe4d elementor-widget__width-initial elementor-widget-divider--view-line elementor-widget elementor-widget-divider\" data-id=\"0b4fe4d\" data-element_type=\"widget\" data-widget_type=\"divider.default\">\n\t\t\t\t<div class=\"elementor-widget-container\">\n\t\t\t\t\t\t\t<div class=\"elementor-divider\">\n\t\t\t<span class=\"elementor-divider-separator\">\n\t\t\t\t\t\t<\/span>\n\t\t<\/div>\n\t\t\t\t\t\t<\/div>\n\t\t\t\t<\/div>\n\t\t<div class=\"elementor-element elementor-element-192fa70 e-con-full e-flex e-con e-child\" data-id=\"192fa70\" data-element_type=\"container\">\n\t\t<div class=\"elementor-element elementor-element-a73ddc0 e-con-full e-flex e-con e-child\" data-id=\"a73ddc0\" data-element_type=\"container\">\n\t\t\t\t<div class=\"elementor-element elementor-element-a9a6464 elementor-widget elementor-widget-image-box\" data-id=\"a9a6464\" data-element_type=\"widget\" data-widget_type=\"image-box.default\">\n\t\t\t\t<div class=\"elementor-widget-container\">\n\t\t\t\t\t<div class=\"elementor-image-box-wrapper\"><div class=\"elementor-image-box-content\"><h3 class=\"elementor-image-box-title\">UCS<\/h3><p class=\"elementor-image-box-description\">2025 - presente momento<\/p><\/div><\/div>\t\t\t\t<\/div>\n\t\t\t\t<\/div>\n\t\t\t\t<\/div>\n\t\t<div class=\"elementor-element elementor-element-51d89f9 e-con-full e-flex e-con e-child\" data-id=\"51d89f9\" data-element_type=\"container\">\n\t\t\t\t<div class=\"elementor-element elementor-element-6ace398 ekit-equal-height-disable elementor-widget elementor-widget-elementskit-icon-box\" data-id=\"6ace398\" data-element_type=\"widget\" data-widget_type=\"elementskit-icon-box.default\">\n\t\t\t\t<div class=\"elementor-widget-container\">\n\t\t\t\t\t<div class=\"ekit-wid-con\" >        <!-- link opening -->\n                <a href=\"#\" class=\"ekit_global_links\">\n                <!-- end link opening -->\n\n        <div class=\"elementskit-infobox text- text-left icon-lef-right-aligin elementor-animation- media  \">\n                            <div class=\"elementskit-box-header\">\n                <div class=\"elementskit-info-box-icon text-center\">\n                    <img decoding=\"async\" width=\"22\" height=\"22\" src=\"https:\/\/aftadvocacia.adv.br\/wordpressfoto\/wp-content\/uploads\/2023\/10\/icon-dot.png\" class=\"attachment- size-\" alt=\"\" \/>                <\/div>\n          <\/div>\n                <div class=\"box-body\">\n                            <h3 class=\"elementskit-info-box-title\">\n                    Gradua\u00e7\u00e3o em Direito                <\/h3>\n                        \t\t  \t<p>Universidade de Caxias do Sul (UCS\/CARVI)<\/p>\n                                <\/div>\n        \n        \n                <\/div>\n                <\/a>\n        <\/div>\t\t\t\t<\/div>\n\t\t\t\t<\/div>\n\t\t\t\t<\/div>\n\t\t\t\t<\/div>\n\t\t\t\t<\/div>\n\t\t\t\t\t<\/div>\n\t\t\t\t<\/div>\n\t\t\t\t<\/div>\n\t\t","protected":false},"excerpt":{"rendered":"<p>Equipe Conhe\u00e7a Nossos Especialistas Perfis de profissionais dedicados \u00e0 advocacia Dr. Fl\u00e1vio Abreu de Souza OAB\/RS 65.162 Sobre Advogado com forma\u00e7\u00e3o diversificada, que combina expertise jur\u00eddica com um profundo conhecimento em ci\u00eancias agr\u00e1rias e educa\u00e7\u00e3o. Graduado em Direito pela Universidade de Caxias do Sul (UCS\/CARVI), ele tamb\u00e9m possui uma forma\u00e7\u00e3o significativa em Ci\u00eancias Agr\u00e1rias, obtida [&hellip;]<\/p>\n","protected":false},"author":1,"featured_media":0,"parent":0,"menu_order":0,"comment_status":"closed","ping_status":"closed","template":"elementor_header_footer","meta":{"footnotes":""},"class_list":["post-1123","page","type-page","status-publish","hentry"],"yoast_head":"<!-- This site is optimized with the Yoast SEO plugin v25.6 - https:\/\/yoast.com\/wordpress\/plugins\/seo\/ -->\n<title>AFT Advocacia: Excel\u00eancia em Advocacia e Consultoria Jur\u00eddica<\/title>\n<meta name=\"robots\" content=\"index, follow, max-snippet:-1, max-image-preview:large, max-video-preview:-1\" \/>\n<link rel=\"canonical\" href=\"https:\/\/aftadvocacia.adv.br\/wordpressfoto\/equipe\/\" \/>\n<meta property=\"og:locale\" content=\"pt_BR\" \/>\n<meta property=\"og:type\" content=\"article\" \/>\n<meta property=\"og:title\" content=\"AFT Advocacia: Excel\u00eancia em Advocacia e Consultoria Jur\u00eddica\" \/>\n<meta property=\"og:description\" content=\"Equipe Conhe\u00e7a Nossos Especialistas Perfis de profissionais dedicados \u00e0 advocacia Dr. Fl\u00e1vio Abreu de Souza OAB\/RS 65.162 Sobre Advogado com forma\u00e7\u00e3o diversificada, que combina expertise jur\u00eddica com um profundo conhecimento em ci\u00eancias agr\u00e1rias e educa\u00e7\u00e3o. Graduado em Direito pela Universidade de Caxias do Sul (UCS\/CARVI), ele tamb\u00e9m possui uma forma\u00e7\u00e3o significativa em Ci\u00eancias Agr\u00e1rias, obtida [&hellip;]\" \/>\n<meta property=\"og:url\" content=\"https:\/\/aftadvocacia.adv.br\/wordpressfoto\/equipe\/\" \/>\n<meta property=\"og:site_name\" content=\"AFT Advocacia: Excel\u00eancia em Advocacia e Consultoria Jur\u00eddica\" \/>\n<meta property=\"article:modified_time\" content=\"2026-03-24T23:58:39+00:00\" \/>\n<meta property=\"og:image\" content=\"https:\/\/aftadvocacia.adv.br\/wordpressfoto\/wp-content\/uploads\/2023\/10\/icon-dot.png\" \/>\n<meta name=\"twitter:card\" content=\"summary_large_image\" \/>\n<meta name=\"twitter:label1\" content=\"Est. tempo de leitura\" \/>\n\t<meta name=\"twitter:data1\" content=\"23 minutos\" \/>\n<script type=\"application\/ld+json\" class=\"yoast-schema-graph\">{\"@context\":\"https:\/\/schema.org\",\"@graph\":[{\"@type\":\"WebPage\",\"@id\":\"https:\/\/aftadvocacia.adv.br\/wordpressfoto\/equipe\/\",\"url\":\"https:\/\/aftadvocacia.adv.br\/wordpressfoto\/equipe\/\",\"name\":\"AFT Advocacia: Excel\u00eancia em Advocacia e Consultoria Jur\u00eddica\",\"isPartOf\":{\"@id\":\"https:\/\/aftadvocacia.adv.br\/wordpressfoto\/#website\"},\"primaryImageOfPage\":{\"@id\":\"https:\/\/aftadvocacia.adv.br\/wordpressfoto\/equipe\/#primaryimage\"},\"image\":{\"@id\":\"https:\/\/aftadvocacia.adv.br\/wordpressfoto\/equipe\/#primaryimage\"},\"thumbnailUrl\":\"https:\/\/aftadvocacia.adv.br\/wordpressfoto\/wp-content\/uploads\/2023\/10\/icon-dot.png\",\"datePublished\":\"2023-11-08T10:39:17+00:00\",\"dateModified\":\"2026-03-24T23:58:39+00:00\",\"breadcrumb\":{\"@id\":\"https:\/\/aftadvocacia.adv.br\/wordpressfoto\/equipe\/#breadcrumb\"},\"inLanguage\":\"pt-BR\",\"potentialAction\":[{\"@type\":\"ReadAction\",\"target\":[\"https:\/\/aftadvocacia.adv.br\/wordpressfoto\/equipe\/\"]}]},{\"@type\":\"ImageObject\",\"inLanguage\":\"pt-BR\",\"@id\":\"https:\/\/aftadvocacia.adv.br\/wordpressfoto\/equipe\/#primaryimage\",\"url\":\"https:\/\/aftadvocacia.adv.br\/wordpressfoto\/wp-content\/uploads\/2023\/10\/icon-dot.png\",\"contentUrl\":\"https:\/\/aftadvocacia.adv.br\/wordpressfoto\/wp-content\/uploads\/2023\/10\/icon-dot.png\",\"width\":22,\"height\":22},{\"@type\":\"BreadcrumbList\",\"@id\":\"https:\/\/aftadvocacia.adv.br\/wordpressfoto\/equipe\/#breadcrumb\",\"itemListElement\":[{\"@type\":\"ListItem\",\"position\":1,\"name\":\"In\u00edcio\",\"item\":\"https:\/\/aftadvocacia.adv.br\/wordpressfoto\/\"},{\"@type\":\"ListItem\",\"position\":2,\"name\":\"Equipe\"}]},{\"@type\":\"WebSite\",\"@id\":\"https:\/\/aftadvocacia.adv.br\/wordpressfoto\/#website\",\"url\":\"https:\/\/aftadvocacia.adv.br\/wordpressfoto\/\",\"name\":\"AFT Advogados: Excel\u00eancia em Advocacia e Consultoria Jur\u00eddica\",\"description\":\"Com mais de 20 anos de experi\u00eancia, a AFTA Advocacia se destaca pela dedica\u00e7\u00e3o, responsabilidade e compromisso em oferecer solu\u00e7\u00f5es jur\u00eddicas personalizadas. Especializados em Direito Tribut\u00e1rio, Empresarial e diversas outras \u00e1reas, nossa miss\u00e3o \u00e9 satisfazer e superar as expectativas de nossos clientes, atuando com \u00e9tica e compet\u00eancia t\u00e9cnico-jur\u00eddica.\",\"publisher\":{\"@id\":\"https:\/\/aftadvocacia.adv.br\/wordpressfoto\/#organization\"},\"potentialAction\":[{\"@type\":\"SearchAction\",\"target\":{\"@type\":\"EntryPoint\",\"urlTemplate\":\"https:\/\/aftadvocacia.adv.br\/wordpressfoto\/?s={search_term_string}\"},\"query-input\":{\"@type\":\"PropertyValueSpecification\",\"valueRequired\":true,\"valueName\":\"search_term_string\"}}],\"inLanguage\":\"pt-BR\"},{\"@type\":\"Organization\",\"@id\":\"https:\/\/aftadvocacia.adv.br\/wordpressfoto\/#organization\",\"name\":\"AFT Advogados: Excel\u00eancia em Advocacia e Consultoria Jur\u00eddica\",\"url\":\"https:\/\/aftadvocacia.adv.br\/wordpressfoto\/\",\"logo\":{\"@type\":\"ImageObject\",\"inLanguage\":\"pt-BR\",\"@id\":\"https:\/\/aftadvocacia.adv.br\/wordpressfoto\/#\/schema\/logo\/image\/\",\"url\":\"https:\/\/aftadvocacia.adv.br\/wordpressfoto\/wp-content\/uploads\/2024\/01\/Logotipo-com-OAB-aft-advogados-bento-direito.png\",\"contentUrl\":\"https:\/\/aftadvocacia.adv.br\/wordpressfoto\/wp-content\/uploads\/2024\/01\/Logotipo-com-OAB-aft-advogados-bento-direito.png\",\"width\":350,\"height\":184,\"caption\":\"AFT Advogados: Excel\u00eancia em Advocacia e Consultoria Jur\u00eddica\"},\"image\":{\"@id\":\"https:\/\/aftadvocacia.adv.br\/wordpressfoto\/#\/schema\/logo\/image\/\"}}]}<\/script>\n<!-- \/ Yoast SEO plugin. -->","yoast_head_json":{"title":"AFT Advocacia: Excel\u00eancia em Advocacia e Consultoria Jur\u00eddica","robots":{"index":"index","follow":"follow","max-snippet":"max-snippet:-1","max-image-preview":"max-image-preview:large","max-video-preview":"max-video-preview:-1"},"canonical":"https:\/\/aftadvocacia.adv.br\/wordpressfoto\/equipe\/","og_locale":"pt_BR","og_type":"article","og_title":"AFT Advocacia: Excel\u00eancia em Advocacia e Consultoria Jur\u00eddica","og_description":"Equipe Conhe\u00e7a Nossos Especialistas Perfis de profissionais dedicados \u00e0 advocacia Dr. Fl\u00e1vio Abreu de Souza OAB\/RS 65.162 Sobre Advogado com forma\u00e7\u00e3o diversificada, que combina expertise jur\u00eddica com um profundo conhecimento em ci\u00eancias agr\u00e1rias e educa\u00e7\u00e3o. Graduado em Direito pela Universidade de Caxias do Sul (UCS\/CARVI), ele tamb\u00e9m possui uma forma\u00e7\u00e3o significativa em Ci\u00eancias Agr\u00e1rias, obtida [&hellip;]","og_url":"https:\/\/aftadvocacia.adv.br\/wordpressfoto\/equipe\/","og_site_name":"AFT Advocacia: Excel\u00eancia em Advocacia e Consultoria Jur\u00eddica","article_modified_time":"2026-03-24T23:58:39+00:00","og_image":[{"url":"https:\/\/aftadvocacia.adv.br\/wordpressfoto\/wp-content\/uploads\/2023\/10\/icon-dot.png","type":"","width":"","height":""}],"twitter_card":"summary_large_image","twitter_misc":{"Est. tempo de leitura":"23 minutos"},"schema":{"@context":"https:\/\/schema.org","@graph":[{"@type":"WebPage","@id":"https:\/\/aftadvocacia.adv.br\/wordpressfoto\/equipe\/","url":"https:\/\/aftadvocacia.adv.br\/wordpressfoto\/equipe\/","name":"AFT Advocacia: Excel\u00eancia em Advocacia e Consultoria Jur\u00eddica","isPartOf":{"@id":"https:\/\/aftadvocacia.adv.br\/wordpressfoto\/#website"},"primaryImageOfPage":{"@id":"https:\/\/aftadvocacia.adv.br\/wordpressfoto\/equipe\/#primaryimage"},"image":{"@id":"https:\/\/aftadvocacia.adv.br\/wordpressfoto\/equipe\/#primaryimage"},"thumbnailUrl":"https:\/\/aftadvocacia.adv.br\/wordpressfoto\/wp-content\/uploads\/2023\/10\/icon-dot.png","datePublished":"2023-11-08T10:39:17+00:00","dateModified":"2026-03-24T23:58:39+00:00","breadcrumb":{"@id":"https:\/\/aftadvocacia.adv.br\/wordpressfoto\/equipe\/#breadcrumb"},"inLanguage":"pt-BR","potentialAction":[{"@type":"ReadAction","target":["https:\/\/aftadvocacia.adv.br\/wordpressfoto\/equipe\/"]}]},{"@type":"ImageObject","inLanguage":"pt-BR","@id":"https:\/\/aftadvocacia.adv.br\/wordpressfoto\/equipe\/#primaryimage","url":"https:\/\/aftadvocacia.adv.br\/wordpressfoto\/wp-content\/uploads\/2023\/10\/icon-dot.png","contentUrl":"https:\/\/aftadvocacia.adv.br\/wordpressfoto\/wp-content\/uploads\/2023\/10\/icon-dot.png","width":22,"height":22},{"@type":"BreadcrumbList","@id":"https:\/\/aftadvocacia.adv.br\/wordpressfoto\/equipe\/#breadcrumb","itemListElement":[{"@type":"ListItem","position":1,"name":"In\u00edcio","item":"https:\/\/aftadvocacia.adv.br\/wordpressfoto\/"},{"@type":"ListItem","position":2,"name":"Equipe"}]},{"@type":"WebSite","@id":"https:\/\/aftadvocacia.adv.br\/wordpressfoto\/#website","url":"https:\/\/aftadvocacia.adv.br\/wordpressfoto\/","name":"AFT Advogados: Excel\u00eancia em Advocacia e Consultoria Jur\u00eddica","description":"Com mais de 20 anos de experi\u00eancia, a AFTA Advocacia se destaca pela dedica\u00e7\u00e3o, responsabilidade e compromisso em oferecer solu\u00e7\u00f5es jur\u00eddicas personalizadas. Especializados em Direito Tribut\u00e1rio, Empresarial e diversas outras \u00e1reas, nossa miss\u00e3o \u00e9 satisfazer e superar as expectativas de nossos clientes, atuando com \u00e9tica e compet\u00eancia t\u00e9cnico-jur\u00eddica.","publisher":{"@id":"https:\/\/aftadvocacia.adv.br\/wordpressfoto\/#organization"},"potentialAction":[{"@type":"SearchAction","target":{"@type":"EntryPoint","urlTemplate":"https:\/\/aftadvocacia.adv.br\/wordpressfoto\/?s={search_term_string}"},"query-input":{"@type":"PropertyValueSpecification","valueRequired":true,"valueName":"search_term_string"}}],"inLanguage":"pt-BR"},{"@type":"Organization","@id":"https:\/\/aftadvocacia.adv.br\/wordpressfoto\/#organization","name":"AFT Advogados: Excel\u00eancia em Advocacia e Consultoria Jur\u00eddica","url":"https:\/\/aftadvocacia.adv.br\/wordpressfoto\/","logo":{"@type":"ImageObject","inLanguage":"pt-BR","@id":"https:\/\/aftadvocacia.adv.br\/wordpressfoto\/#\/schema\/logo\/image\/","url":"https:\/\/aftadvocacia.adv.br\/wordpressfoto\/wp-content\/uploads\/2024\/01\/Logotipo-com-OAB-aft-advogados-bento-direito.png","contentUrl":"https:\/\/aftadvocacia.adv.br\/wordpressfoto\/wp-content\/uploads\/2024\/01\/Logotipo-com-OAB-aft-advogados-bento-direito.png","width":350,"height":184,"caption":"AFT Advogados: Excel\u00eancia em Advocacia e Consultoria Jur\u00eddica"},"image":{"@id":"https:\/\/aftadvocacia.adv.br\/wordpressfoto\/#\/schema\/logo\/image\/"}}]}},"_links":{"self":[{"href":"https:\/\/aftadvocacia.adv.br\/wordpressfoto\/wp-json\/wp\/v2\/pages\/1123","targetHints":{"allow":["GET"]}}],"collection":[{"href":"https:\/\/aftadvocacia.adv.br\/wordpressfoto\/wp-json\/wp\/v2\/pages"}],"about":[{"href":"https:\/\/aftadvocacia.adv.br\/wordpressfoto\/wp-json\/wp\/v2\/types\/page"}],"author":[{"embeddable":true,"href":"https:\/\/aftadvocacia.adv.br\/wordpressfoto\/wp-json\/wp\/v2\/users\/1"}],"replies":[{"embeddable":true,"href":"https:\/\/aftadvocacia.adv.br\/wordpressfoto\/wp-json\/wp\/v2\/comments?post=1123"}],"version-history":[{"count":84,"href":"https:\/\/aftadvocacia.adv.br\/wordpressfoto\/wp-json\/wp\/v2\/pages\/1123\/revisions"}],"predecessor-version":[{"id":3931,"href":"https:\/\/aftadvocacia.adv.br\/wordpressfoto\/wp-json\/wp\/v2\/pages\/1123\/revisions\/3931"}],"wp:attachment":[{"href":"https:\/\/aftadvocacia.adv.br\/wordpressfoto\/wp-json\/wp\/v2\/media?parent=1123"}],"curies":[{"name":"wp","href":"https:\/\/api.w.org\/{rel}","templated":true}]}}